{"id":1979,"date":"2018-02-10T14:57:09","date_gmt":"2018-02-10T13:57:09","guid":{"rendered":"http:\/\/tempelherrenorden.de\/cms\/?page_id=1979"},"modified":"2024-11-13T19:25:12","modified_gmt":"2024-11-13T18:25:12","slug":"komturei-johanna-von-orleans","status":"publish","type":"page","link":"https:\/\/tempelherrenorden.de\/cms\/organisation-des-deutschen-tempelherrenordens\/komtureien-und-ordenshaeuser\/komturei-johanna-von-orleans\/","title":{"rendered":"Komturei Johanna von Orl\u00e9ans"},"content":{"rendered":"\n<div class=\"wp-block-columns is-layout-flex wp-container-core-columns-is-layout-8f761849 wp-block-columns-is-layout-flex\">\n<div class=\"wp-block-column is-layout-flow wp-block-column-is-layout-flow\">\n<h2 class=\"wp-block-heading\" id=\"komturei-johanna-von-orleans\">Komturei Johanna von Orl\u00e9ans<\/h2>\n\n\n\n<ul class=\"wp-block-list\">\n<li>Komtur: Obr. Klaus<\/li>\n\n\n\n<li>gegr\u00fcndet: 1980<\/li>\n\n\n\n<li>Ort: Rimsting<\/li>\n\n\n\n<li>Kontakt: <br \/><a class=\"cryptedmail\" data-name=\"Komturei-Johanna.von.Orleans\" data-domain=\"tempelherrenorden\" data-tld=\"de\" onclick=\"window.location.href = 'mailto:' + this.dataset.name + '@' + this.dataset.domain + '.' + this.dataset.tld; return false;\" href=\"#\"><\/a><br \/><\/li>\n<\/ul>\n<\/div>\n\n\n\n<div class=\"wp-block-column is-layout-flow wp-block-column-is-layout-flow\">\n<div class=\"wp-block-columns is-layout-flex wp-container-core-columns-is-layout-8f761849 wp-block-columns-is-layout-flex\">\n<div class=\"wp-block-column is-layout-flow wp-block-column-is-layout-flow\"><\/div>\n\n\n\n<div class=\"wp-block-column is-layout-flow wp-block-column-is-layout-flow\">\n<figure class=\"wp-block-image size-large\"><a  href=\"https:\/\/i0.wp.com\/tempelherrenorden.de\/cms\/wp-content\/uploads\/2018\/02\/Wappen-S%C3%BCddeutschland.jpg?ssl=1\" data-rel=\"lightbox-gallery-0\" data-rl_title=\"\" data-rl_caption=\"\" title=\"\"><img data-recalc-dims=\"1\" loading=\"lazy\" decoding=\"async\" width=\"854\" height=\"1024\" data-attachment-id=\"2238\" data-permalink=\"https:\/\/tempelherrenorden.de\/cms\/organisation-des-deutschen-tempelherrenordens\/komtureien-und-ordenshaeuser\/wappen-sueddeutschland\/\" data-orig-file=\"https:\/\/i0.wp.com\/tempelherrenorden.de\/cms\/wp-content\/uploads\/2018\/02\/Wappen-S%C3%BCddeutschland.jpg?fit=993%2C1191&amp;ssl=1\" data-orig-size=\"993,1191\" data-comments-opened=\"0\" data-image-meta=\"{&quot;aperture&quot;:&quot;0&quot;,&quot;credit&quot;:&quot;Eder&quot;,&quot;camera&quot;:&quot;&quot;,&quot;caption&quot;:&quot;&quot;,&quot;created_timestamp&quot;:&quot;1518513014&quot;,&quot;copyright&quot;:&quot;&quot;,&quot;focal_length&quot;:&quot;0&quot;,&quot;iso&quot;:&quot;0&quot;,&quot;shutter_speed&quot;:&quot;0&quot;,&quot;title&quot;:&quot;&quot;,&quot;orientation&quot;:&quot;0&quot;}\" data-image-title=\"Wappen &amp;#8211; S\u00fcddeutschland\" data-image-description=\"\" data-image-caption=\"\" data-large-file=\"https:\/\/i0.wp.com\/tempelherrenorden.de\/cms\/wp-content\/uploads\/2018\/02\/Wappen-S%C3%BCddeutschland.jpg?fit=854%2C1024&amp;ssl=1\" src=\"https:\/\/i0.wp.com\/tempelherrenorden.de\/cms\/wp-content\/uploads\/2018\/02\/Wappen-S%C3%BCddeutschland.jpg?resize=854%2C1024&#038;ssl=1\" alt=\"\" class=\"wp-image-2238\" srcset=\"https:\/\/i0.wp.com\/tempelherrenorden.de\/cms\/wp-content\/uploads\/2018\/02\/Wappen-S%C3%BCddeutschland.jpg?resize=854%2C1024&amp;ssl=1 854w, https:\/\/i0.wp.com\/tempelherrenorden.de\/cms\/wp-content\/uploads\/2018\/02\/Wappen-S%C3%BCddeutschland.jpg?resize=250%2C300&amp;ssl=1 250w, https:\/\/i0.wp.com\/tempelherrenorden.de\/cms\/wp-content\/uploads\/2018\/02\/Wappen-S%C3%BCddeutschland.jpg?resize=768%2C921&amp;ssl=1 768w, https:\/\/i0.wp.com\/tempelherrenorden.de\/cms\/wp-content\/uploads\/2018\/02\/Wappen-S%C3%BCddeutschland.jpg?resize=125%2C150&amp;ssl=1 125w, https:\/\/i0.wp.com\/tempelherrenorden.de\/cms\/wp-content\/uploads\/2018\/02\/Wappen-S%C3%BCddeutschland.jpg?w=993&amp;ssl=1 993w\" sizes=\"auto, (max-width: 854px) 100vw, 854px\" \/><\/a><figcaption class=\"wp-element-caption\">Komtureiwappen<\/figcaption><\/figure>\n<\/div>\n<\/div>\n<\/div>\n<\/div>\n\n\n\n<div style=\"height:20px\" aria-hidden=\"true\" class=\"wp-block-spacer\"><\/div>\n\n\n\n<h3 class=\"wp-block-heading\" id=\"geschichte-der-komturei\">Geschichte der Komturei<\/h3>\n\n\n\n<p class=\"wp-block-paragraph\">Die Komturei ging 1980 als OIMT (Ordo Internationalis Militiae Templi \u2013 Internationaler Tempelherren-Orden), autonome Ballei Bayern, aus der Komturei Franken des OMCT-Deutsches Priorat hervor. Bailli war bis 1994 Cay Baron von Brockdorf, dann folgte Hans-Carl von Seidlitz-Ludwigsdorf. Der OIMT war 1996 Gr\u00fcndungsmitglied des europ\u00e4ischen Dachverbands OMT (Ordo Militiae Templi) und trat dem OMCT im Dezember 1999 als Komturei bei. Im M\u00e4rz 2000 wurden der Beitritt des OIMT auf dem Generalkapitel in wolfenb\u00fcttel best\u00e4tigt. Hans-Carl von Seidlitz-Ludwigsdorf wurde damit erster Komtur der neuen s\u00fcddeutschen Komturei. Angeh\u00f6rige dieser Komturei betreuen seit 1975 die fr\u00fchgotische St. Mauritius-Kirche im Ortsteil K\u00e4stel der Gemeinde Gerhardshofen; sie nutzen au\u00dferdem den Friedhof f\u00fcr die Bestattung von Ordensangeh\u00f6rigen. Von Juni 2009 bis Oktober 2017 war Prior Dr. Manfred Schneider der Komtur. Im Oktober 2017 wurde Ordensbruder Klaus Kunerl zu seinem Nachfolger gew\u00e4hlt und auf dem Generalkapitel im Mai 2018 in Hannover im Amt best\u00e4tigt.<\/p>\n\n\n\n<h3 class=\"wp-block-heading\" id=\"johanna-von-orleans-patronin-der-komturei\">Johanna von Orl\u00e9ans &#8211; Patronin der Komturei<\/h3>\n\n\n\n<p class=\"wp-block-paragraph\">Jeanne d\u2019Arc [<a href=\"https:\/\/de.wikipedia.org\/wiki\/Liste_der_IPA-Zeichen\">\u0292an\u02c8da\u0281k<\/a>] (* vermutlich <a href=\"https:\/\/de.wikipedia.org\/wiki\/1412\">1412<\/a> in <a href=\"https:\/\/de.wikipedia.org\/wiki\/Domr%C3%A9my-la-Pucelle\">Domr\u00e9my<\/a>, <a href=\"https:\/\/de.wikipedia.org\/wiki\/Lothringen\">Lothringen<\/a>; \u2020 <a href=\"https:\/\/de.wikipedia.org\/wiki\/30._Mai\">30. Mai<\/a> <a href=\"https:\/\/de.wikipedia.org\/wiki\/1431\">1431<\/a> in <a href=\"https:\/\/de.wikipedia.org\/wiki\/Rouen\">Rouen<\/a>), auch Jehanne d\u2019Arc<sup><a href=\"https:\/\/de.wikipedia.org\/wiki\/Jeanne_d%E2%80%99Arc#cite_note-1\">[1]<\/a><\/sup>, im deutschen Sprachraum auch Johanna von Orl\u00e9ans oder <em>die Jungfrau von Orl\u00e9ans<\/em> genannt, ist eine <a href=\"https:\/\/de.wikipedia.org\/wiki\/Frankreich\">franz\u00f6sische<\/a> <a href=\"https:\/\/de.wikipedia.org\/wiki\/Nationalheld\">Nationalheldin<\/a>. Sie wird in der <a href=\"https:\/\/de.wikipedia.org\/wiki\/R%C3%B6misch-katholische_Kirche\">r\u00f6misch-katholischen Kirche<\/a> als <a href=\"https:\/\/de.wikipedia.org\/wiki\/Jungfrau_(Kirchentitel)\">Jungfrau<\/a> und <a href=\"https:\/\/de.wikipedia.org\/wiki\/Heilige\">Heilige<\/a> verehrt. <\/p>\n\n\n\n<p class=\"wp-block-paragraph\">W\u00e4hrend des <a href=\"https:\/\/de.wikipedia.org\/wiki\/Hundertj%C3%A4hriger_Krieg\">Hundertj\u00e4hrigen Krieges<\/a> verhalf sie bei Orl\u00e9ans den Truppen des <a href=\"https:\/\/de.wikipedia.org\/wiki\/Dauphin_(Adel)\">Dauphins<\/a> (Thronerben) zu einem Sieg \u00fcber Engl\u00e4nder und <a href=\"https:\/\/de.wikipedia.org\/wiki\/Haus_Burgund\">Burgunder<\/a> und geleitete anschlie\u00dfend <a href=\"https:\/\/de.wikipedia.org\/wiki\/Karl_VII._(Frankreich)\">Karl VII.<\/a> von Frankreich zu seiner Kr\u00f6nung nach <a href=\"https:\/\/de.wikipedia.org\/wiki\/Reims\">Reims<\/a>. Nach der Niederlage der Franzosen in der <a href=\"https:\/\/de.wikipedia.org\/wiki\/Schlacht_von_Compi%C3%A8gne\">Schlacht von Compi\u00e8gne<\/a> wurde Jeanne d\u2019Arc am 23. Mai 1430 durch <a href=\"https:\/\/de.wikipedia.org\/wiki\/Johann_II._(Ligny)\">Johann II. von Luxemburg<\/a> gefangen genommen, sp\u00e4ter an die Engl\u00e4nder ausgeliefert und schlie\u00dflich in einem kirchlichen Verfahren des <a href=\"https:\/\/de.wikipedia.org\/wiki\/Bistum_Beauvais\">Bischofs von Beauvais<\/a>, <a href=\"https:\/\/de.wikipedia.org\/wiki\/Pierre_Cauchon\">Pierre Cauchon<\/a>, der pro-englisch eingestellt war, aufgrund verschiedener Anklagen verurteilt. Am 30. Mai 1431 wurde Jeanne d\u2019Arc im Alter von 19 Jahren auf dem Marktplatz von Rouen auf dem <a href=\"https:\/\/de.wikipedia.org\/wiki\/Scheiterhaufen\">Scheiterhaufen<\/a> verbrannt.\n<\/p>\n\n\n\n<p class=\"wp-block-paragraph\">24 Jahre sp\u00e4ter strengte die <a href=\"https:\/\/de.wikipedia.org\/wiki\/R%C3%B6mische_Kurie\">Kurie<\/a> einen Revisionsprozess an, in dem das Urteil aufgehoben und Jeanne zur <a href=\"https:\/\/de.wikipedia.org\/wiki\/M%C3%A4rtyrer\">M\u00e4rtyrin<\/a> erkl\u00e4rt wurde. Im Jahr 1909 wurde sie von Papst <a href=\"https:\/\/de.wikipedia.org\/wiki\/Pius_X.\">Pius X.<\/a> selig- und 1920 von Papst <a href=\"https:\/\/de.wikipedia.org\/wiki\/Benedikt_XV.\">Benedikt XV.<\/a> heiliggesprochen. Ihr <a href=\"https:\/\/de.wikipedia.org\/wiki\/Gedenktag\">Gedenktag<\/a> ist der 30. Mai. An diesem Tag gedenkt man ihrer auch in der <a href=\"https:\/\/de.wikipedia.org\/wiki\/Church_of_England\">Church of England<\/a>.<sup><a href=\"https:\/\/de.wikipedia.org\/wiki\/Jeanne_d%E2%80%99Arc#cite_note-2\">[2]<\/a><\/sup><\/p>\n\n\n\n<p class=\"wp-block-paragraph\">Quelle: <a href=\"https:\/\/de.wikipedia.org\/wiki\/Jeanne_d\u2019Arc\">https:\/\/de.wikipedia.org\/wiki\/Jeanne_d\u2019Arc<\/a><\/p>\n\n\n\n<p class=\"wp-block-paragraph\">Siehe auch: <a href=\"http:\/\/www.kathpedia.com\/index.php?title=Johanna_von_Orleans\">http:\/\/www.kathpedia.com\/index.php?title=Johanna_von_Orleans<\/a><\/p>\n\n\n\n<div class=\"wp-block-columns is-layout-flex wp-container-core-columns-is-layout-8f761849 wp-block-columns-is-layout-flex\">\n<div class=\"wp-block-column is-layout-flow wp-block-column-is-layout-flow\" style=\"flex-basis:40%\">\n<h3 class=\"wp-block-heading\" id=\"beitrage-der-komturei-johanna-von-orleans\">Beitr\u00e4ge der Komturei Johanna von Orl\u00e9ans<\/h3>\n\n\n\n<div class=\"display-posts-listing image-left\"><div class=\"listing-item\"><a class=\"image\" href=\"https:\/\/tempelherrenorden.de\/cms\/fastenzeit-2026-zeit-des-nachdenkens-und-der-besinnung-osterfest-2026-ostergruesse\/\"><a href=\"https:\/\/tempelherrenorden.de\/cms\/fastenzeit-2026-zeit-des-nachdenkens-und-der-besinnung-osterfest-2026-ostergruesse\/\" title=\"Fastenzeit 2026, Zeit des Nachdenkens und der Besinnung; Osterfest 2026, Ostergr\u00fc\u00dfe\"><img loading=\"lazy\" decoding=\"async\" width=\"40\" height=\"40\" src=\"https:\/\/i0.wp.com\/tempelherrenorden.de\/cms\/wp-content\/uploads\/2026\/04\/Gemini_Generated_Image_pmuuvapmuuvapmuu.png?resize=40%2C40&amp;ssl=1\" class=\"attachment-thumbnail size-thumbnail wp-post-image\" alt=\"\" srcset=\"https:\/\/i0.wp.com\/tempelherrenorden.de\/cms\/wp-content\/uploads\/2026\/04\/Gemini_Generated_Image_pmuuvapmuuvapmuu.png?resize=40%2C40&amp;ssl=1 40w, https:\/\/i0.wp.com\/tempelherrenorden.de\/cms\/wp-content\/uploads\/2026\/04\/Gemini_Generated_Image_pmuuvapmuuvapmuu.png?resize=250%2C250&amp;ssl=1 250w, https:\/\/i0.wp.com\/tempelherrenorden.de\/cms\/wp-content\/uploads\/2026\/04\/Gemini_Generated_Image_pmuuvapmuuvapmuu.png?resize=45%2C45&amp;ssl=1 45w, https:\/\/i0.wp.com\/tempelherrenorden.de\/cms\/wp-content\/uploads\/2026\/04\/Gemini_Generated_Image_pmuuvapmuuvapmuu.png?zoom=3&amp;resize=40%2C40&amp;ssl=1 120w\" sizes=\"auto, (max-width: 40px) 100vw, 40px\" data-attachment-id=\"5321\" data-permalink=\"https:\/\/tempelherrenorden.de\/cms\/fastenzeit-2026-zeit-des-nachdenkens-und-der-besinnung-osterfest-2026-ostergruesse\/gemini_generated_image_pmuuvapmuuvapmuu\/\" data-orig-file=\"https:\/\/i0.wp.com\/tempelherrenorden.de\/cms\/wp-content\/uploads\/2026\/04\/Gemini_Generated_Image_pmuuvapmuuvapmuu.png?fit=1888%2C2264&amp;ssl=1\" data-orig-size=\"1888,2264\" data-comments-opened=\"0\" data-image-meta=\"{&quot;aperture&quot;:&quot;0&quot;,&quot;credit&quot;:&quot;&quot;,&quot;camera&quot;:&quot;&quot;,&quot;caption&quot;:&quot;&quot;,&quot;created_timestamp&quot;:&quot;0&quot;,&quot;copyright&quot;:&quot;&quot;,&quot;focal_length&quot;:&quot;0&quot;,&quot;iso&quot;:&quot;0&quot;,&quot;shutter_speed&quot;:&quot;0&quot;,&quot;title&quot;:&quot;&quot;,&quot;orientation&quot;:&quot;0&quot;}\" data-image-title=\"Gemini_Generated_Image_pmuuvapmuuvapmuu\" data-image-description=\"\" data-image-caption=\"\" data-large-file=\"https:\/\/i0.wp.com\/tempelherrenorden.de\/cms\/wp-content\/uploads\/2026\/04\/Gemini_Generated_Image_pmuuvapmuuvapmuu.png?fit=854%2C1024&amp;ssl=1\" \/><\/a><\/a> <a class=\"title\" href=\"https:\/\/tempelherrenorden.de\/cms\/fastenzeit-2026-zeit-des-nachdenkens-und-der-besinnung-osterfest-2026-ostergruesse\/\">Fastenzeit 2026, Zeit des Nachdenkens und der Besinnung; Osterfest 2026, Ostergr\u00fc\u00dfe<\/a> <span class=\"excerpt-dash\">-<\/span> <span class=\"excerpt\">Was w\u00fcrde Christus heute tun?Was w\u00fcrde Christus heute tun?W\u00e4r er am Hof des Herrnund sorgte, da\u00df kein Umsturz droht,h\u00e4tt' er&hellip; <span class=\"excerpt-more\">\u2026<\/span><\/span><\/div><div class=\"listing-item\"><a class=\"title\" href=\"https:\/\/tempelherrenorden.de\/cms\/advent-weihnacht-2025-jahreswechsel-auf-2026-neujahrsgruesse\/\">Advent, Weihnacht 2025, Jahreswechsel auf 2026, Neujahrsgr\u00fc\u00dfe<\/a> <span class=\"excerpt-dash\">-<\/span> <span class=\"excerpt\">Dona Nobis Pacem (Gib uns Frieden) von Richard Riess Wie oft schon ist\u00a0\u00fcber Frieden geredetwie oft schon\u00a0verhandelt wordenin Jerusalem und&hellip; <span class=\"excerpt-more\">\u2026<\/span><\/span><\/div><div class=\"listing-item\"><a class=\"title\" href=\"https:\/\/tempelherrenorden.de\/cms\/fastenzeit-2025-zeit-des-nachdenkens-und-der-besinnung-osterfest-2025-ostergruesse\/\">Fastenzeit 2025, Zeit des Nachdenkens und der Besinnung; Osterfest 2025, Ostergr\u00fc\u00dfe<\/a> <span class=\"excerpt-dash\">-<\/span> <span class=\"excerpt\">Nachdenkliches (nicht nur) zur Fastenzeit: Vergeben hei\u00dft:neues Leben und neue Freude weckenvon Phil Bosmans Nichts kann dich so belasten,wie die&hellip; <span class=\"excerpt-more\">\u2026<\/span><\/span><\/div><div class=\"listing-item\"><a class=\"title\" href=\"https:\/\/tempelherrenorden.de\/cms\/advent-weihnacht-2024-jahreswechsel-auf-2025-neujahrsgruesse\/\">Advent, Weihnacht 2024, Jahreswechsel auf 2025, Neujahrsgr\u00fc\u00dfe<\/a> <span class=\"excerpt-dash\">-<\/span> <span class=\"excerpt\">Bewaffneter Friede von Wilhelm BuschGanz unverhofft auf einem H\u00fcgelSind sich begegnet Fuchs und Igel.Halt! rief der Fuchs, du B\u00f6sewicht!Kennst du&hellip; <span class=\"excerpt-more\">\u2026<\/span><\/span><\/div><div class=\"listing-item\"><a class=\"title\" href=\"https:\/\/tempelherrenorden.de\/cms\/gruesse-zum-erntedankfest-2024\/\">Gr\u00fc\u00dfe zum Erntedankfest 2024<\/a> <span class=\"excerpt-dash\">-<\/span> <span class=\"excerpt\">D'Welt von au\u00dfen betracht\u00b4\u00a0 \u00a0 von Helmut Hingrainer Wenn a Wesen von a'm andern Stern,Millionen Liachtjahr von uns fern,a zeitlang&hellip; <span class=\"excerpt-more\">\u2026<\/span><\/span><\/div><div class=\"listing-item\"><a class=\"title\" href=\"https:\/\/tempelherrenorden.de\/cms\/sommer-und-urlaubgruesse-2024\/\">Sommer- und Urlaubgr\u00fc\u00dfe\u00a02024<\/a> <span class=\"excerpt-dash\">-<\/span> <span class=\"excerpt\">Die Natur ist ein Brief Gottes an die Menschheit. PlatonTief in ihren Wurzeln halten alle Blumen das Licht. Theodore RoethkeTiere&hellip; <span class=\"excerpt-more\">\u2026<\/span><\/span><\/div><div class=\"listing-item\"><a class=\"title\" href=\"https:\/\/tempelherrenorden.de\/cms\/fastenzeit-2024-zeit-des-nachdenkens-und-der-besinnung-osterfest-2024-ostergruesse\/\">Fastenzeit 2024, Zeit des Nachdenkens und der Besinnung; Osterfest 2024, Ostergr\u00fc\u00dfe<\/a> <span class=\"excerpt-dash\">-<\/span> <span class=\"excerpt\">Nachdenkliches (nicht nur) zur Fastenzeit: Und der Mensch hei\u00dft Mensch, weil er irrt und weil er k\u00e4mpft, und weil er&hellip; <span class=\"excerpt-more\">\u2026<\/span><\/span><\/div><div class=\"listing-item\"><a class=\"title\" href=\"https:\/\/tempelherrenorden.de\/cms\/advent-weihnacht-2023-jahreswechsel-auf-2024-neujahrsgruesse-2024-2\/\">Advent, Weihnacht 2023, Jahreswechsel auf 2024, Neujahrsgr\u00fc\u00dfe 2024<\/a> <span class=\"excerpt-dash\">-<\/span> <span class=\"excerpt\">\"Zeit zum Verschenken\u201c&nbsp; Wenn wieder d\u2019Zeit zum Schenken kimmt,se jeder Zeit zum Denken nimmtund \u00fcberlegt: \u201eWas kannt i gebendem, der&hellip; <span class=\"excerpt-more\">\u2026<\/span><\/span><\/div><div class=\"listing-item\"><a class=\"title\" href=\"https:\/\/tempelherrenorden.de\/cms\/gruesse-zum-erntedankfest-2023\/\">Gr\u00fc\u00dfe zum Erntedankfest 2023<\/a> <span class=\"excerpt-dash\">-<\/span> <span class=\"excerpt\">ERNTEDANK &nbsp; von Ingolf Braun, 2019 ERNTEDANK hei\u00dft auch:\u00a0Wir brauchen nicht nur Lebensmittel, sondern auch Lebensmitte!DIE LEBENSMITTE IST \u00dcBER-LEBENS-WICHTIG!LEBENSMITTEL sind&hellip; <span class=\"excerpt-more\">\u2026<\/span><\/span><\/div><div class=\"listing-item\"><a class=\"image\" href=\"https:\/\/tempelherrenorden.de\/cms\/altoetting-mai-2023\/\"><a href=\"https:\/\/tempelherrenorden.de\/cms\/altoetting-mai-2023\/\" title=\"Alt\u00f6tting Mai 2023\"><img loading=\"lazy\" decoding=\"async\" width=\"40\" height=\"40\" src=\"https:\/\/i0.wp.com\/tempelherrenorden.de\/cms\/wp-content\/uploads\/2018\/02\/Wappen-S%C3%BCddeutschland.jpg?resize=40%2C40&amp;ssl=1\" class=\"attachment-thumbnail size-thumbnail wp-post-image\" alt=\"\" data-attachment-id=\"2238\" data-permalink=\"https:\/\/tempelherrenorden.de\/cms\/organisation-des-deutschen-tempelherrenordens\/komtureien-und-ordenshaeuser\/wappen-sueddeutschland\/\" data-orig-file=\"https:\/\/i0.wp.com\/tempelherrenorden.de\/cms\/wp-content\/uploads\/2018\/02\/Wappen-S%C3%BCddeutschland.jpg?fit=993%2C1191&amp;ssl=1\" data-orig-size=\"993,1191\" data-comments-opened=\"0\" data-image-meta=\"{&quot;aperture&quot;:&quot;0&quot;,&quot;credit&quot;:&quot;Eder&quot;,&quot;camera&quot;:&quot;&quot;,&quot;caption&quot;:&quot;&quot;,&quot;created_timestamp&quot;:&quot;1518513014&quot;,&quot;copyright&quot;:&quot;&quot;,&quot;focal_length&quot;:&quot;0&quot;,&quot;iso&quot;:&quot;0&quot;,&quot;shutter_speed&quot;:&quot;0&quot;,&quot;title&quot;:&quot;&quot;,&quot;orientation&quot;:&quot;0&quot;}\" data-image-title=\"Wappen &amp;#8211; S\u00fcddeutschland\" data-image-description=\"\" data-image-caption=\"\" data-large-file=\"https:\/\/i0.wp.com\/tempelherrenorden.de\/cms\/wp-content\/uploads\/2018\/02\/Wappen-S%C3%BCddeutschland.jpg?fit=854%2C1024&amp;ssl=1\" \/><\/a><\/a> <a class=\"title\" href=\"https:\/\/tempelherrenorden.de\/cms\/altoetting-mai-2023\/\">Alt\u00f6tting Mai 2023<\/a> <span class=\"excerpt-dash\">-<\/span> <span class=\"excerpt\">In der Tradition der historischen Templer, die seinerzeit zum Schutz der Pilger gegr\u00fcndet worden sind, begleitet unser Ordensbruder Wolfgang (Wohlgemuth),&hellip; <span class=\"excerpt-more\">\u2026<\/span><\/span><\/div><\/div>\n<\/div>\n\n\n\n<div class=\"wp-block-column is-layout-flow wp-block-column-is-layout-flow\" style=\"flex-basis:20%\"><\/div>\n\n\n\n<div class=\"wp-block-column is-layout-flow wp-block-column-is-layout-flow\" style=\"flex-basis:40%\">\n<h3 class=\"wp-block-heading\" id=\"termine-der-johanna-von-orleans\">Termine der Komturei Johanna von Orl\u00e9ans<\/h3>\n\n\n\n\n\t\t\t\t<div class=\"event-list\">\n\t\t\t\t<style type=\"text\/css\">\n\t\t\t\t\t.filterbar { display:table; width:100% }\n\t\t\t\t\t.filterbar > div { display:table-cell }\n\t\t\t\t<\/style>\n\t\t\t\t<!--[if lte IE 7]>\n\t\t\t\t<style>.filterbar > div { float:left }<\/style>\n\t\t\t\t<![endif]-->\n\t\t\t\t<div class=\"filterbar subsubsub\">\n\t\t\t\t\t<div style=\"text-align:left\"><ul class=\"hlist\"><li><a href=\"https:\/\/tempelherrenorden.de\/cms\/altoetting-mai-2023\/?date1=all\">Alle<\/a><\/li><li><strong>Anstehend<\/strong><\/li><\/ul>\n\t\t\t\t\t<\/div><\/div><p>Keine Veranstaltung<\/p>\n\t\t\t\t<\/div>\n<\/div>\n<\/div>\n","protected":false},"excerpt":{"rendered":"<p>Komturei Johanna von Orl\u00e9ans Geschichte der Komturei Die Komturei ging 1980 als OIMT (Ordo Internationalis Militiae Templi \u2013 Internationaler Tempelherren-Orden), autonome Ballei Bayern, aus der Komturei Franken des OMCT-Deutsches Priorat hervor. Bailli war bis 1994 Cay Baron von Brockdorf, dann folgte Hans-Carl von Seidlitz-Ludwigsdorf. Der OIMT war 1996 Gr\u00fcndungsmitglied des\u2026<\/p>\n<p> <a class=\"continue-reading-link\" href=\"https:\/\/tempelherrenorden.de\/cms\/altoetting-mai-2023\/\"><span>Artikel lesen<\/span><i class=\"crycon-right-dir\"><\/i><\/a> <\/p>\n","protected":false},"author":10,"featured_media":0,"parent":1968,"menu_order":3,"comment_status":"closed","ping_status":"closed","template":"templates\/template-onecolumn.php","meta":{"_crdt_document":"","jetpack_post_was_ever_published":false,"footnotes":""},"class_list":["post-1979","page","type-page","status-publish","hentry"],"yoast_head":"<!-- This site is optimized with the Yoast SEO plugin v27.5 - https:\/\/yoast.com\/product\/yoast-seo-wordpress\/ -->\n<title>Komturei Johanna von Orl\u00e9ans &#8226; Deutscher Tempelherren-Orden<\/title>\n<meta name=\"robots\" content=\"index, follow, max-snippet:-1, max-image-preview:large, max-video-preview:-1\" \/>\n<link rel=\"canonical\" href=\"https:\/\/tempelherrenorden.de\/cms\/organisation-des-deutschen-tempelherrenordens\/komtureien-und-ordenshaeuser\/komturei-johanna-von-orleans\/\" \/>\n<meta property=\"og:locale\" content=\"de_DE\" \/>\n<meta property=\"og:type\" content=\"article\" \/>\n<meta property=\"og:title\" content=\"Komturei Johanna von Orl\u00e9ans &#8226; Deutscher Tempelherren-Orden\" \/>\n<meta property=\"og:description\" content=\"Komturei Johanna von Orl\u00e9ans Geschichte der Komturei Die Komturei ging 1980 als OIMT (Ordo Internationalis Militiae Templi \u2013 Internationaler Tempelherren-Orden), autonome Ballei Bayern, aus der Komturei Franken des OMCT-Deutsches Priorat hervor. Bailli war bis 1994 Cay Baron von Brockdorf, dann folgte Hans-Carl von Seidlitz-Ludwigsdorf. Der OIMT war 1996 Gr\u00fcndungsmitglied des\u2026 Artikel lesen\" \/>\n<meta property=\"og:url\" content=\"https:\/\/tempelherrenorden.de\/cms\/organisation-des-deutschen-tempelherrenordens\/komtureien-und-ordenshaeuser\/komturei-johanna-von-orleans\/\" \/>\n<meta property=\"og:site_name\" content=\"Deutscher Tempelherren-Orden\" \/>\n<meta property=\"article:publisher\" content=\"https:\/\/www.facebook.com\/Deutscher-Tempelherren-Orden-OMCT-2054469481490772\/\" \/>\n<meta property=\"article:modified_time\" content=\"2024-11-13T18:25:12+00:00\" \/>\n<meta name=\"twitter:card\" content=\"summary_large_image\" \/>\n<meta name=\"twitter:label1\" content=\"Gesch\u00e4tzte Lesezeit\" \/>\n\t<meta name=\"twitter:data1\" content=\"3\u00a0Minuten\" \/>\n<script type=\"application\/ld+json\" class=\"yoast-schema-graph\">{\"@context\":\"https:\\\/\\\/schema.org\",\"@graph\":[{\"@type\":\"WebPage\",\"@id\":\"https:\\\/\\\/tempelherrenorden.de\\\/cms\\\/organisation-des-deutschen-tempelherrenordens\\\/komtureien-und-ordenshaeuser\\\/komturei-johanna-von-orleans\\\/\",\"url\":\"https:\\\/\\\/tempelherrenorden.de\\\/cms\\\/organisation-des-deutschen-tempelherrenordens\\\/komtureien-und-ordenshaeuser\\\/komturei-johanna-von-orleans\\\/\",\"name\":\"Komturei Johanna von Orl\u00e9ans &#8226; Deutscher Tempelherren-Orden\",\"isPartOf\":{\"@id\":\"https:\\\/\\\/tempelherrenorden.de\\\/cms\\\/#website\"},\"datePublished\":\"2018-02-10T13:57:09+00:00\",\"dateModified\":\"2024-11-13T18:25:12+00:00\",\"breadcrumb\":{\"@id\":\"https:\\\/\\\/tempelherrenorden.de\\\/cms\\\/organisation-des-deutschen-tempelherrenordens\\\/komtureien-und-ordenshaeuser\\\/komturei-johanna-von-orleans\\\/#breadcrumb\"},\"inLanguage\":\"de\",\"potentialAction\":[{\"@type\":\"ReadAction\",\"target\":[\"https:\\\/\\\/tempelherrenorden.de\\\/cms\\\/organisation-des-deutschen-tempelherrenordens\\\/komtureien-und-ordenshaeuser\\\/komturei-johanna-von-orleans\\\/\"]}]},{\"@type\":\"BreadcrumbList\",\"@id\":\"https:\\\/\\\/tempelherrenorden.de\\\/cms\\\/organisation-des-deutschen-tempelherrenordens\\\/komtureien-und-ordenshaeuser\\\/komturei-johanna-von-orleans\\\/#breadcrumb\",\"itemListElement\":[{\"@type\":\"ListItem\",\"position\":1,\"name\":\"Startseite\",\"item\":\"https:\\\/\\\/tempelherrenorden.de\\\/cms\\\/\"},{\"@type\":\"ListItem\",\"position\":2,\"name\":\"Organisation\",\"item\":\"https:\\\/\\\/tempelherrenorden.de\\\/cms\\\/organisation-des-deutschen-tempelherrenordens\\\/\"},{\"@type\":\"ListItem\",\"position\":3,\"name\":\"Komtureien und Ordensh\u00e4user\",\"item\":\"https:\\\/\\\/tempelherrenorden.de\\\/cms\\\/organisation-des-deutschen-tempelherrenordens\\\/komtureien-und-ordenshaeuser\\\/\"},{\"@type\":\"ListItem\",\"position\":4,\"name\":\"Komturei Johanna von Orl\u00e9ans\"}]},{\"@type\":\"WebSite\",\"@id\":\"https:\\\/\\\/tempelherrenorden.de\\\/cms\\\/#website\",\"url\":\"https:\\\/\\\/tempelherrenorden.de\\\/cms\\\/\",\"name\":\"Deutscher Tempelherren-Orden\",\"description\":\"\",\"publisher\":{\"@id\":\"https:\\\/\\\/tempelherrenorden.de\\\/cms\\\/#organization\"},\"potentialAction\":[{\"@type\":\"SearchAction\",\"target\":{\"@type\":\"EntryPoint\",\"urlTemplate\":\"https:\\\/\\\/tempelherrenorden.de\\\/cms\\\/?s={search_term_string}\"},\"query-input\":{\"@type\":\"PropertyValueSpecification\",\"valueRequired\":true,\"valueName\":\"search_term_string\"}}],\"inLanguage\":\"de\"},{\"@type\":\"Organization\",\"@id\":\"https:\\\/\\\/tempelherrenorden.de\\\/cms\\\/#organization\",\"name\":\"Deutscher Tempelherren-Orden OMCT e.V.\",\"url\":\"https:\\\/\\\/tempelherrenorden.de\\\/cms\\\/\",\"logo\":{\"@type\":\"ImageObject\",\"inLanguage\":\"de\",\"@id\":\"https:\\\/\\\/tempelherrenorden.de\\\/cms\\\/#\\\/schema\\\/logo\\\/image\\\/\",\"url\":\"https:\\\/\\\/i0.wp.com\\\/tempelherrenorden.de\\\/cms\\\/wp-content\\\/uploads\\\/2018\\\/01\\\/OMCT-Wappen.jpg?fit=997%2C1198&ssl=1\",\"contentUrl\":\"https:\\\/\\\/i0.wp.com\\\/tempelherrenorden.de\\\/cms\\\/wp-content\\\/uploads\\\/2018\\\/01\\\/OMCT-Wappen.jpg?fit=997%2C1198&ssl=1\",\"width\":997,\"height\":1198,\"caption\":\"Deutscher Tempelherren-Orden OMCT e.V.\"},\"image\":{\"@id\":\"https:\\\/\\\/tempelherrenorden.de\\\/cms\\\/#\\\/schema\\\/logo\\\/image\\\/\"},\"sameAs\":[\"https:\\\/\\\/www.facebook.com\\\/Deutscher-Tempelherren-Orden-OMCT-2054469481490772\\\/\"]}]}<\/script>\n<!-- \/ Yoast SEO plugin. -->","yoast_head_json":{"title":"Komturei Johanna von Orl\u00e9ans &#8226; Deutscher Tempelherren-Orden","robots":{"index":"index","follow":"follow","max-snippet":"max-snippet:-1","max-image-preview":"max-image-preview:large","max-video-preview":"max-video-preview:-1"},"canonical":"https:\/\/tempelherrenorden.de\/cms\/organisation-des-deutschen-tempelherrenordens\/komtureien-und-ordenshaeuser\/komturei-johanna-von-orleans\/","og_locale":"de_DE","og_type":"article","og_title":"Komturei Johanna von Orl\u00e9ans &#8226; Deutscher Tempelherren-Orden","og_description":"Komturei Johanna von Orl\u00e9ans Geschichte der Komturei Die Komturei ging 1980 als OIMT (Ordo Internationalis Militiae Templi \u2013 Internationaler Tempelherren-Orden), autonome Ballei Bayern, aus der Komturei Franken des OMCT-Deutsches Priorat hervor. Bailli war bis 1994 Cay Baron von Brockdorf, dann folgte Hans-Carl von Seidlitz-Ludwigsdorf. Der OIMT war 1996 Gr\u00fcndungsmitglied des\u2026 Artikel lesen","og_url":"https:\/\/tempelherrenorden.de\/cms\/organisation-des-deutschen-tempelherrenordens\/komtureien-und-ordenshaeuser\/komturei-johanna-von-orleans\/","og_site_name":"Deutscher Tempelherren-Orden","article_publisher":"https:\/\/www.facebook.com\/Deutscher-Tempelherren-Orden-OMCT-2054469481490772\/","article_modified_time":"2024-11-13T18:25:12+00:00","twitter_card":"summary_large_image","twitter_misc":{"Gesch\u00e4tzte Lesezeit":"3\u00a0Minuten"},"schema":{"@context":"https:\/\/schema.org","@graph":[{"@type":"WebPage","@id":"https:\/\/tempelherrenorden.de\/cms\/organisation-des-deutschen-tempelherrenordens\/komtureien-und-ordenshaeuser\/komturei-johanna-von-orleans\/","url":"https:\/\/tempelherrenorden.de\/cms\/organisation-des-deutschen-tempelherrenordens\/komtureien-und-ordenshaeuser\/komturei-johanna-von-orleans\/","name":"Komturei Johanna von Orl\u00e9ans &#8226; Deutscher Tempelherren-Orden","isPartOf":{"@id":"https:\/\/tempelherrenorden.de\/cms\/#website"},"datePublished":"2018-02-10T13:57:09+00:00","dateModified":"2024-11-13T18:25:12+00:00","breadcrumb":{"@id":"https:\/\/tempelherrenorden.de\/cms\/organisation-des-deutschen-tempelherrenordens\/komtureien-und-ordenshaeuser\/komturei-johanna-von-orleans\/#breadcrumb"},"inLanguage":"de","potentialAction":[{"@type":"ReadAction","target":["https:\/\/tempelherrenorden.de\/cms\/organisation-des-deutschen-tempelherrenordens\/komtureien-und-ordenshaeuser\/komturei-johanna-von-orleans\/"]}]},{"@type":"BreadcrumbList","@id":"https:\/\/tempelherrenorden.de\/cms\/organisation-des-deutschen-tempelherrenordens\/komtureien-und-ordenshaeuser\/komturei-johanna-von-orleans\/#breadcrumb","itemListElement":[{"@type":"ListItem","position":1,"name":"Startseite","item":"https:\/\/tempelherrenorden.de\/cms\/"},{"@type":"ListItem","position":2,"name":"Organisation","item":"https:\/\/tempelherrenorden.de\/cms\/organisation-des-deutschen-tempelherrenordens\/"},{"@type":"ListItem","position":3,"name":"Komtureien und Ordensh\u00e4user","item":"https:\/\/tempelherrenorden.de\/cms\/organisation-des-deutschen-tempelherrenordens\/komtureien-und-ordenshaeuser\/"},{"@type":"ListItem","position":4,"name":"Komturei Johanna von Orl\u00e9ans"}]},{"@type":"WebSite","@id":"https:\/\/tempelherrenorden.de\/cms\/#website","url":"https:\/\/tempelherrenorden.de\/cms\/","name":"Deutscher Tempelherren-Orden","description":"","publisher":{"@id":"https:\/\/tempelherrenorden.de\/cms\/#organization"},"potentialAction":[{"@type":"SearchAction","target":{"@type":"EntryPoint","urlTemplate":"https:\/\/tempelherrenorden.de\/cms\/?s={search_term_string}"},"query-input":{"@type":"PropertyValueSpecification","valueRequired":true,"valueName":"search_term_string"}}],"inLanguage":"de"},{"@type":"Organization","@id":"https:\/\/tempelherrenorden.de\/cms\/#organization","name":"Deutscher Tempelherren-Orden OMCT e.V.","url":"https:\/\/tempelherrenorden.de\/cms\/","logo":{"@type":"ImageObject","inLanguage":"de","@id":"https:\/\/tempelherrenorden.de\/cms\/#\/schema\/logo\/image\/","url":"https:\/\/i0.wp.com\/tempelherrenorden.de\/cms\/wp-content\/uploads\/2018\/01\/OMCT-Wappen.jpg?fit=997%2C1198&ssl=1","contentUrl":"https:\/\/i0.wp.com\/tempelherrenorden.de\/cms\/wp-content\/uploads\/2018\/01\/OMCT-Wappen.jpg?fit=997%2C1198&ssl=1","width":997,"height":1198,"caption":"Deutscher Tempelherren-Orden OMCT e.V."},"image":{"@id":"https:\/\/tempelherrenorden.de\/cms\/#\/schema\/logo\/image\/"},"sameAs":["https:\/\/www.facebook.com\/Deutscher-Tempelherren-Orden-OMCT-2054469481490772\/"]}]}},"jetpack_shortlink":"https:\/\/wp.me\/P5yQvL-vV","jetpack_sharing_enabled":true,"_links":{"self":[{"href":"https:\/\/tempelherrenorden.de\/cms\/wp-json\/wp\/v2\/pages\/1979","targetHints":{"allow":["GET"]}}],"collection":[{"href":"https:\/\/tempelherrenorden.de\/cms\/wp-json\/wp\/v2\/pages"}],"about":[{"href":"https:\/\/tempelherrenorden.de\/cms\/wp-json\/wp\/v2\/types\/page"}],"author":[{"embeddable":true,"href":"https:\/\/tempelherrenorden.de\/cms\/wp-json\/wp\/v2\/users\/10"}],"replies":[{"embeddable":true,"href":"https:\/\/tempelherrenorden.de\/cms\/wp-json\/wp\/v2\/comments?post=1979"}],"version-history":[{"count":27,"href":"https:\/\/tempelherrenorden.de\/cms\/wp-json\/wp\/v2\/pages\/1979\/revisions"}],"predecessor-version":[{"id":5125,"href":"https:\/\/tempelherrenorden.de\/cms\/wp-json\/wp\/v2\/pages\/1979\/revisions\/5125"}],"up":[{"embeddable":true,"href":"https:\/\/tempelherrenorden.de\/cms\/wp-json\/wp\/v2\/pages\/1968"}],"wp:attachment":[{"href":"https:\/\/tempelherrenorden.de\/cms\/wp-json\/wp\/v2\/media?parent=1979"}],"curies":[{"name":"wp","href":"https:\/\/api.w.org\/{rel}","templated":true}]}}