{"id":1989,"date":"2018-02-10T15:00:47","date_gmt":"2018-02-10T14:00:47","guid":{"rendered":"http:\/\/tempelherrenorden.de\/cms\/?page_id=1989"},"modified":"2022-01-16T16:17:08","modified_gmt":"2022-01-16T15:17:08","slug":"komturei-bernhard-von-clairvaux","status":"publish","type":"page","link":"https:\/\/tempelherrenorden.de\/cms\/organisation-des-deutschen-tempelherrenordens\/komtureien-und-ordenshaeuser\/komturei-bernhard-von-clairvaux\/","title":{"rendered":"Komturei Bernhard von Clairvaux"},"content":{"rendered":"\n<div class=\"wp-block-columns is-layout-flex wp-container-core-columns-is-layout-8f761849 wp-block-columns-is-layout-flex\">\n<div class=\"wp-block-column is-layout-flow wp-block-column-is-layout-flow\">\n<h2 class=\"wp-block-heading\" id=\"komturei-bernhard-von-clairvaux\">Komturei Bernhard von Clairvaux<\/h2>\n\n\n\n<ul class=\"wp-block-list\"><li>Komtur: (gew\u00e4hlt) Obr. Meinhard<\/li><li>gegr\u00fcndet:<\/li><li>Ort: Merzig\/Saar<\/li><li>Kontakt: \n<a href=\"#\" class=\"cryptedmail\" data-name=\"Komturei-Bernhard.von.Clairvaux\" data-domain=\"tempelherrenorden\" data-tld=\"de\" onclick=\"window.location.href = 'mailto:' + this.dataset.name + '@' + this.dataset.domain + '.' + this.dataset.tld; return false;\"><\/a>\n<\/li><\/ul>\n<\/div>\n\n\n\n<div class=\"wp-block-column is-layout-flow wp-block-column-is-layout-flow\">\n<div class=\"wp-block-columns is-layout-flex wp-container-core-columns-is-layout-8f761849 wp-block-columns-is-layout-flex\">\n<div class=\"wp-block-column is-layout-flow wp-block-column-is-layout-flow\">\n<div class=\"wp-block-webfactory-map\"><div class=\"wp-block-webfactory-map\"><iframe loading=\"lazy\" width=\"100%\" height=\"300px\" src=\"https:\/\/www.google.com\/maps\/embed\/v1\/place?q=M%C3%A4rzing%20Saarland&amp;maptype=roadmap&amp;zoom=10&amp;key=AIzaSyAaPfoa2eTHVuCxYkW2TimRHiSfTEp9t94\" frameborder=\"0\"><\/iframe><\/div><\/div>\n<\/div>\n\n\n\n<div class=\"wp-block-column is-layout-flow wp-block-column-is-layout-flow\">\n<figure class=\"wp-block-image size-large\"><a  href=\"https:\/\/i0.wp.com\/tempelherrenorden.de\/cms\/wp-content\/uploads\/2018\/04\/Saarland.jpg?ssl=1\" data-rel=\"lightbox-gallery-0\" data-rl_title=\"\" data-rl_caption=\"\" title=\"\"><img data-recalc-dims=\"1\" loading=\"lazy\" decoding=\"async\" width=\"854\" height=\"1024\" data-attachment-id=\"2473\" data-permalink=\"https:\/\/tempelherrenorden.de\/cms\/organisation-des-deutschen-tempelherrenordens\/komtureien-und-ordenshaeuser\/komturei-bernhard-von-clairvaux\/saarland\/\" data-orig-file=\"https:\/\/i0.wp.com\/tempelherrenorden.de\/cms\/wp-content\/uploads\/2018\/04\/Saarland.jpg?fit=987%2C1184&amp;ssl=1\" data-orig-size=\"987,1184\" data-comments-opened=\"0\" data-image-meta=\"{&quot;aperture&quot;:&quot;0&quot;,&quot;credit&quot;:&quot;Eder&quot;,&quot;camera&quot;:&quot;&quot;,&quot;caption&quot;:&quot;&quot;,&quot;created_timestamp&quot;:&quot;1522316428&quot;,&quot;copyright&quot;:&quot;&quot;,&quot;focal_length&quot;:&quot;0&quot;,&quot;iso&quot;:&quot;0&quot;,&quot;shutter_speed&quot;:&quot;0&quot;,&quot;title&quot;:&quot;&quot;,&quot;orientation&quot;:&quot;0&quot;}\" data-image-title=\"Saarland\" data-image-description=\"\" data-image-caption=\"\" data-large-file=\"https:\/\/i0.wp.com\/tempelherrenorden.de\/cms\/wp-content\/uploads\/2018\/04\/Saarland.jpg?fit=854%2C1024&amp;ssl=1\" src=\"https:\/\/i0.wp.com\/tempelherrenorden.de\/cms\/wp-content\/uploads\/2018\/04\/Saarland.jpg?resize=854%2C1024&#038;ssl=1\" alt=\"\" class=\"wp-image-2473\" srcset=\"https:\/\/i0.wp.com\/tempelherrenorden.de\/cms\/wp-content\/uploads\/2018\/04\/Saarland.jpg?resize=854%2C1024&amp;ssl=1 854w, https:\/\/i0.wp.com\/tempelherrenorden.de\/cms\/wp-content\/uploads\/2018\/04\/Saarland.jpg?resize=250%2C300&amp;ssl=1 250w, https:\/\/i0.wp.com\/tempelherrenorden.de\/cms\/wp-content\/uploads\/2018\/04\/Saarland.jpg?resize=768%2C921&amp;ssl=1 768w, https:\/\/i0.wp.com\/tempelherrenorden.de\/cms\/wp-content\/uploads\/2018\/04\/Saarland.jpg?resize=125%2C150&amp;ssl=1 125w, https:\/\/i0.wp.com\/tempelherrenorden.de\/cms\/wp-content\/uploads\/2018\/04\/Saarland.jpg?w=987&amp;ssl=1 987w\" sizes=\"auto, (max-width: 854px) 100vw, 854px\" \/><\/a><figcaption>Komtureiwappen<\/figcaption><\/figure>\n<\/div>\n<\/div>\n<\/div>\n<\/div>\n\n\n\n<div style=\"height:20px\" aria-hidden=\"true\" class=\"wp-block-spacer\"><\/div>\n\n\n\n<h3 class=\"wp-block-heading\" id=\"geschichte-der-komturei\">Geschichte der Komturei <\/h3>\n\n\n\n<p class=\"wp-block-paragraph\">Hier folgt demn\u00e4chst die Geschichte der Komturei im Saarland<\/p>\n\n\n\n<h3 class=\"wp-block-heading\" id=\"bernhard-von-clairvaux-namenspatron-der-komturei\">Bernhard von Clairvaux &#8211; Namenspatron der Komturei<\/h3>\n\n\n\n<p class=\"wp-block-paragraph\">Der hl. <strong>Bernhard von Clairvaux<\/strong> (*<a href=\"http:\/\/www.kathpedia.com\/index.php?title=1090\">1090<\/a> in Fontanes bei <a href=\"http:\/\/www.kathpedia.com\/index.php?title=Dijon&amp;action=edit&amp;redlink=1\">Dijon<\/a>\/<a href=\"http:\/\/www.kathpedia.com\/index.php?title=Burgund&amp;action=edit&amp;redlink=1\">Burgund<\/a>, \u2020 <a href=\"http:\/\/www.kathpedia.com\/index.php?title=20._August\">20. August<\/a> <a href=\"http:\/\/www.kathpedia.com\/index.php?title=1153\">1153<\/a> in <a href=\"http:\/\/www.kathpedia.com\/index.php?title=Clairvaux\">Clairvaux<\/a>) geh\u00f6rte zu den wichtigsten Gestalten seiner Zeit. Er war einer der ersten <a href=\"http:\/\/www.kathpedia.com\/index.php?title=Zisterzienser\">Zisterzienser<\/a>-M\u00f6nche und verhalf dem Orden wesentlichen zu seiner Verbreitung. Er wird der zweite Gr\u00fcnder des Zisterzienserordens genannt. Etwa 70 Klostergr\u00fcndungen zu seinen Lebzeiten gehen auf ihn zur\u00fcck. \n<\/p>\n\n\n\n<p class=\"wp-block-paragraph\"><a href=\"http:\/\/www.kathpedia.com\/index.php?title=Bernhard\">Bernhard<\/a> hatte mystische Gaben und lebte ein strenges Leben in <a href=\"http:\/\/www.kathpedia.com\/index.php?title=Aszese\">Aszese<\/a>. In seinem sp\u00e4teren Leben wurde er oft gebeten, in Fragen von kirchlicher Disziplin und Politik Stellung zu beziehen. Bekannt sind vor allem sein Eintreten f\u00fcr den 2. <a href=\"http:\/\/www.kathpedia.com\/index.php?title=Kreuzzug\">Kreuzzug<\/a> und die Auseinandersetzung mit <a href=\"http:\/\/www.kathpedia.com\/index.php?title=Petrus_Abelard&amp;action=edit&amp;redlink=1\">Petrus Abelard<\/a>. Bis heute inspirieren seine geistlichen Schriften zahlreiche Gl\u00e4ubige.\n<\/p>\n\n\n\n<p class=\"wp-block-paragraph\">Sein Gedenktag ist der 20. August.\n<\/p>\n\n\n\n<p class=\"wp-block-paragraph\">Patronat: Zisterzienser; Genua, Gibraltar, Burgund; Bienen, Imker; gegen Kinderkrankheiten<\/p>\n\n\n\n<p class=\"wp-block-paragraph\">Quelle: <a href=\"http:\/\/www.kathpedia.com\/index.php?title=Bernhard_von_Clairvaux\">http:\/\/www.kathpedia.com\/index.php?title=Bernhard_von_Clairvaux<\/a><\/p>\n\n\n\n<p class=\"wp-block-paragraph\">Siehe auch: <a href=\"https:\/\/de.wikipedia.org\/wiki\/Bernhard_von_Clairvaux\">https:\/\/de.wikipedia.org\/wiki\/Bernhard_von_Clairvaux<\/a><\/p>\n\n\n\n<div class=\"wp-block-columns is-layout-flex wp-container-core-columns-is-layout-8f761849 wp-block-columns-is-layout-flex\">\n<div class=\"wp-block-column is-layout-flow wp-block-column-is-layout-flow\" style=\"flex-basis:40%\">\n<h3 class=\"wp-block-heading\" id=\"beitrage-der-komturei-bernhard-von-clairvaux\">Beitr\u00e4ge der Komturei Bernhard von Clairvaux<\/h3>\n\n\n\n<div class=\"display-posts-listing image-left\"><div class=\"listing-item\"><a class=\"image\" href=\"https:\/\/tempelherrenorden.de\/cms\/870-todestag-bernhard-von-clairvaux\/\"><a href=\"https:\/\/tempelherrenorden.de\/cms\/870-todestag-bernhard-von-clairvaux\/\" title=\"870. Todestag Bernhard von Clairvaux\"><img loading=\"lazy\" decoding=\"async\" width=\"40\" height=\"40\" src=\"https:\/\/i0.wp.com\/tempelherrenorden.de\/cms\/wp-content\/uploads\/2023\/08\/Himmenrod.jpeg?resize=40%2C40&amp;ssl=1\" class=\"attachment-thumbnail size-thumbnail wp-post-image\" alt=\"\" srcset=\"https:\/\/i0.wp.com\/tempelherrenorden.de\/cms\/wp-content\/uploads\/2023\/08\/Himmenrod.jpeg?resize=40%2C40&amp;ssl=1 40w, https:\/\/i0.wp.com\/tempelherrenorden.de\/cms\/wp-content\/uploads\/2023\/08\/Himmenrod.jpeg?resize=250%2C250&amp;ssl=1 250w, https:\/\/i0.wp.com\/tempelherrenorden.de\/cms\/wp-content\/uploads\/2023\/08\/Himmenrod.jpeg?resize=45%2C45&amp;ssl=1 45w, https:\/\/i0.wp.com\/tempelherrenorden.de\/cms\/wp-content\/uploads\/2023\/08\/Himmenrod.jpeg?zoom=3&amp;resize=40%2C40&amp;ssl=1 120w\" sizes=\"auto, (max-width: 40px) 100vw, 40px\" data-attachment-id=\"4870\" data-permalink=\"https:\/\/tempelherrenorden.de\/cms\/870-todestag-bernhard-von-clairvaux\/himmenrod\/\" data-orig-file=\"https:\/\/i0.wp.com\/tempelherrenorden.de\/cms\/wp-content\/uploads\/2023\/08\/Himmenrod.jpeg?fit=1200%2C861&amp;ssl=1\" data-orig-size=\"1200,861\" data-comments-opened=\"0\" data-image-meta=\"{&quot;aperture&quot;:&quot;0&quot;,&quot;credit&quot;:&quot;&quot;,&quot;camera&quot;:&quot;&quot;,&quot;caption&quot;:&quot;&quot;,&quot;created_timestamp&quot;:&quot;0&quot;,&quot;copyright&quot;:&quot;&quot;,&quot;focal_length&quot;:&quot;0&quot;,&quot;iso&quot;:&quot;0&quot;,&quot;shutter_speed&quot;:&quot;0&quot;,&quot;title&quot;:&quot;&quot;,&quot;orientation&quot;:&quot;1&quot;}\" data-image-title=\"Himmenrod\" data-image-description=\"\" data-image-caption=\"\" data-large-file=\"https:\/\/i0.wp.com\/tempelherrenorden.de\/cms\/wp-content\/uploads\/2023\/08\/Himmenrod.jpeg?fit=1024%2C735&amp;ssl=1\" \/><\/a><\/a> <a class=\"title\" href=\"https:\/\/tempelherrenorden.de\/cms\/870-todestag-bernhard-von-clairvaux\/\">870. Todestag Bernhard von Clairvaux<\/a> <span class=\"excerpt-dash\">-<\/span> <span class=\"excerpt\">Merzig, 20. August 2023 - Zur Erinnerung an den 870. Todestag des ehrw\u00fcrdigen Bernhard von Clairvaux begab sich die gleichnamige&hellip; <span class=\"excerpt-more\">\u2026<\/span><\/span><\/div><div class=\"listing-item\"><a class=\"title\" href=\"https:\/\/tempelherrenorden.de\/cms\/konvent-der-komturei-bernhard-von-clairvaux\/\">Konvent der Komturei Bernhard von Clairvaux am 04.12.2022 im Tempelkeller<\/a> <span class=\"excerpt-dash\">-<\/span> <span class=\"excerpt\">Themen waren unter anderem Diskussionen \u00fcber \u201eGlauben heute\u201c, kirchliche Bruderschaften, aktuelle Ergebnisse der letzten DTHO-Telko.Besprochen wurden auch die M\u00f6glichkeiten f\u00fcr&hellip; <span class=\"excerpt-more\">\u2026<\/span><\/span><\/div><div class=\"listing-item\"><a class=\"image\" href=\"https:\/\/tempelherrenorden.de\/cms\/affiliiertenaufnahme-in-der-komturei-bernhard-von-clairvaux\/\"><a href=\"https:\/\/tempelherrenorden.de\/cms\/affiliiertenaufnahme-in-der-komturei-bernhard-von-clairvaux\/\" title=\"Affiliiertenaufnahme in der Komturei Bernhard von Clairvaux\"><img loading=\"lazy\" decoding=\"async\" width=\"40\" height=\"40\" src=\"https:\/\/i0.wp.com\/tempelherrenorden.de\/cms\/wp-content\/uploads\/2018\/04\/Saarland.jpg?resize=40%2C40&amp;ssl=1\" class=\"attachment-thumbnail size-thumbnail wp-post-image\" alt=\"\" srcset=\"https:\/\/i0.wp.com\/tempelherrenorden.de\/cms\/wp-content\/uploads\/2018\/04\/Saarland.jpg?resize=40%2C40&amp;ssl=1 40w, https:\/\/i0.wp.com\/tempelherrenorden.de\/cms\/wp-content\/uploads\/2018\/04\/Saarland.jpg?resize=250%2C250&amp;ssl=1 250w, https:\/\/i0.wp.com\/tempelherrenorden.de\/cms\/wp-content\/uploads\/2018\/04\/Saarland.jpg?resize=80%2C80&amp;ssl=1 80w, https:\/\/i0.wp.com\/tempelherrenorden.de\/cms\/wp-content\/uploads\/2018\/04\/Saarland.jpg?resize=50%2C50&amp;ssl=1 50w, https:\/\/i0.wp.com\/tempelherrenorden.de\/cms\/wp-content\/uploads\/2018\/04\/Saarland.jpg?resize=45%2C45&amp;ssl=1 45w\" sizes=\"auto, (max-width: 40px) 100vw, 40px\" data-attachment-id=\"2473\" data-permalink=\"https:\/\/tempelherrenorden.de\/cms\/organisation-des-deutschen-tempelherrenordens\/komtureien-und-ordenshaeuser\/komturei-bernhard-von-clairvaux\/saarland\/\" data-orig-file=\"https:\/\/i0.wp.com\/tempelherrenorden.de\/cms\/wp-content\/uploads\/2018\/04\/Saarland.jpg?fit=987%2C1184&amp;ssl=1\" data-orig-size=\"987,1184\" data-comments-opened=\"0\" data-image-meta=\"{&quot;aperture&quot;:&quot;0&quot;,&quot;credit&quot;:&quot;Eder&quot;,&quot;camera&quot;:&quot;&quot;,&quot;caption&quot;:&quot;&quot;,&quot;created_timestamp&quot;:&quot;1522316428&quot;,&quot;copyright&quot;:&quot;&quot;,&quot;focal_length&quot;:&quot;0&quot;,&quot;iso&quot;:&quot;0&quot;,&quot;shutter_speed&quot;:&quot;0&quot;,&quot;title&quot;:&quot;&quot;,&quot;orientation&quot;:&quot;0&quot;}\" data-image-title=\"Saarland\" data-image-description=\"\" data-image-caption=\"\" data-large-file=\"https:\/\/i0.wp.com\/tempelherrenorden.de\/cms\/wp-content\/uploads\/2018\/04\/Saarland.jpg?fit=854%2C1024&amp;ssl=1\" \/><\/a><\/a> <a class=\"title\" href=\"https:\/\/tempelherrenorden.de\/cms\/affiliiertenaufnahme-in-der-komturei-bernhard-von-clairvaux\/\">Affiliiertenaufnahme in der Komturei Bernhard von Clairvaux<\/a> <span class=\"excerpt-dash\">-<\/span> <span class=\"excerpt\">W\u00e4hrend eines Konvents der Komturei Bernhard von Clairvaux ist am 01.03.2020 ein Affiliierter in den Orden aufgenommen worden. \u00dcbergabe der&hellip; <span class=\"excerpt-more\">\u2026<\/span><\/span><\/div><div class=\"listing-item\"><a class=\"image\" href=\"https:\/\/tempelherrenorden.de\/cms\/segnung-der-komturei-hauskapelle-im-saarland\/\"><a href=\"https:\/\/tempelherrenorden.de\/cms\/segnung-der-komturei-hauskapelle-im-saarland\/\" title=\"Segnung der Komturei-Hauskapelle im Saarland\"><img loading=\"lazy\" decoding=\"async\" width=\"40\" height=\"40\" src=\"https:\/\/i0.wp.com\/tempelherrenorden.de\/cms\/wp-content\/uploads\/2019\/08\/Segnung-3.jpg?resize=40%2C40&amp;ssl=1\" class=\"attachment-thumbnail size-thumbnail wp-post-image\" alt=\"\" srcset=\"https:\/\/i0.wp.com\/tempelherrenorden.de\/cms\/wp-content\/uploads\/2019\/08\/Segnung-3.jpg?resize=40%2C40&amp;ssl=1 40w, https:\/\/i0.wp.com\/tempelherrenorden.de\/cms\/wp-content\/uploads\/2019\/08\/Segnung-3.jpg?resize=250%2C250&amp;ssl=1 250w, https:\/\/i0.wp.com\/tempelherrenorden.de\/cms\/wp-content\/uploads\/2019\/08\/Segnung-3.jpg?resize=45%2C45&amp;ssl=1 45w, https:\/\/i0.wp.com\/tempelherrenorden.de\/cms\/wp-content\/uploads\/2019\/08\/Segnung-3.jpg?zoom=3&amp;resize=40%2C40&amp;ssl=1 120w\" sizes=\"auto, (max-width: 40px) 100vw, 40px\" data-attachment-id=\"3497\" data-permalink=\"https:\/\/tempelherrenorden.de\/cms\/segnung-der-komturei-hauskapelle-im-saarland\/segnung-3\/\" data-orig-file=\"https:\/\/i0.wp.com\/tempelherrenorden.de\/cms\/wp-content\/uploads\/2019\/08\/Segnung-3.jpg?fit=2784%2C1568&amp;ssl=1\" data-orig-size=\"2784,1568\" data-comments-opened=\"0\" data-image-meta=\"{&quot;aperture&quot;:&quot;3.3&quot;,&quot;credit&quot;:&quot;&quot;,&quot;camera&quot;:&quot;DMC-TZ10&quot;,&quot;caption&quot;:&quot;&quot;,&quot;created_timestamp&quot;:&quot;1566733754&quot;,&quot;copyright&quot;:&quot;&quot;,&quot;focal_length&quot;:&quot;4.1&quot;,&quot;iso&quot;:&quot;400&quot;,&quot;shutter_speed&quot;:&quot;0.2&quot;,&quot;title&quot;:&quot;&quot;,&quot;orientation&quot;:&quot;1&quot;}\" data-image-title=\"Segnung-3\" data-image-description=\"\" data-image-caption=\"\" data-large-file=\"https:\/\/i0.wp.com\/tempelherrenorden.de\/cms\/wp-content\/uploads\/2019\/08\/Segnung-3.jpg?fit=1024%2C577&amp;ssl=1\" \/><\/a><\/a> <a class=\"title\" href=\"https:\/\/tempelherrenorden.de\/cms\/segnung-der-komturei-hauskapelle-im-saarland\/\">Segnung der Komturei-Hauskapelle im Saarland<\/a> <span class=\"excerpt-dash\">-<\/span> <span class=\"excerpt\">Anl\u00e4\u00dflich des Gedenktages von Bernhard von Clairvaux am 20.08.2019, dem Namenspatron der von Obr. Meinhard Fritzer gef\u00fchrten Komturei, traf sich&hellip; <span class=\"excerpt-more\">\u2026<\/span><\/span><\/div><div class=\"listing-item\"><a class=\"image\" href=\"https:\/\/tempelherrenorden.de\/cms\/1531\/\"><a href=\"https:\/\/tempelherrenorden.de\/cms\/1531\/\" title=\"SPENDENPROJEKT: F\u00d6RDERUNG DER EINHEIT VON KIND UND PFERD\"><img loading=\"lazy\" decoding=\"async\" width=\"40\" height=\"40\" src=\"https:\/\/i0.wp.com\/tempelherrenorden.de\/cms\/wp-content\/uploads\/2014\/12\/Bernhard_von_Clairvaux.jpg?resize=40%2C40&amp;ssl=1\" class=\"attachment-thumbnail size-thumbnail wp-post-image\" alt=\"Bernhard_von_Clairvaux\" srcset=\"https:\/\/i0.wp.com\/tempelherrenorden.de\/cms\/wp-content\/uploads\/2014\/12\/Bernhard_von_Clairvaux.jpg?resize=150%2C150&amp;ssl=1 150w, https:\/\/i0.wp.com\/tempelherrenorden.de\/cms\/wp-content\/uploads\/2014\/12\/Bernhard_von_Clairvaux.jpg?zoom=2&amp;resize=40%2C40&amp;ssl=1 80w\" sizes=\"auto, (max-width: 40px) 100vw, 40px\" data-attachment-id=\"161\" data-permalink=\"https:\/\/tempelherrenorden.de\/cms\/bernhard_von_clairvaux\/\" data-orig-file=\"https:\/\/i0.wp.com\/tempelherrenorden.de\/cms\/wp-content\/uploads\/2014\/12\/Bernhard_von_Clairvaux.jpg?fit=450%2C489&amp;ssl=1\" data-orig-size=\"450,489\" data-comments-opened=\"0\" data-image-meta=\"{&quot;aperture&quot;:&quot;0&quot;,&quot;credit&quot;:&quot;&quot;,&quot;camera&quot;:&quot;&quot;,&quot;caption&quot;:&quot;&quot;,&quot;created_timestamp&quot;:&quot;0&quot;,&quot;copyright&quot;:&quot;&quot;,&quot;focal_length&quot;:&quot;0&quot;,&quot;iso&quot;:&quot;0&quot;,&quot;shutter_speed&quot;:&quot;0&quot;,&quot;title&quot;:&quot;&quot;,&quot;orientation&quot;:&quot;0&quot;}\" data-image-title=\"Bernhard_von_Clairvaux\" data-image-description=\"&lt;p&gt;Bernhard_von_Clairvaux&lt;br \/&gt;\nLizenz: Public Domain&lt;br \/&gt;\nhttps:\/\/commons.wikimedia.org\/wiki\/File:Bernard_of_Clairvaux_(22946641575).jpg&lt;\/p&gt;\n\" data-image-caption=\"&lt;p&gt;Bernhard_von_Clairvaux&lt;\/p&gt;\n\" data-large-file=\"https:\/\/i0.wp.com\/tempelherrenorden.de\/cms\/wp-content\/uploads\/2014\/12\/Bernhard_von_Clairvaux.jpg?fit=450%2C489&amp;ssl=1\" \/><\/a><\/a> <a class=\"title\" href=\"https:\/\/tempelherrenorden.de\/cms\/1531\/\">SPENDENPROJEKT: F\u00d6RDERUNG DER EINHEIT VON KIND UND PFERD<\/a> <span class=\"excerpt-dash\">-<\/span> <span class=\"excerpt\">Der Komturei Bernhard v. Clairvaux - Saarland war es ein Anliegen, sich im Sinne der Ordenscaritas an die Seite hilfsbed\u00fcrftiger&hellip; <span class=\"excerpt-more\">\u2026<\/span><\/span><\/div><\/div>\n<\/div>\n\n\n\n<div class=\"wp-block-column is-layout-flow wp-block-column-is-layout-flow\" style=\"flex-basis:20%\"><\/div>\n\n\n\n<div class=\"wp-block-column is-layout-flow wp-block-column-is-layout-flow\" style=\"flex-basis:40%\">\n<h3 class=\"wp-block-heading\" id=\"termine-der-komturei-bernhard-von-clairvaux\">Termine der Komturei Bernhard von Clairvaux<\/h3>\n\n\n\n\n\t\t\t\t<div class=\"event-list\">\n\t\t\t\t<style type=\"text\/css\">\n\t\t\t\t\t.filterbar { display:table; width:100% }\n\t\t\t\t\t.filterbar > div { display:table-cell }\n\t\t\t\t<\/style>\n\t\t\t\t<!--[if lte IE 7]>\n\t\t\t\t<style>.filterbar > div { float:left }<\/style>\n\t\t\t\t<![endif]-->\n\t\t\t\t<div class=\"filterbar subsubsub\">\n\t\t\t\t\t<div style=\"text-align:left\"><ul class=\"hlist\"><li><a href=\"https:\/\/tempelherrenorden.de\/cms\/1531\/?date1=all\">Alle<\/a><\/li><li><strong>Anstehend<\/strong><\/li><li><a href=\"https:\/\/tempelherrenorden.de\/cms\/1531\/?date1=2018\">2018<\/a><\/li><\/ul>\n\t\t\t\t\t<\/div><\/div><p>Keine Veranstaltung<\/p>\n\t\t\t\t<\/div>\n<\/div>\n<\/div>\n","protected":false},"excerpt":{"rendered":"<p>Komturei Bernhard von Clairvaux Komtur: (gew\u00e4hlt) Obr. Meinhard gegr\u00fcndet: Ort: Merzig\/Saar Kontakt: Geschichte der Komturei Hier folgt demn\u00e4chst die Geschichte der Komturei im Saarland Bernhard von Clairvaux &#8211; Namenspatron der Komturei Der hl. Bernhard von Clairvaux (*1090 in Fontanes bei Dijon\/Burgund, \u2020 20. August 1153 in Clairvaux) geh\u00f6rte zu den\u2026<\/p>\n<p> <a class=\"continue-reading-link\" href=\"https:\/\/tempelherrenorden.de\/cms\/1531\/\"><span>Artikel lesen<\/span><i class=\"crycon-right-dir\"><\/i><\/a> <\/p>\n","protected":false},"author":10,"featured_media":0,"parent":1968,"menu_order":4,"comment_status":"closed","ping_status":"closed","template":"templates\/template-onecolumn.php","meta":{"_crdt_document":"","jetpack_post_was_ever_published":false,"footnotes":""},"class_list":["post-1989","page","type-page","status-publish","hentry"],"yoast_head":"<!-- This site is optimized with the Yoast SEO plugin v27.5 - https:\/\/yoast.com\/product\/yoast-seo-wordpress\/ -->\n<title>Komturei Bernhard von Clairvaux &#8226; Deutscher Tempelherren-Orden<\/title>\n<meta name=\"robots\" content=\"index, follow, max-snippet:-1, max-image-preview:large, max-video-preview:-1\" \/>\n<link rel=\"canonical\" href=\"https:\/\/tempelherrenorden.de\/cms\/organisation-des-deutschen-tempelherrenordens\/komtureien-und-ordenshaeuser\/komturei-bernhard-von-clairvaux\/\" \/>\n<meta property=\"og:locale\" content=\"de_DE\" \/>\n<meta property=\"og:type\" content=\"article\" \/>\n<meta property=\"og:title\" content=\"Komturei Bernhard von Clairvaux &#8226; Deutscher Tempelherren-Orden\" \/>\n<meta property=\"og:description\" content=\"Komturei Bernhard von Clairvaux Komtur: (gew\u00e4hlt) Obr. Meinhard gegr\u00fcndet: Ort: Merzig\/Saar Kontakt: Geschichte der Komturei Hier folgt demn\u00e4chst die Geschichte der Komturei im Saarland Bernhard von Clairvaux &#8211; Namenspatron der Komturei Der hl. Bernhard von Clairvaux (*1090 in Fontanes bei Dijon\/Burgund, \u2020 20. August 1153 in Clairvaux) geh\u00f6rte zu den\u2026 Artikel lesen\" \/>\n<meta property=\"og:url\" content=\"https:\/\/tempelherrenorden.de\/cms\/organisation-des-deutschen-tempelherrenordens\/komtureien-und-ordenshaeuser\/komturei-bernhard-von-clairvaux\/\" \/>\n<meta property=\"og:site_name\" content=\"Deutscher Tempelherren-Orden\" \/>\n<meta property=\"article:publisher\" content=\"https:\/\/www.facebook.com\/Deutscher-Tempelherren-Orden-OMCT-2054469481490772\/\" \/>\n<meta property=\"article:modified_time\" content=\"2022-01-16T15:17:08+00:00\" \/>\n<meta property=\"og:image\" content=\"https:\/\/tempelherrenorden.de\/cms\/wp-content\/uploads\/2018\/04\/Saarland-854x1024.jpg\" \/>\n<meta name=\"twitter:card\" content=\"summary_large_image\" \/>\n<meta name=\"twitter:label1\" content=\"Gesch\u00e4tzte Lesezeit\" \/>\n\t<meta name=\"twitter:data1\" content=\"2\u00a0Minuten\" \/>\n<script type=\"application\/ld+json\" class=\"yoast-schema-graph\">{\"@context\":\"https:\\\/\\\/schema.org\",\"@graph\":[{\"@type\":\"WebPage\",\"@id\":\"https:\\\/\\\/tempelherrenorden.de\\\/cms\\\/organisation-des-deutschen-tempelherrenordens\\\/komtureien-und-ordenshaeuser\\\/komturei-bernhard-von-clairvaux\\\/\",\"url\":\"https:\\\/\\\/tempelherrenorden.de\\\/cms\\\/organisation-des-deutschen-tempelherrenordens\\\/komtureien-und-ordenshaeuser\\\/komturei-bernhard-von-clairvaux\\\/\",\"name\":\"Komturei Bernhard von Clairvaux &#8226; Deutscher Tempelherren-Orden\",\"isPartOf\":{\"@id\":\"https:\\\/\\\/tempelherrenorden.de\\\/cms\\\/#website\"},\"primaryImageOfPage\":{\"@id\":\"https:\\\/\\\/tempelherrenorden.de\\\/cms\\\/organisation-des-deutschen-tempelherrenordens\\\/komtureien-und-ordenshaeuser\\\/komturei-bernhard-von-clairvaux\\\/#primaryimage\"},\"image\":{\"@id\":\"https:\\\/\\\/tempelherrenorden.de\\\/cms\\\/organisation-des-deutschen-tempelherrenordens\\\/komtureien-und-ordenshaeuser\\\/komturei-bernhard-von-clairvaux\\\/#primaryimage\"},\"thumbnailUrl\":\"https:\\\/\\\/tempelherrenorden.de\\\/cms\\\/wp-content\\\/uploads\\\/2018\\\/04\\\/Saarland-854x1024.jpg\",\"datePublished\":\"2018-02-10T14:00:47+00:00\",\"dateModified\":\"2022-01-16T15:17:08+00:00\",\"breadcrumb\":{\"@id\":\"https:\\\/\\\/tempelherrenorden.de\\\/cms\\\/organisation-des-deutschen-tempelherrenordens\\\/komtureien-und-ordenshaeuser\\\/komturei-bernhard-von-clairvaux\\\/#breadcrumb\"},\"inLanguage\":\"de\",\"potentialAction\":[{\"@type\":\"ReadAction\",\"target\":[\"https:\\\/\\\/tempelherrenorden.de\\\/cms\\\/organisation-des-deutschen-tempelherrenordens\\\/komtureien-und-ordenshaeuser\\\/komturei-bernhard-von-clairvaux\\\/\"]}]},{\"@type\":\"ImageObject\",\"inLanguage\":\"de\",\"@id\":\"https:\\\/\\\/tempelherrenorden.de\\\/cms\\\/organisation-des-deutschen-tempelherrenordens\\\/komtureien-und-ordenshaeuser\\\/komturei-bernhard-von-clairvaux\\\/#primaryimage\",\"url\":\"https:\\\/\\\/i0.wp.com\\\/tempelherrenorden.de\\\/cms\\\/wp-content\\\/uploads\\\/2018\\\/04\\\/Saarland.jpg?fit=987%2C1184&ssl=1\",\"contentUrl\":\"https:\\\/\\\/i0.wp.com\\\/tempelherrenorden.de\\\/cms\\\/wp-content\\\/uploads\\\/2018\\\/04\\\/Saarland.jpg?fit=987%2C1184&ssl=1\",\"width\":987,\"height\":1184},{\"@type\":\"BreadcrumbList\",\"@id\":\"https:\\\/\\\/tempelherrenorden.de\\\/cms\\\/organisation-des-deutschen-tempelherrenordens\\\/komtureien-und-ordenshaeuser\\\/komturei-bernhard-von-clairvaux\\\/#breadcrumb\",\"itemListElement\":[{\"@type\":\"ListItem\",\"position\":1,\"name\":\"Startseite\",\"item\":\"https:\\\/\\\/tempelherrenorden.de\\\/cms\\\/\"},{\"@type\":\"ListItem\",\"position\":2,\"name\":\"Organisation\",\"item\":\"https:\\\/\\\/tempelherrenorden.de\\\/cms\\\/organisation-des-deutschen-tempelherrenordens\\\/\"},{\"@type\":\"ListItem\",\"position\":3,\"name\":\"Komtureien und Ordensh\u00e4user\",\"item\":\"https:\\\/\\\/tempelherrenorden.de\\\/cms\\\/organisation-des-deutschen-tempelherrenordens\\\/komtureien-und-ordenshaeuser\\\/\"},{\"@type\":\"ListItem\",\"position\":4,\"name\":\"Komturei Bernhard von Clairvaux\"}]},{\"@type\":\"WebSite\",\"@id\":\"https:\\\/\\\/tempelherrenorden.de\\\/cms\\\/#website\",\"url\":\"https:\\\/\\\/tempelherrenorden.de\\\/cms\\\/\",\"name\":\"Deutscher Tempelherren-Orden\",\"description\":\"\",\"publisher\":{\"@id\":\"https:\\\/\\\/tempelherrenorden.de\\\/cms\\\/#organization\"},\"potentialAction\":[{\"@type\":\"SearchAction\",\"target\":{\"@type\":\"EntryPoint\",\"urlTemplate\":\"https:\\\/\\\/tempelherrenorden.de\\\/cms\\\/?s={search_term_string}\"},\"query-input\":{\"@type\":\"PropertyValueSpecification\",\"valueRequired\":true,\"valueName\":\"search_term_string\"}}],\"inLanguage\":\"de\"},{\"@type\":\"Organization\",\"@id\":\"https:\\\/\\\/tempelherrenorden.de\\\/cms\\\/#organization\",\"name\":\"Deutscher Tempelherren-Orden OMCT e.V.\",\"url\":\"https:\\\/\\\/tempelherrenorden.de\\\/cms\\\/\",\"logo\":{\"@type\":\"ImageObject\",\"inLanguage\":\"de\",\"@id\":\"https:\\\/\\\/tempelherrenorden.de\\\/cms\\\/#\\\/schema\\\/logo\\\/image\\\/\",\"url\":\"https:\\\/\\\/i0.wp.com\\\/tempelherrenorden.de\\\/cms\\\/wp-content\\\/uploads\\\/2018\\\/01\\\/OMCT-Wappen.jpg?fit=997%2C1198&ssl=1\",\"contentUrl\":\"https:\\\/\\\/i0.wp.com\\\/tempelherrenorden.de\\\/cms\\\/wp-content\\\/uploads\\\/2018\\\/01\\\/OMCT-Wappen.jpg?fit=997%2C1198&ssl=1\",\"width\":997,\"height\":1198,\"caption\":\"Deutscher Tempelherren-Orden OMCT e.V.\"},\"image\":{\"@id\":\"https:\\\/\\\/tempelherrenorden.de\\\/cms\\\/#\\\/schema\\\/logo\\\/image\\\/\"},\"sameAs\":[\"https:\\\/\\\/www.facebook.com\\\/Deutscher-Tempelherren-Orden-OMCT-2054469481490772\\\/\"]}]}<\/script>\n<!-- \/ Yoast SEO plugin. -->","yoast_head_json":{"title":"Komturei Bernhard von Clairvaux &#8226; Deutscher Tempelherren-Orden","robots":{"index":"index","follow":"follow","max-snippet":"max-snippet:-1","max-image-preview":"max-image-preview:large","max-video-preview":"max-video-preview:-1"},"canonical":"https:\/\/tempelherrenorden.de\/cms\/organisation-des-deutschen-tempelherrenordens\/komtureien-und-ordenshaeuser\/komturei-bernhard-von-clairvaux\/","og_locale":"de_DE","og_type":"article","og_title":"Komturei Bernhard von Clairvaux &#8226; Deutscher Tempelherren-Orden","og_description":"Komturei Bernhard von Clairvaux Komtur: (gew\u00e4hlt) Obr. Meinhard gegr\u00fcndet: Ort: Merzig\/Saar Kontakt: Geschichte der Komturei Hier folgt demn\u00e4chst die Geschichte der Komturei im Saarland Bernhard von Clairvaux &#8211; Namenspatron der Komturei Der hl. Bernhard von Clairvaux (*1090 in Fontanes bei Dijon\/Burgund, \u2020 20. August 1153 in Clairvaux) geh\u00f6rte zu den\u2026 Artikel lesen","og_url":"https:\/\/tempelherrenorden.de\/cms\/organisation-des-deutschen-tempelherrenordens\/komtureien-und-ordenshaeuser\/komturei-bernhard-von-clairvaux\/","og_site_name":"Deutscher Tempelherren-Orden","article_publisher":"https:\/\/www.facebook.com\/Deutscher-Tempelherren-Orden-OMCT-2054469481490772\/","article_modified_time":"2022-01-16T15:17:08+00:00","og_image":[{"url":"https:\/\/tempelherrenorden.de\/cms\/wp-content\/uploads\/2018\/04\/Saarland-854x1024.jpg","type":"","width":"","height":""}],"twitter_card":"summary_large_image","twitter_misc":{"Gesch\u00e4tzte Lesezeit":"2\u00a0Minuten"},"schema":{"@context":"https:\/\/schema.org","@graph":[{"@type":"WebPage","@id":"https:\/\/tempelherrenorden.de\/cms\/organisation-des-deutschen-tempelherrenordens\/komtureien-und-ordenshaeuser\/komturei-bernhard-von-clairvaux\/","url":"https:\/\/tempelherrenorden.de\/cms\/organisation-des-deutschen-tempelherrenordens\/komtureien-und-ordenshaeuser\/komturei-bernhard-von-clairvaux\/","name":"Komturei Bernhard von Clairvaux &#8226; Deutscher Tempelherren-Orden","isPartOf":{"@id":"https:\/\/tempelherrenorden.de\/cms\/#website"},"primaryImageOfPage":{"@id":"https:\/\/tempelherrenorden.de\/cms\/organisation-des-deutschen-tempelherrenordens\/komtureien-und-ordenshaeuser\/komturei-bernhard-von-clairvaux\/#primaryimage"},"image":{"@id":"https:\/\/tempelherrenorden.de\/cms\/organisation-des-deutschen-tempelherrenordens\/komtureien-und-ordenshaeuser\/komturei-bernhard-von-clairvaux\/#primaryimage"},"thumbnailUrl":"https:\/\/tempelherrenorden.de\/cms\/wp-content\/uploads\/2018\/04\/Saarland-854x1024.jpg","datePublished":"2018-02-10T14:00:47+00:00","dateModified":"2022-01-16T15:17:08+00:00","breadcrumb":{"@id":"https:\/\/tempelherrenorden.de\/cms\/organisation-des-deutschen-tempelherrenordens\/komtureien-und-ordenshaeuser\/komturei-bernhard-von-clairvaux\/#breadcrumb"},"inLanguage":"de","potentialAction":[{"@type":"ReadAction","target":["https:\/\/tempelherrenorden.de\/cms\/organisation-des-deutschen-tempelherrenordens\/komtureien-und-ordenshaeuser\/komturei-bernhard-von-clairvaux\/"]}]},{"@type":"ImageObject","inLanguage":"de","@id":"https:\/\/tempelherrenorden.de\/cms\/organisation-des-deutschen-tempelherrenordens\/komtureien-und-ordenshaeuser\/komturei-bernhard-von-clairvaux\/#primaryimage","url":"https:\/\/i0.wp.com\/tempelherrenorden.de\/cms\/wp-content\/uploads\/2018\/04\/Saarland.jpg?fit=987%2C1184&ssl=1","contentUrl":"https:\/\/i0.wp.com\/tempelherrenorden.de\/cms\/wp-content\/uploads\/2018\/04\/Saarland.jpg?fit=987%2C1184&ssl=1","width":987,"height":1184},{"@type":"BreadcrumbList","@id":"https:\/\/tempelherrenorden.de\/cms\/organisation-des-deutschen-tempelherrenordens\/komtureien-und-ordenshaeuser\/komturei-bernhard-von-clairvaux\/#breadcrumb","itemListElement":[{"@type":"ListItem","position":1,"name":"Startseite","item":"https:\/\/tempelherrenorden.de\/cms\/"},{"@type":"ListItem","position":2,"name":"Organisation","item":"https:\/\/tempelherrenorden.de\/cms\/organisation-des-deutschen-tempelherrenordens\/"},{"@type":"ListItem","position":3,"name":"Komtureien und Ordensh\u00e4user","item":"https:\/\/tempelherrenorden.de\/cms\/organisation-des-deutschen-tempelherrenordens\/komtureien-und-ordenshaeuser\/"},{"@type":"ListItem","position":4,"name":"Komturei Bernhard von Clairvaux"}]},{"@type":"WebSite","@id":"https:\/\/tempelherrenorden.de\/cms\/#website","url":"https:\/\/tempelherrenorden.de\/cms\/","name":"Deutscher Tempelherren-Orden","description":"","publisher":{"@id":"https:\/\/tempelherrenorden.de\/cms\/#organization"},"potentialAction":[{"@type":"SearchAction","target":{"@type":"EntryPoint","urlTemplate":"https:\/\/tempelherrenorden.de\/cms\/?s={search_term_string}"},"query-input":{"@type":"PropertyValueSpecification","valueRequired":true,"valueName":"search_term_string"}}],"inLanguage":"de"},{"@type":"Organization","@id":"https:\/\/tempelherrenorden.de\/cms\/#organization","name":"Deutscher Tempelherren-Orden OMCT e.V.","url":"https:\/\/tempelherrenorden.de\/cms\/","logo":{"@type":"ImageObject","inLanguage":"de","@id":"https:\/\/tempelherrenorden.de\/cms\/#\/schema\/logo\/image\/","url":"https:\/\/i0.wp.com\/tempelherrenorden.de\/cms\/wp-content\/uploads\/2018\/01\/OMCT-Wappen.jpg?fit=997%2C1198&ssl=1","contentUrl":"https:\/\/i0.wp.com\/tempelherrenorden.de\/cms\/wp-content\/uploads\/2018\/01\/OMCT-Wappen.jpg?fit=997%2C1198&ssl=1","width":997,"height":1198,"caption":"Deutscher Tempelherren-Orden OMCT e.V."},"image":{"@id":"https:\/\/tempelherrenorden.de\/cms\/#\/schema\/logo\/image\/"},"sameAs":["https:\/\/www.facebook.com\/Deutscher-Tempelherren-Orden-OMCT-2054469481490772\/"]}]}},"jetpack_shortlink":"https:\/\/wp.me\/P5yQvL-w5","jetpack_sharing_enabled":true,"_links":{"self":[{"href":"https:\/\/tempelherrenorden.de\/cms\/wp-json\/wp\/v2\/pages\/1989","targetHints":{"allow":["GET"]}}],"collection":[{"href":"https:\/\/tempelherrenorden.de\/cms\/wp-json\/wp\/v2\/pages"}],"about":[{"href":"https:\/\/tempelherrenorden.de\/cms\/wp-json\/wp\/v2\/types\/page"}],"author":[{"embeddable":true,"href":"https:\/\/tempelherrenorden.de\/cms\/wp-json\/wp\/v2\/users\/10"}],"replies":[{"embeddable":true,"href":"https:\/\/tempelherrenorden.de\/cms\/wp-json\/wp\/v2\/comments?post=1989"}],"version-history":[{"count":24,"href":"https:\/\/tempelherrenorden.de\/cms\/wp-json\/wp\/v2\/pages\/1989\/revisions"}],"predecessor-version":[{"id":4477,"href":"https:\/\/tempelherrenorden.de\/cms\/wp-json\/wp\/v2\/pages\/1989\/revisions\/4477"}],"up":[{"embeddable":true,"href":"https:\/\/tempelherrenorden.de\/cms\/wp-json\/wp\/v2\/pages\/1968"}],"wp:attachment":[{"href":"https:\/\/tempelherrenorden.de\/cms\/wp-json\/wp\/v2\/media?parent=1989"}],"curies":[{"name":"wp","href":"https:\/\/api.w.org\/{rel}","templated":true}]}}