{"id":2296,"date":"2018-04-07T14:44:43","date_gmt":"2018-04-07T12:44:43","guid":{"rendered":"http:\/\/tempelherrenorden.de\/cms\/?page_id=2296"},"modified":"2024-05-05T15:54:34","modified_gmt":"2024-05-05T13:54:34","slug":"unsere-geschichte","status":"publish","type":"page","link":"https:\/\/tempelherrenorden.de\/cms\/unsere-geschichte\/","title":{"rendered":"Unsere Geschichte"},"content":{"rendered":"\n<h2 class=\"wp-block-heading\">Die Geschichte des Tempelherrenordens<\/h2>\n\n\n\n<div class=\"wp-block-group\"><div class=\"wp-block-group__inner-container is-layout-flow wp-block-group-is-layout-flow\">\n<p class=\"wp-block-paragraph\">Die Geschichte des Templerordens &#8211; eine durchwachsene und mit Mythen behaftete 900 j\u00e4hrige Geschichte. Gr\u00fcndung zur Zeit der Kreuzz\u00fcge, Verfolgung durch die M\u00e4chtigen Europas, Wiederbelebung des Ordens im 18. Jahrhundert in Frankreich und Entstehung des modernen Ordens in den 1950er Jahren in N\u00fcrnberg. In den nachfolgenden Bereichen wollen wir Ihnen einen \u00dcberblick \u00fcber den Tempelherrenorden vom Mittelalter bis in die Gegenwart geben.<\/p>\n\n\n\n<div style=\"height:40px\" aria-hidden=\"true\" class=\"wp-block-spacer\"><\/div>\n<\/div><\/div>\n\n\n\n<h3 class=\"wp-block-heading\">Im Mittelalter &#8211; Von den Kreuzz\u00fcgen bis zum Templerpogrom<\/h3>\n\n\n\n<p class=\"wp-block-paragraph\">Durch die Nachricht des Sieges der Kreuzfahrer im Jahre des Herrn 1099 in der Schlacht um Jerusalem, str\u00f6mten immer mehr christliche Pilger ins Heilige Land. Die Pilger besuchten dabei nicht nur das Heilige Grab, sondern auch die vielen heiligen St\u00e4tten in Jud\u00e4a, Samaria, Jericho und den Jordan. Die meisten Pilger waren mit einer Pilgertasche und- stab und keinen Waffen ausger\u00fcstet. Selten konnten sich die Pilger nun den Angriffen von Beduinen, feindseligen Muslimen und sarazenischen R\u00e4uber zur Wehr setzen.<\/p>\n\n\n<div class=\"wp-block-image\">\n<figure class=\"alignright size-medium\"><a  href=\"https:\/\/i0.wp.com\/tempelherrenorden.de\/cms\/wp-content\/uploads\/2018\/03\/PD_Baldwin_II_ceeding_the_Temple_of_Salomon_to_Hugues_de_Payens_and_Gaudefroy_de_Saint-Homer.jpg?ssl=1\" data-rel=\"lightbox-gallery-0\" data-rl_title=\"K\u00f6nig Balduin der II \u00fcbergibt den Salomonischen Tempel an Hugo de Payns und Gottfried von Saint-Omer\" data-rl_caption=\"K\u00f6nig Balduin der II \u00fcbergibt den Salomonischen Tempel an Hugo de Payns und Gottfried von Saint-Omer\" title=\"K\u00f6nig Balduin der II \u00fcbergibt den Salomonischen Tempel an Hugo de Payns und Gottfried von Saint-Omer\"><img data-recalc-dims=\"1\" loading=\"lazy\" decoding=\"async\" width=\"300\" height=\"195\" data-attachment-id=\"2323\" data-permalink=\"https:\/\/tempelherrenorden.de\/cms\/unsere-geschichte\/pd_baldwin_ii_ceeding_the_temple_of_salomon_to_hugues_de_payens_and_gaudefroy_de_saint-homer\/\" data-orig-file=\"https:\/\/i0.wp.com\/tempelherrenorden.de\/cms\/wp-content\/uploads\/2018\/03\/PD_Baldwin_II_ceeding_the_Temple_of_Salomon_to_Hugues_de_Payens_and_Gaudefroy_de_Saint-Homer.jpg?fit=1275%2C827&amp;ssl=1\" data-orig-size=\"1275,827\" data-comments-opened=\"0\" data-image-meta=\"{&quot;aperture&quot;:&quot;3.5&quot;,&quot;credit&quot;:&quot;&quot;,&quot;camera&quot;:&quot;DSC-T10&quot;,&quot;caption&quot;:&quot;&quot;,&quot;created_timestamp&quot;:&quot;1195291207&quot;,&quot;copyright&quot;:&quot;&quot;,&quot;focal_length&quot;:&quot;6.33&quot;,&quot;iso&quot;:&quot;320&quot;,&quot;shutter_speed&quot;:&quot;0.1&quot;,&quot;title&quot;:&quot;&quot;,&quot;orientation&quot;:&quot;0&quot;}\" data-image-title=\"Baldwin II ceeding the Temple of Salomon to Hugues de Payens and Gaudefroy de Saint-Homer\" data-image-description=\"&lt;p&gt;Lizenz: Public Domain&lt;br \/&gt;\nhttps:\/\/commons.wikimedia.org\/wiki\/File:Baldwin_II_ceeding_the_Temple_of_Salomon_to_Hugues_de_Payens_and_Gaudefroy_de_Saint-Homer.jpg&lt;\/p&gt;\n\" data-image-caption=\"&lt;p&gt;K\u00f6nig Balduin der II \u00fcbergibt den Salomonischen Tempel an Hugo de Payns und Gottfried von Saint-Omer&lt;\/p&gt;\n\" data-large-file=\"https:\/\/i0.wp.com\/tempelherrenorden.de\/cms\/wp-content\/uploads\/2018\/03\/PD_Baldwin_II_ceeding_the_Temple_of_Salomon_to_Hugues_de_Payens_and_Gaudefroy_de_Saint-Homer.jpg?fit=1024%2C664&amp;ssl=1\" src=\"https:\/\/i0.wp.com\/tempelherrenorden.de\/cms\/wp-content\/uploads\/2018\/03\/PD_Baldwin_II_ceeding_the_Temple_of_Salomon_to_Hugues_de_Payens_and_Gaudefroy_de_Saint-Homer.jpg?resize=300%2C195&#038;ssl=1\" alt=\"\" class=\"wp-image-2323\" srcset=\"https:\/\/i0.wp.com\/tempelherrenorden.de\/cms\/wp-content\/uploads\/2018\/03\/PD_Baldwin_II_ceeding_the_Temple_of_Salomon_to_Hugues_de_Payens_and_Gaudefroy_de_Saint-Homer.jpg?resize=300%2C195&amp;ssl=1 300w, https:\/\/i0.wp.com\/tempelherrenorden.de\/cms\/wp-content\/uploads\/2018\/03\/PD_Baldwin_II_ceeding_the_Temple_of_Salomon_to_Hugues_de_Payens_and_Gaudefroy_de_Saint-Homer.jpg?resize=768%2C498&amp;ssl=1 768w, https:\/\/i0.wp.com\/tempelherrenorden.de\/cms\/wp-content\/uploads\/2018\/03\/PD_Baldwin_II_ceeding_the_Temple_of_Salomon_to_Hugues_de_Payens_and_Gaudefroy_de_Saint-Homer.jpg?resize=1024%2C664&amp;ssl=1 1024w, https:\/\/i0.wp.com\/tempelherrenorden.de\/cms\/wp-content\/uploads\/2018\/03\/PD_Baldwin_II_ceeding_the_Temple_of_Salomon_to_Hugues_de_Payens_and_Gaudefroy_de_Saint-Homer.jpg?resize=150%2C97&amp;ssl=1 150w, https:\/\/i0.wp.com\/tempelherrenorden.de\/cms\/wp-content\/uploads\/2018\/03\/PD_Baldwin_II_ceeding_the_Temple_of_Salomon_to_Hugues_de_Payens_and_Gaudefroy_de_Saint-Homer.jpg?w=1275&amp;ssl=1 1275w\" sizes=\"auto, (max-width: 300px) 100vw, 300px\" \/><\/a><figcaption class=\"wp-element-caption\">K\u00f6nig Balduin II. \u00fcbergibt den Salomonischen Tempel an Hugo de Payns und Gottfried von Saint-Omer<\/figcaption><\/figure>\n<\/div>\n\n\n<p class=\"wp-block-paragraph\">Hugo de Payns wollte Abhilfe schaffen und gr\u00fcndete 1120 zusammen mit acht weiteren Rittern, Godefroy de Saint-Omer, Andr\u00e9 de Montbard, Gundomer, Gudfried, Roland, Payen de Montidier, Godfroy Bisol und Archibald de Saint-Amand, den ersten monastischen Ritterorden.<\/p>\n\n\n\n<p class=\"wp-block-paragraph\">Dieser Orden vereinte das Unvereinbare \u2013 n\u00e4mliche den M\u00f6nchsorden und die Rittergemeinschaft \u2013 in dieser Neuordnung. Sein Hauptzweck war der Schutz der Pilger im Heiligen Land. Das ihnen von K\u00f6nig Balduin zugewiesene Quartier war ein Teil der heutigen al-Aqsa Moschee auf den Mauern des salomonischen Tempels.<\/p>\n\n\n\n<p class=\"wp-block-paragraph\">Quellen berichten, dass die Arme Ritterschaft Christi vom salomonischen Tempel, wie die Ritter von da an hie\u00dfen, auch Juden und Moslems auf dem Tempelberg beten lie\u00dfen, wenn sie es leise taten.<\/p>\n\n\n\n<h4 class=\"wp-block-heading\">Kirchliche Anerkennung<\/h4>\n\n\n<div class=\"wp-block-image\">\n<figure class=\"alignleft size-large\"><a  href=\"https:\/\/i0.wp.com\/tempelherrenorden.de\/cms\/wp-content\/uploads\/2018\/03\/PD_Bernhard_von_Clairvaux_Initiale-B.png?ssl=1\" data-rel=\"lightbox-gallery-0\" data-rl_title=\"\" data-rl_caption=\"\" title=\"\"><img data-recalc-dims=\"1\" loading=\"lazy\" decoding=\"async\" width=\"208\" height=\"250\" data-attachment-id=\"2326\" data-permalink=\"https:\/\/tempelherrenorden.de\/cms\/unsere-geschichte\/pd_bernhard_von_clairvaux_initiale-b\/\" data-orig-file=\"https:\/\/i0.wp.com\/tempelherrenorden.de\/cms\/wp-content\/uploads\/2018\/03\/PD_Bernhard_von_Clairvaux_Initiale-B.png?fit=208%2C250&amp;ssl=1\" data-orig-size=\"208,250\" data-comments-opened=\"0\" data-image-meta=\"{&quot;aperture&quot;:&quot;0&quot;,&quot;credit&quot;:&quot;&quot;,&quot;camera&quot;:&quot;&quot;,&quot;caption&quot;:&quot;&quot;,&quot;created_timestamp&quot;:&quot;0&quot;,&quot;copyright&quot;:&quot;&quot;,&quot;focal_length&quot;:&quot;0&quot;,&quot;iso&quot;:&quot;0&quot;,&quot;shutter_speed&quot;:&quot;0&quot;,&quot;title&quot;:&quot;&quot;,&quot;orientation&quot;:&quot;0&quot;}\" data-image-title=\"Bernhard von Clairvaux (Initiale-B)\" data-image-description=\"&lt;p&gt;Lizenz: Public Domain&lt;br \/&gt;\nhttps:\/\/commons.wikimedia.org\/wiki\/File:Bernhard_von_Clairvaux_(Initiale-B).jpg&lt;\/p&gt;\n\" data-image-caption=\"\" data-large-file=\"https:\/\/i0.wp.com\/tempelherrenorden.de\/cms\/wp-content\/uploads\/2018\/03\/PD_Bernhard_von_Clairvaux_Initiale-B.png?fit=208%2C250&amp;ssl=1\" src=\"https:\/\/i0.wp.com\/tempelherrenorden.de\/cms\/wp-content\/uploads\/2018\/03\/PD_Bernhard_von_Clairvaux_Initiale-B.png?resize=208%2C250&#038;ssl=1\" alt=\"\" class=\"wp-image-2326\" srcset=\"https:\/\/i0.wp.com\/tempelherrenorden.de\/cms\/wp-content\/uploads\/2018\/03\/PD_Bernhard_von_Clairvaux_Initiale-B.png?w=208&amp;ssl=1 208w, https:\/\/i0.wp.com\/tempelherrenorden.de\/cms\/wp-content\/uploads\/2018\/03\/PD_Bernhard_von_Clairvaux_Initiale-B.png?resize=125%2C150&amp;ssl=1 125w\" sizes=\"auto, (max-width: 208px) 100vw, 208px\" \/><\/a><\/figure>\n<\/div>\n\n\n<p class=\"wp-block-paragraph\">Auf dem Konzil von Troyes 1129 bekam der Templerorden von Papst Honorius II. die kirchliche Anerkennung. Die Ordensregeln wurden von Bernhard von Clairvaux verfasst und auch bei dem Konzil von Troyes anerkannt. Als Gewandung bekamen die Ritter den wei\u00dfen Mantel, der an die Gewandung der Zisterzienser erinnern sollte und das rote Kreuz. Ebenso orientierte sich das spartanische Leben der Tempelritter an dem der Zisterzienser.<\/p>\n\n\n\n<p class=\"wp-block-paragraph\">In ihren Bem\u00fchungen um den Schutz der Wallfahrer entstanden im Heiligen Land ein Netz aus Burgen und Befestigungsanlagen.<\/p>\n\n\n\n<p class=\"wp-block-paragraph\">Ab 1135 wurde, angeregt durch Papst Innozenz II., eine Templer-Bruderschaft zur finanziellen Unterst\u00fctzung der Templer gegr\u00fcndet. Die bedeutete, dass sowohl nicht aus dem Adel stammende Personen, als auch Frauen der Laienbruderschaft, unter Einzug ihres Besitzes, beitreten konnten. Ab diesem Zeitpunkt standen sie unter dem Schutz des Ordens. Noch heute findet man in Deutschland Geb\u00e4ude oder Gebietsbezeichnungen, die auf diese Schenkungen zur\u00fcck zu f\u00fchren sind; z.B. Berlin-Tempelhof.<\/p>\n\n\n\n<h4 class=\"wp-block-heading\">Kreuzz\u00fcge<\/h4>\n\n\n<div class=\"wp-block-image\">\n<figure class=\"alignright size-large\"><a  href=\"https:\/\/i0.wp.com\/tempelherrenorden.de\/cms\/wp-content\/uploads\/2015\/01\/start_templer.gif?ssl=1\" data-rel=\"lightbox-gallery-0\" data-rl_title=\"\" data-rl_caption=\"\" title=\"\"><img data-recalc-dims=\"1\" loading=\"lazy\" decoding=\"async\" width=\"191\" height=\"289\" data-attachment-id=\"224\" data-permalink=\"https:\/\/tempelherrenorden.de\/cms\/unser-auftrag\/start_templer\/\" data-orig-file=\"https:\/\/i0.wp.com\/tempelherrenorden.de\/cms\/wp-content\/uploads\/2015\/01\/start_templer.gif?fit=191%2C289&amp;ssl=1\" data-orig-size=\"191,289\" data-comments-opened=\"0\" data-image-meta=\"{&quot;aperture&quot;:&quot;0&quot;,&quot;credit&quot;:&quot;&quot;,&quot;camera&quot;:&quot;&quot;,&quot;caption&quot;:&quot;&quot;,&quot;created_timestamp&quot;:&quot;0&quot;,&quot;copyright&quot;:&quot;&quot;,&quot;focal_length&quot;:&quot;0&quot;,&quot;iso&quot;:&quot;0&quot;,&quot;shutter_speed&quot;:&quot;0&quot;,&quot;title&quot;:&quot;&quot;,&quot;orientation&quot;:&quot;0&quot;}\" data-image-title=\"Templer\" data-image-description=\"\" data-image-caption=\"\" data-large-file=\"https:\/\/i0.wp.com\/tempelherrenorden.de\/cms\/wp-content\/uploads\/2015\/01\/start_templer.gif?fit=191%2C289&amp;ssl=1\" src=\"https:\/\/i0.wp.com\/tempelherrenorden.de\/cms\/wp-content\/uploads\/2015\/01\/start_templer.gif?resize=191%2C289&#038;ssl=1\" alt=\"\" class=\"wp-image-224\"\/><\/a><figcaption class=\"wp-element-caption\">\u00a9  Andrew Jamieson <\/figcaption><\/figure>\n<\/div>\n\n\n<p class=\"wp-block-paragraph\">Der Orden war an sechs Kreuzz\u00fcgen beteiligt und tr\u00e4gt daher eine historische Mitverantwortung an den Gr\u00e4ueltaten eines Krieges zweier Weltreligionen. Historische, christliche und islamische, Quellen berichten von dem diplomatischen Verh\u00e4ltnis zwischen den Templern und den Sultanen. Die bekanntesten Pers\u00f6nlichkeiten waren K\u00f6nig Richard I. L\u00f6wenherz und Sultan Saladin.<\/p>\n\n\n\n<p class=\"wp-block-paragraph\">Mehr als 15.000 Ordensangeh\u00f6rige hatten in \u00fcber 9.000 Besitzungen zur Aufgabe, den Bedarf an allem M\u00f6glichen, f\u00fcr den Kampf in und um Pal\u00e4stina zu decken. Verleihgesch\u00e4fte vor allem mit Reisenden, so entstand der Vorl\u00e4ufer des Reiseschecks, f\u00fchrte zu einer regelm\u00e4\u00dfigen finanzgesch\u00e4ftlichen Beteiligung. Der dadurch erworbene exzellente Ruf in den damaligen Finanzkreisen f\u00fchrte dazu, dass sogar Muslime die Dienste der Tempelritter in finanziellen Angelegenheiten in Anspruch nahmen.<\/p>\n\n\n\n<h4 class=\"wp-block-heading\">Zerschlagung und Templerpogrom<\/h4>\n\n\n\n<p class=\"wp-block-paragraph\">Die finanzielle Gr\u00f6\u00dfe, die diplomatischen Beziehungen zu Muslimen, der bedingungslose Gehorsam der Ritter und ihre daraus resultierende Macht war K\u00f6nig Philipp IV. von Frankreich ein Dorn im Auge.<\/p>\n\n\n\n<p class=\"wp-block-paragraph\">Als die Tempelritter ihm seine Aufnahme in den Orden verwehrten ging er ab 1307 mit beispielloser Gewalt gegen den Orden vor. Erst 1312 erreichte er, nach immensem Druck auf <a href=\"https:\/\/de.wikipedia.org\/wiki\/Clemens_V.\">Papst Clemens V<\/a>., ohne die Zustimmung des Konzils von Vienne, die Aufl\u00f6sung des Ordens. Am 22.03.1312 fielen durch die Bulle \u201evox in excelso\u201c fast alle weltlichen G\u00fcter des Tempelherrenordens den Johannitern zu.<\/p>\n\n\n\n<figure class=\"wp-block-image size-large\"><a  href=\"https:\/\/i0.wp.com\/tempelherrenorden.de\/cms\/wp-content\/uploads\/2018\/03\/PD_Hinrichtung-Templer.jpg?ssl=1\" data-rel=\"lightbox-gallery-0\" data-rl_title=\"\" data-rl_caption=\"\" title=\"\"><img data-recalc-dims=\"1\" loading=\"lazy\" decoding=\"async\" width=\"342\" height=\"314\" data-attachment-id=\"2331\" data-permalink=\"https:\/\/tempelherrenorden.de\/cms\/unsere-geschichte\/pd_hinrichtung-templer\/\" data-orig-file=\"https:\/\/i0.wp.com\/tempelherrenorden.de\/cms\/wp-content\/uploads\/2018\/03\/PD_Hinrichtung-Templer.jpg?fit=342%2C314&amp;ssl=1\" data-orig-size=\"342,314\" data-comments-opened=\"0\" data-image-meta=\"{&quot;aperture&quot;:&quot;0&quot;,&quot;credit&quot;:&quot;&quot;,&quot;camera&quot;:&quot;&quot;,&quot;caption&quot;:&quot;&quot;,&quot;created_timestamp&quot;:&quot;0&quot;,&quot;copyright&quot;:&quot;&quot;,&quot;focal_length&quot;:&quot;0&quot;,&quot;iso&quot;:&quot;0&quot;,&quot;shutter_speed&quot;:&quot;0&quot;,&quot;title&quot;:&quot;&quot;,&quot;orientation&quot;:&quot;0&quot;}\" data-image-title=\"Hinrichtung Jaques de Molay und Geoffroy de Charnay\" data-image-description=\"&lt;p&gt;Lizenz: unbekannt, wahrscheinlich gemeinfrei aufgrund des Alters&lt;br \/&gt;\nhttps:\/\/de.wikipedia.org\/wiki\/Datei:Hinrichtung-Templer.jpg&lt;\/p&gt;\n\" data-image-caption=\"\" data-large-file=\"https:\/\/i0.wp.com\/tempelherrenorden.de\/cms\/wp-content\/uploads\/2018\/03\/PD_Hinrichtung-Templer.jpg?fit=342%2C314&amp;ssl=1\" src=\"https:\/\/i0.wp.com\/tempelherrenorden.de\/cms\/wp-content\/uploads\/2018\/03\/PD_Hinrichtung-Templer.jpg?resize=342%2C314&#038;ssl=1\" alt=\"\" class=\"wp-image-2331\" srcset=\"https:\/\/i0.wp.com\/tempelherrenorden.de\/cms\/wp-content\/uploads\/2018\/03\/PD_Hinrichtung-Templer.jpg?w=342&amp;ssl=1 342w, https:\/\/i0.wp.com\/tempelherrenorden.de\/cms\/wp-content\/uploads\/2018\/03\/PD_Hinrichtung-Templer.jpg?resize=300%2C275&amp;ssl=1 300w, https:\/\/i0.wp.com\/tempelherrenorden.de\/cms\/wp-content\/uploads\/2018\/03\/PD_Hinrichtung-Templer.jpg?resize=150%2C138&amp;ssl=1 150w\" sizes=\"auto, (max-width: 342px) 100vw, 342px\" \/><\/a><\/figure>\n\n\n\n<p class=\"wp-block-paragraph\">Am 18.03.1314 lie\u00df <a href=\"https:\/\/de.wikipedia.org\/wiki\/Philipp_IV._(Frankreich)\">Philipp IV<\/a>. den letzten Gro\u00dfmeister des Templerordens, <a href=\"https:\/\/de.wikipedia.org\/wiki\/Jacques_de_Molay\">Jacques de Molay<\/a>, wie auch viele Ordensbr\u00fcder vor ihm, auf der Isle de Cit\u00e9 (Paris) auf einem Scheiterhaufen verbrennen.<\/p>\n\n\n\n<p class=\"wp-block-paragraph\">Ein Schuldspruch im Sinne des kanonischen Rechts war nie erfolgt. Die Aufhebung des Ordens erfolgte mit der Begr\u00fcndung der allgemeinen Unruhe und der \u00fcblen Nachrede, die w\u00e4hrend und durch den Prozess entstand.<\/p>\n\n\n\n<p class=\"wp-block-paragraph\">Der Orden lebte in Schottland, Spanien und Portugal unter anderem Namen weiter. In Deutschland wechselte die Mehrheit der Tempelritter zum <a href=\"https:\/\/de.wikipedia.org\/wiki\/Deutscher_Orden\">Deutschorden<\/a>.<\/p>\n\n\n\n<div style=\"height:50px\" aria-hidden=\"true\" class=\"wp-block-spacer\"><\/div>\n\n\n\n<h3 class=\"wp-block-heading\">Neugr\u00fcndung 1705 bis in das 20ste Jahrhundert<\/h3>\n\n\n\n<p class=\"wp-block-paragraph\">Im Jahre 1705 wird der <em>Ordre du Temple<\/em> auf dem Generalkapitel zu Versailles offiziell als Laienorden neu gegr\u00fcndet. Der designierte Gro\u00dfmeister ist Philipp von Bourbon.<\/p>\n\n\n\n<p class=\"wp-block-paragraph\"><a href=\"https:\/\/de.wikipedia.org\/wiki\/Napoleon_Bonaparte\">Napoleon I<\/a> setzte eine Kommission ein, die den <em>Ordre du Temple<\/em> 1805 rehabilitierte. Dazu wurden die Akten des Templerprozesses vom Vatikan nach Paris geholt.<\/p>\n\n\n<div class=\"wp-block-image\">\n<figure class=\"alignleft size-medium\"><a  href=\"https:\/\/i0.wp.com\/tempelherrenorden.de\/cms\/wp-content\/uploads\/2016\/01\/1705-Statut-Wappen-1.jpg?ssl=1\" data-rel=\"lightbox-gallery-0\" data-rl_title=\"\" data-rl_caption=\"\" title=\"\"><img data-recalc-dims=\"1\" loading=\"lazy\" decoding=\"async\" width=\"277\" height=\"300\" data-attachment-id=\"970\" data-permalink=\"https:\/\/tempelherrenorden.de\/cms\/unser-auftrag\/1705-statut-wappen-1\/\" data-orig-file=\"https:\/\/i0.wp.com\/tempelherrenorden.de\/cms\/wp-content\/uploads\/2016\/01\/1705-Statut-Wappen-1.jpg?fit=386%2C418&amp;ssl=1\" data-orig-size=\"386,418\" data-comments-opened=\"0\" data-image-meta=\"{&quot;aperture&quot;:&quot;0&quot;,&quot;credit&quot;:&quot;&quot;,&quot;camera&quot;:&quot;&quot;,&quot;caption&quot;:&quot;&quot;,&quot;created_timestamp&quot;:&quot;0&quot;,&quot;copyright&quot;:&quot;&quot;,&quot;focal_length&quot;:&quot;0&quot;,&quot;iso&quot;:&quot;0&quot;,&quot;shutter_speed&quot;:&quot;0&quot;,&quot;title&quot;:&quot;&quot;,&quot;orientation&quot;:&quot;0&quot;}\" data-image-title=\"1705 Statut Wappen 1\" data-image-description=\"\" data-image-caption=\"\" data-large-file=\"https:\/\/i0.wp.com\/tempelherrenorden.de\/cms\/wp-content\/uploads\/2016\/01\/1705-Statut-Wappen-1.jpg?fit=386%2C418&amp;ssl=1\" src=\"https:\/\/i0.wp.com\/tempelherrenorden.de\/cms\/wp-content\/uploads\/2016\/01\/1705-Statut-Wappen-1.jpg?resize=277%2C300&#038;ssl=1\" alt=\"1705 Statut Wappen\" class=\"wp-image-970\" srcset=\"https:\/\/i0.wp.com\/tempelherrenorden.de\/cms\/wp-content\/uploads\/2016\/01\/1705-Statut-Wappen-1.jpg?resize=277%2C300&amp;ssl=1 277w, https:\/\/i0.wp.com\/tempelherrenorden.de\/cms\/wp-content\/uploads\/2016\/01\/1705-Statut-Wappen-1.jpg?resize=139%2C150&amp;ssl=1 139w, https:\/\/i0.wp.com\/tempelherrenorden.de\/cms\/wp-content\/uploads\/2016\/01\/1705-Statut-Wappen-1.jpg?w=386&amp;ssl=1 386w\" sizes=\"auto, (max-width: 277px) 100vw, 277px\" \/><\/a><\/figure>\n<\/div>\n\n<div class=\"wp-block-image\">\n<figure class=\"alignleft size-medium\"><a  href=\"https:\/\/i0.wp.com\/tempelherrenorden.de\/cms\/wp-content\/uploads\/2016\/01\/Ordre-du-Temple-Statuten.jpg?ssl=1\" data-rel=\"lightbox-gallery-0\" data-rl_title=\"\" data-rl_caption=\"\" title=\"\"><img data-recalc-dims=\"1\" loading=\"lazy\" decoding=\"async\" width=\"257\" height=\"300\" data-attachment-id=\"969\" data-permalink=\"https:\/\/tempelherrenorden.de\/cms\/unser-auftrag\/ordre-du-temple-statuten\/\" data-orig-file=\"https:\/\/i0.wp.com\/tempelherrenorden.de\/cms\/wp-content\/uploads\/2016\/01\/Ordre-du-Temple-Statuten.jpg?fit=500%2C583&amp;ssl=1\" data-orig-size=\"500,583\" data-comments-opened=\"0\" data-image-meta=\"{&quot;aperture&quot;:&quot;0&quot;,&quot;credit&quot;:&quot;&quot;,&quot;camera&quot;:&quot;&quot;,&quot;caption&quot;:&quot;&quot;,&quot;created_timestamp&quot;:&quot;0&quot;,&quot;copyright&quot;:&quot;&quot;,&quot;focal_length&quot;:&quot;0&quot;,&quot;iso&quot;:&quot;0&quot;,&quot;shutter_speed&quot;:&quot;0&quot;,&quot;title&quot;:&quot;&quot;,&quot;orientation&quot;:&quot;0&quot;}\" data-image-title=\"Ordre du Temple Statuten\" data-image-description=\"\" data-image-caption=\"\" data-large-file=\"https:\/\/i0.wp.com\/tempelherrenorden.de\/cms\/wp-content\/uploads\/2016\/01\/Ordre-du-Temple-Statuten.jpg?fit=500%2C583&amp;ssl=1\" src=\"https:\/\/i0.wp.com\/tempelherrenorden.de\/cms\/wp-content\/uploads\/2016\/01\/Ordre-du-Temple-Statuten.jpg?resize=257%2C300&#038;ssl=1\" alt=\"\" class=\"wp-image-969\" srcset=\"https:\/\/i0.wp.com\/tempelherrenorden.de\/cms\/wp-content\/uploads\/2016\/01\/Ordre-du-Temple-Statuten.jpg?resize=257%2C300&amp;ssl=1 257w, https:\/\/i0.wp.com\/tempelherrenorden.de\/cms\/wp-content\/uploads\/2016\/01\/Ordre-du-Temple-Statuten.jpg?resize=129%2C150&amp;ssl=1 129w, https:\/\/i0.wp.com\/tempelherrenorden.de\/cms\/wp-content\/uploads\/2016\/01\/Ordre-du-Temple-Statuten.jpg?w=500&amp;ssl=1 500w\" sizes=\"auto, (max-width: 257px) 100vw, 257px\" \/><\/a><\/figure>\n<\/div>\n\n\n<p class=\"wp-block-paragraph\">K\u00f6nig <a href=\"https:\/\/de.wikipedia.org\/wiki\/Ludwig_XVIII.\">Ludwig XVIII.<\/a> von Frankreich \u00fcbernahm 1814 das Protektorat \u00fcber den Orden, und Kaiser <a href=\"https:\/\/de.wikipedia.org\/wiki\/Napoleon_III.\">Napoleon III.<\/a> best\u00e4tigte 1853 den Status des Ordens als <em><a href=\"https:\/\/en.wikipedia.org\/wiki\/Sovereign_Military_Order_of_the_Temple_of_Jerusalem\">Ordo Supremus Militaris Hierosolymitani<\/a>.<\/em><\/p>\n\n\n\n<p class=\"wp-block-paragraph\">Nach dem Einmarsch nach Frankreich 1940 wurde das Ordensarchiv vor\u00fcbergehend nach Belgien verlegt um es kurze Zeit sp\u00e4ter schlie\u00dflich nach Portugal zu verlegen. In den Wirren des zweiten Weltkrieges wurden neben Freimaurern auch Templer interniert.<\/p>\n\n\n\n<div style=\"height:50px\" aria-hidden=\"true\" class=\"wp-block-spacer\"><\/div>\n\n\n\n<h3 class=\"wp-block-heading\">Gr\u00fcndung des Jakob Molay-Collegium 1957 bis Deutscher Tempelherrenorden OMCT<\/h3>\n\n\n\n<p class=\"wp-block-paragraph\">Am 16.12.1957 wurde der alte Tempelherrenorden in Deutschland durch Prof. Dr. Hans Heuer in N\u00fcrnberg als Jakob-Molay-Collegium des Souver\u00e4nen Templerordens konstituiert. Der Theologe Heuer hat nach der Gr\u00fcndung das Amt des Gro\u00dfpriors bekleidet. Fast zeitgleich wurde der Orden in Niedersachsen aktiv, woraus die Gr\u00fcndung der Komturei Michaelis abgeleitet wird.<\/p>\n\n\n\n<figure class=\"wp-block-image size-medium\"><a  href=\"https:\/\/i0.wp.com\/tempelherrenorden.de\/cms\/wp-content\/uploads\/2021\/02\/inDerMitteOrdensmeisterHeuer.jpg?ssl=1\" data-rel=\"lightbox-gallery-0\" data-rl_title=\"\" data-rl_caption=\"\" title=\"\"><img data-recalc-dims=\"1\" loading=\"lazy\" decoding=\"async\" width=\"293\" height=\"300\" data-attachment-id=\"4189\" data-permalink=\"https:\/\/tempelherrenorden.de\/cms\/unsere-geschichte\/indermitteordensmeisterheuer\/\" data-orig-file=\"https:\/\/i0.wp.com\/tempelherrenorden.de\/cms\/wp-content\/uploads\/2021\/02\/inDerMitteOrdensmeisterHeuer.jpg?fit=2408%2C2468&amp;ssl=1\" data-orig-size=\"2408,2468\" data-comments-opened=\"0\" data-image-meta=\"{&quot;aperture&quot;:&quot;0&quot;,&quot;credit&quot;:&quot;&quot;,&quot;camera&quot;:&quot;&quot;,&quot;caption&quot;:&quot;&quot;,&quot;created_timestamp&quot;:&quot;0&quot;,&quot;copyright&quot;:&quot;&quot;,&quot;focal_length&quot;:&quot;0&quot;,&quot;iso&quot;:&quot;0&quot;,&quot;shutter_speed&quot;:&quot;0&quot;,&quot;title&quot;:&quot;&quot;,&quot;orientation&quot;:&quot;0&quot;}\" data-image-title=\"inDerMitteOrdensmeisterHeuer\" data-image-description=\"\" data-image-caption=\"\" data-large-file=\"https:\/\/i0.wp.com\/tempelherrenorden.de\/cms\/wp-content\/uploads\/2021\/02\/inDerMitteOrdensmeisterHeuer.jpg?fit=999%2C1024&amp;ssl=1\" src=\"https:\/\/i0.wp.com\/tempelherrenorden.de\/cms\/wp-content\/uploads\/2021\/02\/inDerMitteOrdensmeisterHeuer.jpg?resize=293%2C300&#038;ssl=1\" alt=\"\" class=\"wp-image-4189\" srcset=\"https:\/\/i0.wp.com\/tempelherrenorden.de\/cms\/wp-content\/uploads\/2021\/02\/inDerMitteOrdensmeisterHeuer.jpg?resize=293%2C300&amp;ssl=1 293w, https:\/\/i0.wp.com\/tempelherrenorden.de\/cms\/wp-content\/uploads\/2021\/02\/inDerMitteOrdensmeisterHeuer.jpg?resize=999%2C1024&amp;ssl=1 999w, https:\/\/i0.wp.com\/tempelherrenorden.de\/cms\/wp-content\/uploads\/2021\/02\/inDerMitteOrdensmeisterHeuer.jpg?resize=40%2C40&amp;ssl=1 40w, https:\/\/i0.wp.com\/tempelherrenorden.de\/cms\/wp-content\/uploads\/2021\/02\/inDerMitteOrdensmeisterHeuer.jpg?resize=768%2C787&amp;ssl=1 768w, https:\/\/i0.wp.com\/tempelherrenorden.de\/cms\/wp-content\/uploads\/2021\/02\/inDerMitteOrdensmeisterHeuer.jpg?resize=1499%2C1536&amp;ssl=1 1499w, https:\/\/i0.wp.com\/tempelherrenorden.de\/cms\/wp-content\/uploads\/2021\/02\/inDerMitteOrdensmeisterHeuer.jpg?resize=1998%2C2048&amp;ssl=1 1998w, https:\/\/i0.wp.com\/tempelherrenorden.de\/cms\/wp-content\/uploads\/2021\/02\/inDerMitteOrdensmeisterHeuer.jpg?resize=146%2C150&amp;ssl=1 146w, https:\/\/i0.wp.com\/tempelherrenorden.de\/cms\/wp-content\/uploads\/2021\/02\/inDerMitteOrdensmeisterHeuer.jpg?resize=45%2C45&amp;ssl=1 45w, https:\/\/i0.wp.com\/tempelherrenorden.de\/cms\/wp-content\/uploads\/2021\/02\/inDerMitteOrdensmeisterHeuer.jpg?w=2080&amp;ssl=1 2080w\" sizes=\"auto, (max-width: 293px) 100vw, 293px\" \/><\/a><figcaption class=\"wp-element-caption\">In der Mitte Prof. Dr. Heuer<\/figcaption><\/figure>\n\n\n\n<p class=\"wp-block-paragraph\">Nach dem sogenannten &#8222;Tempelherren-Prozess&#8220; 1964 geriet die Ordensregierung unter Druck und legten noch im gleichen Jahr auf dem Generalkapitel ihre \u00c4mter nieder. Im Zuge dessen kam es zu einer Spaltung in unseren &#8222;Deutschen Tempelherrenorden, OMCT&#8220; mit Sitz in Hannover und dem &#8222;OMCT-Tempelherren-Orden, Deutsches Priorat&#8220;, in dessen weiterer Geschichte es zu weiteren Abspaltungen kam.<\/p>\n\n\n<div class=\"wp-block-image\">\n<figure class=\"alignleft size-medium\"><a  href=\"https:\/\/i0.wp.com\/tempelherrenorden.de\/cms\/wp-content\/uploads\/2014\/12\/Anerkennung-des-Regenten-1959.jpg?ssl=1\" data-rel=\"lightbox-gallery-0\" data-rl_title=\"\" data-rl_caption=\"\" title=\"\"><img data-recalc-dims=\"1\" loading=\"lazy\" decoding=\"async\" width=\"204\" height=\"300\" data-attachment-id=\"1028\" data-permalink=\"https:\/\/tempelherrenorden.de\/cms\/anerkennung-des-regenten-1959\/\" data-orig-file=\"https:\/\/i0.wp.com\/tempelherrenorden.de\/cms\/wp-content\/uploads\/2014\/12\/Anerkennung-des-Regenten-1959.jpg?fit=1771%2C2605&amp;ssl=1\" data-orig-size=\"1771,2605\" data-comments-opened=\"0\" data-image-meta=\"{&quot;aperture&quot;:&quot;0&quot;,&quot;credit&quot;:&quot;&quot;,&quot;camera&quot;:&quot;&quot;,&quot;caption&quot;:&quot;&quot;,&quot;created_timestamp&quot;:&quot;0&quot;,&quot;copyright&quot;:&quot;&quot;,&quot;focal_length&quot;:&quot;0&quot;,&quot;iso&quot;:&quot;0&quot;,&quot;shutter_speed&quot;:&quot;0&quot;,&quot;title&quot;:&quot;&quot;,&quot;orientation&quot;:&quot;0&quot;}\" data-image-title=\"Anerkennung des Regenten 1959\" data-image-description=\"\" data-image-caption=\"\" data-large-file=\"https:\/\/i0.wp.com\/tempelherrenorden.de\/cms\/wp-content\/uploads\/2014\/12\/Anerkennung-des-Regenten-1959.jpg?fit=696%2C1024&amp;ssl=1\" src=\"https:\/\/i0.wp.com\/tempelherrenorden.de\/cms\/wp-content\/uploads\/2014\/12\/Anerkennung-des-Regenten-1959.jpg?resize=204%2C300&#038;ssl=1\" alt=\"\" class=\"wp-image-1028\" srcset=\"https:\/\/i0.wp.com\/tempelherrenorden.de\/cms\/wp-content\/uploads\/2014\/12\/Anerkennung-des-Regenten-1959.jpg?resize=204%2C300&amp;ssl=1 204w, https:\/\/i0.wp.com\/tempelherrenorden.de\/cms\/wp-content\/uploads\/2014\/12\/Anerkennung-des-Regenten-1959.jpg?resize=696%2C1024&amp;ssl=1 696w, https:\/\/i0.wp.com\/tempelherrenorden.de\/cms\/wp-content\/uploads\/2014\/12\/Anerkennung-des-Regenten-1959.jpg?resize=600%2C883&amp;ssl=1 600w, https:\/\/i0.wp.com\/tempelherrenorden.de\/cms\/wp-content\/uploads\/2014\/12\/Anerkennung-des-Regenten-1959.jpg?resize=102%2C150&amp;ssl=1 102w, https:\/\/i0.wp.com\/tempelherrenorden.de\/cms\/wp-content\/uploads\/2014\/12\/Anerkennung-des-Regenten-1959.jpg?w=1771&amp;ssl=1 1771w\" sizes=\"auto, (max-width: 204px) 100vw, 204px\" \/><\/a><\/figure>\n<\/div>\n\n<div class=\"wp-block-image\">\n<figure class=\"alignleft size-medium\"><a  href=\"https:\/\/i0.wp.com\/tempelherrenorden.de\/cms\/wp-content\/uploads\/2014\/12\/OSMTH-Affiliierungurkunde.jpg?ssl=1\" data-rel=\"lightbox-gallery-0\" data-rl_title=\"\" data-rl_caption=\"\" title=\"\"><img data-recalc-dims=\"1\" loading=\"lazy\" decoding=\"async\" width=\"225\" height=\"300\" data-attachment-id=\"1029\" data-permalink=\"https:\/\/tempelherrenorden.de\/cms\/osmth-affiliierungurkunde\/\" data-orig-file=\"https:\/\/i0.wp.com\/tempelherrenorden.de\/cms\/wp-content\/uploads\/2014\/12\/OSMTH-Affiliierungurkunde.jpg?fit=235%2C314&amp;ssl=1\" data-orig-size=\"235,314\" data-comments-opened=\"0\" data-image-meta=\"{&quot;aperture&quot;:&quot;0&quot;,&quot;credit&quot;:&quot;&quot;,&quot;camera&quot;:&quot;&quot;,&quot;caption&quot;:&quot;&quot;,&quot;created_timestamp&quot;:&quot;0&quot;,&quot;copyright&quot;:&quot;&quot;,&quot;focal_length&quot;:&quot;0&quot;,&quot;iso&quot;:&quot;0&quot;,&quot;shutter_speed&quot;:&quot;0&quot;,&quot;title&quot;:&quot;&quot;,&quot;orientation&quot;:&quot;0&quot;}\" data-image-title=\"OSMTH Affiliierungurkunde\" data-image-description=\"\" data-image-caption=\"\" data-large-file=\"https:\/\/i0.wp.com\/tempelherrenorden.de\/cms\/wp-content\/uploads\/2014\/12\/OSMTH-Affiliierungurkunde.jpg?fit=235%2C314&amp;ssl=1\" src=\"https:\/\/i0.wp.com\/tempelherrenorden.de\/cms\/wp-content\/uploads\/2014\/12\/OSMTH-Affiliierungurkunde.jpg?resize=225%2C300&#038;ssl=1\" alt=\"\" class=\"wp-image-1029\" srcset=\"https:\/\/i0.wp.com\/tempelherrenorden.de\/cms\/wp-content\/uploads\/2014\/12\/OSMTH-Affiliierungurkunde.jpg?resize=225%2C300&amp;ssl=1 225w, https:\/\/i0.wp.com\/tempelherrenorden.de\/cms\/wp-content\/uploads\/2014\/12\/OSMTH-Affiliierungurkunde.jpg?resize=112%2C150&amp;ssl=1 112w, https:\/\/i0.wp.com\/tempelherrenorden.de\/cms\/wp-content\/uploads\/2014\/12\/OSMTH-Affiliierungurkunde.jpg?w=235&amp;ssl=1 235w\" sizes=\"auto, (max-width: 225px) 100vw, 225px\" \/><\/a><\/figure>\n<\/div>\n\n\n<div style=\"height:50px\" aria-hidden=\"true\" class=\"wp-block-spacer\"><\/div>\n\n\n\n<h4 class=\"wp-block-heading\">Weiteres zur Geschichte unserer einzelnen Komtureien<\/h4>\n\n\n\n<ul class=\"wp-block-list\">\n<li><a href=\"https:\/\/tempelherrenorden.de\/cms\/organisation-des-deutschen-tempelherrenordens\/komtureien-und-ordenshaeuser\/komturei-michaelis\/\">Komturei Michaelis<\/a><\/li>\n\n\n\n<li><a href=\"https:\/\/tempelherrenorden.de\/cms\/organisation-des-deutschen-tempelherrenordens\/komtureien-und-ordenshaeuser\/komturei-st-georg\/\">Komturei St. Georg<\/a><\/li>\n\n\n\n<li><a href=\"https:\/\/tempelherrenorden.de\/cms\/organisation-des-deutschen-tempelherrenordens\/komtureien-und-ordenshaeuser\/komturei-johanna-von-orleans\/\">Komturei Johanna von Orl\u00e9ans<\/a><\/li>\n\n\n\n<li><a href=\"https:\/\/tempelherrenorden.de\/cms\/organisation-des-deutschen-tempelherrenordens\/komtureien-und-ordenshaeuser\/komturei-bernhard-von-clairvaux\/\">Komturei Bernhard von Clairvaux<\/a><\/li>\n\n\n\n<li><a href=\"https:\/\/tempelherrenorden.de\/cms\/organisation-des-deutschen-tempelherrenordens\/komtureien-und-ordenshaeuser\/ordenshaus-st-ansgar\/\">Komturei Sankt Ansgar<\/a><\/li>\n\n\n\n<li><a href=\"https:\/\/tempelherrenorden.de\/cms\/organisation-des-deutschen-tempelherrenordens\/komtureien-und-ordenshaeuser\/ordenshaus-belgien\/\">Ordenshaus Belgien<\/a><\/li>\n<\/ul>\n\n\n\n<h4 class=\"wp-block-heading\">Literaturhinweis:<\/h4>\n\n\n\n<h6 class=\"wp-block-heading\">Beck, Andreas: <a href=\"https:\/\/www.amazon.de\/Untergang-Templer-gr\u00f6\u00dfte-Justizmord-Mittelalters\/dp\/373060189X\/ref=sr_1_1?ie=UTF8&amp;qid=1523521345&amp;sr=8-1&amp;keywords=Der+Untergang+der+Templer\" target=\"_blank\" rel=\"noreferrer noopener\">Der Untergang der Templer<\/a>, Anaconda Verlag GmbH, K\u00f6ln, 2014<br \/>Heutger, Nikolaus: <a href=\"https:\/\/www.amazon.de\/Tempelherren-einst-heute-Reaktivierung-Tempelherren-Ordens\/dp\/3867320179\/ref=sr_1_1?s=books&amp;ie=UTF8&amp;qid=1523521431&amp;sr=1-1&amp;keywords=Die+Tempelherren+einst+und+heute\" target=\"_blank\" rel=\"noreferrer noopener\">Die Tempelherren einst und heute<\/a>, Lukas Verlag f\u00fcr Kunst- und Geistesgeschichte, 1. Auflage 2007<br \/>Meyer, Andreas: <a href=\"https:\/\/www.amazon.de\/Geschichte-Protagonisten-Templerprozesses-historischen-Forschung\/dp\/3905955954\/ref=sr_1_1?s=books&amp;ie=UTF8&amp;qid=1523521538&amp;sr=1-1&amp;keywords=Die+letzten+Templer%2C+Band+I\" target=\"_blank\" rel=\"noreferrer noopener\">Die letzten Templer, Band I<\/a>, IL-Verlag, Basel,&nbsp;2013<br \/>Meyer, Andreas: <a href=\"https:\/\/www.amazon.de\/Geisteswissenschaftliche-Forschungen-Hintergr\u00fcnde-Fortentwicklung-Templerimpulses\/dp\/3905955962\/ref=sr_1_1?s=books&amp;ie=UTF8&amp;qid=1523521605&amp;sr=1-1&amp;keywords=Die+letzten+Templer%2C+Band+II\" target=\"_blank\" rel=\"noreferrer noopener\">Die letzten Templer, Band II<\/a>, IL-Verlag, Basel, 2013<\/h6>\n","protected":false},"excerpt":{"rendered":"<p>Die Geschichte des Tempelherrenordens Die Geschichte des Templerordens &#8211; eine durchwachsene und mit Mythen behaftete 900 j\u00e4hrige Geschichte. Gr\u00fcndung zur Zeit der Kreuzz\u00fcge, Verfolgung durch die M\u00e4chtigen Europas, Wiederbelebung des Ordens im 18. Jahrhundert in Frankreich und Entstehung des modernen Ordens in den 1950er Jahren in N\u00fcrnberg. In den nachfolgenden\u2026<\/p>\n<p> <a class=\"continue-reading-link\" href=\"https:\/\/tempelherrenorden.de\/cms\/unsere-geschichte\/\"><span>Artikel lesen<\/span><i class=\"crycon-right-dir\"><\/i><\/a> <\/p>\n","protected":false},"author":10,"featured_media":0,"parent":0,"menu_order":1,"comment_status":"closed","ping_status":"closed","template":"templates\/template-onecolumn.php","meta":{"_crdt_document":"","jetpack_post_was_ever_published":false,"footnotes":""},"class_list":["post-2296","page","type-page","status-publish","hentry"],"yoast_head":"<!-- This site is optimized with the Yoast SEO plugin v27.5 - https:\/\/yoast.com\/product\/yoast-seo-wordpress\/ -->\n<title>Unsere Geschichte &#8226; Deutscher Tempelherren-Orden<\/title>\n<meta name=\"description\" content=\"Die Geschichte der Templer - eine durchwachsene und mit Mythen behaftete 900 j\u00e4hrige Geschichte. Gr\u00fcndung, Verfolgung, Wiederbelebung und Entstehung des modernen Ordens.\" \/>\n<meta name=\"robots\" content=\"index, follow, max-snippet:-1, max-image-preview:large, max-video-preview:-1\" \/>\n<link rel=\"canonical\" href=\"https:\/\/tempelherrenorden.de\/cms\/unsere-geschichte\/\" \/>\n<meta property=\"og:locale\" content=\"de_DE\" \/>\n<meta property=\"og:type\" content=\"article\" \/>\n<meta property=\"og:title\" content=\"Unsere Geschichte &#8226; Deutscher Tempelherren-Orden\" \/>\n<meta property=\"og:description\" content=\"Die Geschichte der Templer - eine durchwachsene und mit Mythen behaftete 900 j\u00e4hrige Geschichte. Gr\u00fcndung, Verfolgung, Wiederbelebung und Entstehung des modernen Ordens.\" \/>\n<meta property=\"og:url\" content=\"https:\/\/tempelherrenorden.de\/cms\/unsere-geschichte\/\" \/>\n<meta property=\"og:site_name\" content=\"Deutscher Tempelherren-Orden\" \/>\n<meta property=\"article:publisher\" content=\"https:\/\/www.facebook.com\/Deutscher-Tempelherren-Orden-OMCT-2054469481490772\/\" \/>\n<meta property=\"article:modified_time\" content=\"2024-05-05T13:54:34+00:00\" \/>\n<meta property=\"og:image\" content=\"https:\/\/tempelherrenorden.de\/cms\/wp-content\/uploads\/2018\/03\/PD_Baldwin_II_ceeding_the_Temple_of_Salomon_to_Hugues_de_Payens_and_Gaudefroy_de_Saint-Homer-300x195.jpg\" \/>\n<meta name=\"twitter:card\" content=\"summary_large_image\" \/>\n<meta name=\"twitter:label1\" content=\"Gesch\u00e4tzte Lesezeit\" \/>\n\t<meta name=\"twitter:data1\" content=\"8\u00a0Minuten\" \/>\n<script type=\"application\/ld+json\" class=\"yoast-schema-graph\">{\"@context\":\"https:\\\/\\\/schema.org\",\"@graph\":[{\"@type\":\"WebPage\",\"@id\":\"https:\\\/\\\/tempelherrenorden.de\\\/cms\\\/unsere-geschichte\\\/\",\"url\":\"https:\\\/\\\/tempelherrenorden.de\\\/cms\\\/unsere-geschichte\\\/\",\"name\":\"Unsere Geschichte &#8226; Deutscher Tempelherren-Orden\",\"isPartOf\":{\"@id\":\"https:\\\/\\\/tempelherrenorden.de\\\/cms\\\/#website\"},\"primaryImageOfPage\":{\"@id\":\"https:\\\/\\\/tempelherrenorden.de\\\/cms\\\/unsere-geschichte\\\/#primaryimage\"},\"image\":{\"@id\":\"https:\\\/\\\/tempelherrenorden.de\\\/cms\\\/unsere-geschichte\\\/#primaryimage\"},\"thumbnailUrl\":\"https:\\\/\\\/tempelherrenorden.de\\\/cms\\\/wp-content\\\/uploads\\\/2018\\\/03\\\/PD_Baldwin_II_ceeding_the_Temple_of_Salomon_to_Hugues_de_Payens_and_Gaudefroy_de_Saint-Homer-300x195.jpg\",\"datePublished\":\"2018-04-07T12:44:43+00:00\",\"dateModified\":\"2024-05-05T13:54:34+00:00\",\"description\":\"Die Geschichte der Templer - eine durchwachsene und mit Mythen behaftete 900 j\u00e4hrige Geschichte. Gr\u00fcndung, Verfolgung, Wiederbelebung und Entstehung des modernen Ordens.\",\"breadcrumb\":{\"@id\":\"https:\\\/\\\/tempelherrenorden.de\\\/cms\\\/unsere-geschichte\\\/#breadcrumb\"},\"inLanguage\":\"de\",\"potentialAction\":[{\"@type\":\"ReadAction\",\"target\":[\"https:\\\/\\\/tempelherrenorden.de\\\/cms\\\/unsere-geschichte\\\/\"]}]},{\"@type\":\"ImageObject\",\"inLanguage\":\"de\",\"@id\":\"https:\\\/\\\/tempelherrenorden.de\\\/cms\\\/unsere-geschichte\\\/#primaryimage\",\"url\":\"https:\\\/\\\/i0.wp.com\\\/tempelherrenorden.de\\\/cms\\\/wp-content\\\/uploads\\\/2018\\\/03\\\/PD_Baldwin_II_ceeding_the_Temple_of_Salomon_to_Hugues_de_Payens_and_Gaudefroy_de_Saint-Homer.jpg?fit=1275%2C827&ssl=1\",\"contentUrl\":\"https:\\\/\\\/i0.wp.com\\\/tempelherrenorden.de\\\/cms\\\/wp-content\\\/uploads\\\/2018\\\/03\\\/PD_Baldwin_II_ceeding_the_Temple_of_Salomon_to_Hugues_de_Payens_and_Gaudefroy_de_Saint-Homer.jpg?fit=1275%2C827&ssl=1\",\"width\":1275,\"height\":827,\"caption\":\"K\u00f6nig Balduin der II \u00fcbergibt den Salomonischen Tempel an Hugo de Payns und Gottfried von Saint-Omer\"},{\"@type\":\"BreadcrumbList\",\"@id\":\"https:\\\/\\\/tempelherrenorden.de\\\/cms\\\/unsere-geschichte\\\/#breadcrumb\",\"itemListElement\":[{\"@type\":\"ListItem\",\"position\":1,\"name\":\"Startseite\",\"item\":\"https:\\\/\\\/tempelherrenorden.de\\\/cms\\\/\"},{\"@type\":\"ListItem\",\"position\":2,\"name\":\"Unsere Geschichte\"}]},{\"@type\":\"WebSite\",\"@id\":\"https:\\\/\\\/tempelherrenorden.de\\\/cms\\\/#website\",\"url\":\"https:\\\/\\\/tempelherrenorden.de\\\/cms\\\/\",\"name\":\"Deutscher Tempelherren-Orden\",\"description\":\"\",\"publisher\":{\"@id\":\"https:\\\/\\\/tempelherrenorden.de\\\/cms\\\/#organization\"},\"potentialAction\":[{\"@type\":\"SearchAction\",\"target\":{\"@type\":\"EntryPoint\",\"urlTemplate\":\"https:\\\/\\\/tempelherrenorden.de\\\/cms\\\/?s={search_term_string}\"},\"query-input\":{\"@type\":\"PropertyValueSpecification\",\"valueRequired\":true,\"valueName\":\"search_term_string\"}}],\"inLanguage\":\"de\"},{\"@type\":\"Organization\",\"@id\":\"https:\\\/\\\/tempelherrenorden.de\\\/cms\\\/#organization\",\"name\":\"Deutscher Tempelherren-Orden OMCT e.V.\",\"url\":\"https:\\\/\\\/tempelherrenorden.de\\\/cms\\\/\",\"logo\":{\"@type\":\"ImageObject\",\"inLanguage\":\"de\",\"@id\":\"https:\\\/\\\/tempelherrenorden.de\\\/cms\\\/#\\\/schema\\\/logo\\\/image\\\/\",\"url\":\"https:\\\/\\\/i0.wp.com\\\/tempelherrenorden.de\\\/cms\\\/wp-content\\\/uploads\\\/2018\\\/01\\\/OMCT-Wappen.jpg?fit=997%2C1198&ssl=1\",\"contentUrl\":\"https:\\\/\\\/i0.wp.com\\\/tempelherrenorden.de\\\/cms\\\/wp-content\\\/uploads\\\/2018\\\/01\\\/OMCT-Wappen.jpg?fit=997%2C1198&ssl=1\",\"width\":997,\"height\":1198,\"caption\":\"Deutscher Tempelherren-Orden OMCT e.V.\"},\"image\":{\"@id\":\"https:\\\/\\\/tempelherrenorden.de\\\/cms\\\/#\\\/schema\\\/logo\\\/image\\\/\"},\"sameAs\":[\"https:\\\/\\\/www.facebook.com\\\/Deutscher-Tempelherren-Orden-OMCT-2054469481490772\\\/\"]}]}<\/script>\n<!-- \/ Yoast SEO plugin. -->","yoast_head_json":{"title":"Unsere Geschichte &#8226; Deutscher Tempelherren-Orden","description":"Die Geschichte der Templer - eine durchwachsene und mit Mythen behaftete 900 j\u00e4hrige Geschichte. Gr\u00fcndung, Verfolgung, Wiederbelebung und Entstehung des modernen Ordens.","robots":{"index":"index","follow":"follow","max-snippet":"max-snippet:-1","max-image-preview":"max-image-preview:large","max-video-preview":"max-video-preview:-1"},"canonical":"https:\/\/tempelherrenorden.de\/cms\/unsere-geschichte\/","og_locale":"de_DE","og_type":"article","og_title":"Unsere Geschichte &#8226; Deutscher Tempelherren-Orden","og_description":"Die Geschichte der Templer - eine durchwachsene und mit Mythen behaftete 900 j\u00e4hrige Geschichte. Gr\u00fcndung, Verfolgung, Wiederbelebung und Entstehung des modernen Ordens.","og_url":"https:\/\/tempelherrenorden.de\/cms\/unsere-geschichte\/","og_site_name":"Deutscher Tempelherren-Orden","article_publisher":"https:\/\/www.facebook.com\/Deutscher-Tempelherren-Orden-OMCT-2054469481490772\/","article_modified_time":"2024-05-05T13:54:34+00:00","og_image":[{"url":"https:\/\/tempelherrenorden.de\/cms\/wp-content\/uploads\/2018\/03\/PD_Baldwin_II_ceeding_the_Temple_of_Salomon_to_Hugues_de_Payens_and_Gaudefroy_de_Saint-Homer-300x195.jpg","type":"","width":"","height":""}],"twitter_card":"summary_large_image","twitter_misc":{"Gesch\u00e4tzte Lesezeit":"8\u00a0Minuten"},"schema":{"@context":"https:\/\/schema.org","@graph":[{"@type":"WebPage","@id":"https:\/\/tempelherrenorden.de\/cms\/unsere-geschichte\/","url":"https:\/\/tempelherrenorden.de\/cms\/unsere-geschichte\/","name":"Unsere Geschichte &#8226; Deutscher Tempelherren-Orden","isPartOf":{"@id":"https:\/\/tempelherrenorden.de\/cms\/#website"},"primaryImageOfPage":{"@id":"https:\/\/tempelherrenorden.de\/cms\/unsere-geschichte\/#primaryimage"},"image":{"@id":"https:\/\/tempelherrenorden.de\/cms\/unsere-geschichte\/#primaryimage"},"thumbnailUrl":"https:\/\/tempelherrenorden.de\/cms\/wp-content\/uploads\/2018\/03\/PD_Baldwin_II_ceeding_the_Temple_of_Salomon_to_Hugues_de_Payens_and_Gaudefroy_de_Saint-Homer-300x195.jpg","datePublished":"2018-04-07T12:44:43+00:00","dateModified":"2024-05-05T13:54:34+00:00","description":"Die Geschichte der Templer - eine durchwachsene und mit Mythen behaftete 900 j\u00e4hrige Geschichte. Gr\u00fcndung, Verfolgung, Wiederbelebung und Entstehung des modernen Ordens.","breadcrumb":{"@id":"https:\/\/tempelherrenorden.de\/cms\/unsere-geschichte\/#breadcrumb"},"inLanguage":"de","potentialAction":[{"@type":"ReadAction","target":["https:\/\/tempelherrenorden.de\/cms\/unsere-geschichte\/"]}]},{"@type":"ImageObject","inLanguage":"de","@id":"https:\/\/tempelherrenorden.de\/cms\/unsere-geschichte\/#primaryimage","url":"https:\/\/i0.wp.com\/tempelherrenorden.de\/cms\/wp-content\/uploads\/2018\/03\/PD_Baldwin_II_ceeding_the_Temple_of_Salomon_to_Hugues_de_Payens_and_Gaudefroy_de_Saint-Homer.jpg?fit=1275%2C827&ssl=1","contentUrl":"https:\/\/i0.wp.com\/tempelherrenorden.de\/cms\/wp-content\/uploads\/2018\/03\/PD_Baldwin_II_ceeding_the_Temple_of_Salomon_to_Hugues_de_Payens_and_Gaudefroy_de_Saint-Homer.jpg?fit=1275%2C827&ssl=1","width":1275,"height":827,"caption":"K\u00f6nig Balduin der II \u00fcbergibt den Salomonischen Tempel an Hugo de Payns und Gottfried von Saint-Omer"},{"@type":"BreadcrumbList","@id":"https:\/\/tempelherrenorden.de\/cms\/unsere-geschichte\/#breadcrumb","itemListElement":[{"@type":"ListItem","position":1,"name":"Startseite","item":"https:\/\/tempelherrenorden.de\/cms\/"},{"@type":"ListItem","position":2,"name":"Unsere Geschichte"}]},{"@type":"WebSite","@id":"https:\/\/tempelherrenorden.de\/cms\/#website","url":"https:\/\/tempelherrenorden.de\/cms\/","name":"Deutscher Tempelherren-Orden","description":"","publisher":{"@id":"https:\/\/tempelherrenorden.de\/cms\/#organization"},"potentialAction":[{"@type":"SearchAction","target":{"@type":"EntryPoint","urlTemplate":"https:\/\/tempelherrenorden.de\/cms\/?s={search_term_string}"},"query-input":{"@type":"PropertyValueSpecification","valueRequired":true,"valueName":"search_term_string"}}],"inLanguage":"de"},{"@type":"Organization","@id":"https:\/\/tempelherrenorden.de\/cms\/#organization","name":"Deutscher Tempelherren-Orden OMCT e.V.","url":"https:\/\/tempelherrenorden.de\/cms\/","logo":{"@type":"ImageObject","inLanguage":"de","@id":"https:\/\/tempelherrenorden.de\/cms\/#\/schema\/logo\/image\/","url":"https:\/\/i0.wp.com\/tempelherrenorden.de\/cms\/wp-content\/uploads\/2018\/01\/OMCT-Wappen.jpg?fit=997%2C1198&ssl=1","contentUrl":"https:\/\/i0.wp.com\/tempelherrenorden.de\/cms\/wp-content\/uploads\/2018\/01\/OMCT-Wappen.jpg?fit=997%2C1198&ssl=1","width":997,"height":1198,"caption":"Deutscher Tempelherren-Orden OMCT e.V."},"image":{"@id":"https:\/\/tempelherrenorden.de\/cms\/#\/schema\/logo\/image\/"},"sameAs":["https:\/\/www.facebook.com\/Deutscher-Tempelherren-Orden-OMCT-2054469481490772\/"]}]}},"jetpack_shortlink":"https:\/\/wp.me\/P5yQvL-B2","jetpack_sharing_enabled":true,"_links":{"self":[{"href":"https:\/\/tempelherrenorden.de\/cms\/wp-json\/wp\/v2\/pages\/2296","targetHints":{"allow":["GET"]}}],"collection":[{"href":"https:\/\/tempelherrenorden.de\/cms\/wp-json\/wp\/v2\/pages"}],"about":[{"href":"https:\/\/tempelherrenorden.de\/cms\/wp-json\/wp\/v2\/types\/page"}],"author":[{"embeddable":true,"href":"https:\/\/tempelherrenorden.de\/cms\/wp-json\/wp\/v2\/users\/10"}],"replies":[{"embeddable":true,"href":"https:\/\/tempelherrenorden.de\/cms\/wp-json\/wp\/v2\/comments?post=2296"}],"version-history":[{"count":90,"href":"https:\/\/tempelherrenorden.de\/cms\/wp-json\/wp\/v2\/pages\/2296\/revisions"}],"predecessor-version":[{"id":5050,"href":"https:\/\/tempelherrenorden.de\/cms\/wp-json\/wp\/v2\/pages\/2296\/revisions\/5050"}],"wp:attachment":[{"href":"https:\/\/tempelherrenorden.de\/cms\/wp-json\/wp\/v2\/media?parent=2296"}],"curies":[{"name":"wp","href":"https:\/\/api.w.org\/{rel}","templated":true}]}}