{"id":3245,"date":"2019-07-26T13:10:02","date_gmt":"2019-07-26T11:10:02","guid":{"rendered":"http:\/\/tempelherrenorden.de\/cms\/?page_id=3245"},"modified":"2022-08-16T09:54:26","modified_gmt":"2022-08-16T07:54:26","slug":"pressespiegel","status":"publish","type":"page","link":"https:\/\/tempelherrenorden.de\/cms\/aktuelle-beitraege\/pressespiegel\/","title":{"rendered":"Pressespiegel"},"content":{"rendered":"\n<h2 class=\"wp-block-heading\">Pressespiegel des Deutschen Tempelherren-Orden <\/h2>\n\n\n\n<p class=\"wp-block-paragraph\">Wir bieten hier, eine \u00dcbersicht mit aktuellen Beitr\u00e4gen aus Regionalen und \u00dcberregionalen Medien.<\/p>\n\n\n\n<p class=\"wp-block-paragraph\"><\/p>\n\n\n\n<p class=\"wp-block-paragraph\"><strong>Bericht im Geschichtmagazin &#8222;chronico&#8220;<\/strong> <em>(09. September 2005)<\/em><\/p>\n\n\n<div class=\"vlp-link-container vlp-layout-basic wp-block-visual-link-preview-link\"><a href=\"http:\/\/chronico.de\/magazin\/geschichtsszene\/templer-erobern-hannover\/\" class=\"vlp-link\" title=\"Charmeoffensive: Templer \u201eerobern\u201c Hannover\" rel=\"nofollow\" target=\"_blank\"><\/a><div class=\"vlp-layout-zone-side\"><div class=\"vlp-block-2 vlp-link-image\"><img data-recalc-dims=\"1\" decoding=\"async\" src=\"https:\/\/i0.wp.com\/chronico.de\/images\/content\/articles\/0000265_1c.jpg?w=1040\" style=\"max-width: 150px; max-height: 150px\" \/><\/div><\/div><div class=\"vlp-layout-zone-main\"><div class=\"vlp-block-0 vlp-link-title\">Charmeoffensive: Templer \u201eerobern\u201c Hannover<\/div><div class=\"vlp-block-1 vlp-link-summary\">In ihrer Bl\u00fctezeit gew\u00e4hrten sie K\u00f6nigen Kredite, finanzierten Waffeng\u00e4nge im Heiligen Land und waren Herren einer geballten Kriegs- und Handelsmacht: die Tempelritter. Es gibt sie heutzutage wieder \u2013 sagen die einen; es gibt sie noch immer \u2013 die anderen. Sei\u2019s drum! Just an diesem Wochenende begehe\u2026<\/div><\/div><\/div>\n\n\n<p class=\"wp-block-paragraph\"><\/p>\n\n\n\n<p class=\"wp-block-paragraph\"><strong>Generalkapitel in Celle<\/strong> <em>(28. Juni 2010)<\/em><\/p>\n\n\n<div class=\"vlp-link-container vlp-layout-basic wp-block-visual-link-preview-link\"><a href=\"https:\/\/www.cellesche-zeitung.de\/Celle\/Aus-der-Stadt\/Celle-Stadt\/Ritterschlag-in-Stadtkirche\" class=\"vlp-link\" title=\"Ritterschlag in Stadtkirche\" rel=\"nofollow\" target=\"_blank\"><\/a><div class=\"vlp-layout-zone-side\"><div class=\"vlp-block-2 vlp-link-image\"><img data-recalc-dims=\"1\" decoding=\"async\" src=\"https:\/\/i0.wp.com\/www.cellesche-zeitung.de\/var\/storage\/images\/cz\/celle\/aus-der-stadt\/celle-stadt\/ritterschlag-in-stadtkirche\/699841618-1-ger-DE\/Ritterschlag-in-Stadtkirche_reference_2_1.jpg?w=1040&#038;ssl=1\" style=\"max-width: 150px; max-height: 150px\" \/><\/div><\/div><div class=\"vlp-layout-zone-main\"><div class=\"vlp-block-0 vlp-link-title\">Ritterschlag in Stadtkirche<\/div><div class=\"vlp-block-1 vlp-link-summary\">Der Deutsche Tempelherren-Orden hat am vergangenen Wochenende sein Generalkapitel in Celle abgehalten.<\/div><\/div><\/div>\n\n\n<p class=\"wp-block-paragraph\"><\/p>\n\n\n\n<p class=\"wp-block-paragraph\"><strong>Generalkapitel in Berlin<\/strong> <em>(21. Juli 2012)<\/em><\/p>\n\n\n<div class=\"vlp-link-container vlp-layout-basic wp-block-visual-link-preview-link\"><a href=\"https:\/\/www.deutschlandfunkkultur.de\/die-tempelritter-von-tempelhof.1278.de.html?dram:article_id=216473\" class=\"vlp-link\" title=\"Die Tempelritter von Tempelhof\" rel=\"nofollow\" target=\"_blank\"><\/a><div class=\"vlp-layout-zone-side\"><div class=\"vlp-block-2 vlp-link-image\"><img data-recalc-dims=\"1\" decoding=\"async\" src=\"https:\/\/i0.wp.com\/assets.deutschlandfunk.de\/FILE_ad6c2217252e79a671ea648c78fce5f6\/original.jpg?w=1040&#038;ssl=1\" style=\"max-width: 150px; max-height: 150px\" \/><\/div><\/div><div class=\"vlp-layout-zone-main\"><div class=\"vlp-block-0 vlp-link-title\">Die Tempelritter von Tempelhof<\/div><div class=\"vlp-block-1 vlp-link-summary\">Mit den legend\u00e4ren Tempelrittern verbindet sich vor allem die Zeit der Kreuzz\u00fcge ins Heilige Land. Die Ritter dieses geistlichen Ordens waren f\u00fcr manche Grausamkeiten dieser Kreuzz\u00fcge mit verantwortlich. Auch heute gibt es noch Tempelritter.<\/div><\/div><\/div>\n\n\n<p class=\"wp-block-paragraph\"><\/p>\n\n\n\n<p class=\"wp-block-paragraph\"><strong>Generalkapitel in Fulda<\/strong> <em>(20. Mai 2015)<\/em><\/p>\n\n\n\n<figure class=\"wp-block-embed is-type-video is-provider-youtube wp-block-embed-youtube wp-embed-aspect-16-9 wp-has-aspect-ratio\"><div class=\"wp-block-embed__wrapper\">\n<span class=\"embed-youtube\" style=\"text-align:center; display: block;\"><iframe loading=\"lazy\" class=\"youtube-player\" width=\"1040\" height=\"585\" src=\"https:\/\/www.youtube.com\/embed\/9vB824QOPrY?version=3&#038;rel=1&#038;showsearch=0&#038;showinfo=1&#038;iv_load_policy=1&#038;fs=1&#038;hl=de-DE&#038;autohide=2&#038;wmode=transparent\" allowfullscreen=\"true\" style=\"border:0;\" sandbox=\"allow-scripts allow-same-origin allow-popups allow-presentation allow-popups-to-escape-sandbox\"><\/iframe><\/span>\n<\/div><\/figure>\n\n\n\n<p class=\"wp-block-paragraph\"><strong>Spendenaktion in Bad Kissingen<\/strong> <em>(25. Juli 2019)<\/em><\/p>\n\n\n\n<div id=\"if_widget1564138714\"><\/div>\n<script src=\"https:\/\/www.infranken.de\/fileadmin\/scripts\/widget\/widgetjs\/?art=211&amp;picsize=1&amp;bg=FFFEF9&amp;al=ja&amp;h=A9A17A-18&amp;a=000000-18&amp;l=B52C00-18&amp;id=4353558&amp;pfad=\/regional\/bad-kissingen\/&amp;ts=1564138714\" charset=\"windows-1250\"><\/script>\n","protected":false},"excerpt":{"rendered":"<p>Pressespiegel des Deutschen Tempelherren-Orden Wir bieten hier, eine \u00dcbersicht mit aktuellen Beitr\u00e4gen aus Regionalen und \u00dcberregionalen Medien. Bericht im Geschichtmagazin &#8222;chronico&#8220; (09. September 2005) Generalkapitel in Celle (28. Juni 2010) Generalkapitel in Berlin (21. Juli 2012) Generalkapitel in Fulda (20. Mai 2015) Spendenaktion in Bad Kissingen (25. Juli 2019)<\/p>\n<p> <a class=\"continue-reading-link\" href=\"https:\/\/tempelherrenorden.de\/cms\/aktuelle-beitraege\/pressespiegel\/\"><span>Artikel lesen<\/span><i class=\"crycon-right-dir\"><\/i><\/a> <\/p>\n","protected":false},"author":10,"featured_media":0,"parent":2,"menu_order":1,"comment_status":"closed","ping_status":"closed","template":"","meta":{"_crdt_document":"","jetpack_post_was_ever_published":false,"footnotes":""},"class_list":["post-3245","page","type-page","status-publish","hentry"],"yoast_head":"<!-- This site is optimized with the Yoast SEO plugin v27.5 - https:\/\/yoast.com\/product\/yoast-seo-wordpress\/ -->\n<title>Pressespiegel &#8226; Deutscher Tempelherren-Orden<\/title>\n<meta name=\"description\" content=\"Pressespiegel des Deutschen Tempelherren-Orden mit aktuellen Beitr\u00e4gen aus Regionalen und \u00dcberregionalen Medien. Nehmen Sie eine Leseprobe!\" \/>\n<meta name=\"robots\" content=\"index, follow, max-snippet:-1, max-image-preview:large, max-video-preview:-1\" \/>\n<link rel=\"canonical\" href=\"https:\/\/tempelherrenorden.de\/cms\/aktuelle-beitraege\/pressespiegel\/\" \/>\n<meta property=\"og:locale\" content=\"de_DE\" \/>\n<meta property=\"og:type\" content=\"article\" \/>\n<meta property=\"og:title\" content=\"Pressespiegel &#8226; Deutscher Tempelherren-Orden\" \/>\n<meta property=\"og:description\" content=\"Pressespiegel des Deutschen Tempelherren-Orden mit aktuellen Beitr\u00e4gen aus Regionalen und \u00dcberregionalen Medien. Nehmen Sie eine Leseprobe!\" \/>\n<meta property=\"og:url\" content=\"https:\/\/tempelherrenorden.de\/cms\/aktuelle-beitraege\/pressespiegel\/\" \/>\n<meta property=\"og:site_name\" content=\"Deutscher Tempelherren-Orden\" \/>\n<meta property=\"article:publisher\" content=\"https:\/\/www.facebook.com\/Deutscher-Tempelherren-Orden-OMCT-2054469481490772\/\" \/>\n<meta property=\"article:modified_time\" content=\"2022-08-16T07:54:26+00:00\" \/>\n<meta property=\"og:image\" content=\"http:\/\/chronico.de\/images\/content\/articles\/0000265_1c.jpg\" \/>\n<meta name=\"twitter:card\" content=\"summary_large_image\" \/>\n<meta name=\"twitter:label1\" content=\"Gesch\u00e4tzte Lesezeit\" \/>\n\t<meta name=\"twitter:data1\" content=\"2\u00a0Minuten\" \/>\n<script type=\"application\/ld+json\" class=\"yoast-schema-graph\">{\"@context\":\"https:\\\/\\\/schema.org\",\"@graph\":[{\"@type\":\"WebPage\",\"@id\":\"https:\\\/\\\/tempelherrenorden.de\\\/cms\\\/aktuelle-beitraege\\\/pressespiegel\\\/\",\"url\":\"https:\\\/\\\/tempelherrenorden.de\\\/cms\\\/aktuelle-beitraege\\\/pressespiegel\\\/\",\"name\":\"Pressespiegel &#8226; Deutscher Tempelherren-Orden\",\"isPartOf\":{\"@id\":\"https:\\\/\\\/tempelherrenorden.de\\\/cms\\\/#website\"},\"primaryImageOfPage\":{\"@id\":\"https:\\\/\\\/tempelherrenorden.de\\\/cms\\\/aktuelle-beitraege\\\/pressespiegel\\\/#primaryimage\"},\"image\":{\"@id\":\"https:\\\/\\\/tempelherrenorden.de\\\/cms\\\/aktuelle-beitraege\\\/pressespiegel\\\/#primaryimage\"},\"thumbnailUrl\":\"http:\\\/\\\/chronico.de\\\/images\\\/content\\\/articles\\\/0000265_1c.jpg\",\"datePublished\":\"2019-07-26T11:10:02+00:00\",\"dateModified\":\"2022-08-16T07:54:26+00:00\",\"description\":\"Pressespiegel des Deutschen Tempelherren-Orden mit aktuellen Beitr\u00e4gen aus Regionalen und \u00dcberregionalen Medien. Nehmen Sie eine Leseprobe!\",\"breadcrumb\":{\"@id\":\"https:\\\/\\\/tempelherrenorden.de\\\/cms\\\/aktuelle-beitraege\\\/pressespiegel\\\/#breadcrumb\"},\"inLanguage\":\"de\",\"potentialAction\":[{\"@type\":\"ReadAction\",\"target\":[\"https:\\\/\\\/tempelherrenorden.de\\\/cms\\\/aktuelle-beitraege\\\/pressespiegel\\\/\"]}]},{\"@type\":\"ImageObject\",\"inLanguage\":\"de\",\"@id\":\"https:\\\/\\\/tempelherrenorden.de\\\/cms\\\/aktuelle-beitraege\\\/pressespiegel\\\/#primaryimage\",\"url\":\"http:\\\/\\\/chronico.de\\\/images\\\/content\\\/articles\\\/0000265_1c.jpg\",\"contentUrl\":\"http:\\\/\\\/chronico.de\\\/images\\\/content\\\/articles\\\/0000265_1c.jpg\"},{\"@type\":\"BreadcrumbList\",\"@id\":\"https:\\\/\\\/tempelherrenorden.de\\\/cms\\\/aktuelle-beitraege\\\/pressespiegel\\\/#breadcrumb\",\"itemListElement\":[{\"@type\":\"ListItem\",\"position\":1,\"name\":\"Startseite\",\"item\":\"https:\\\/\\\/tempelherrenorden.de\\\/cms\\\/\"},{\"@type\":\"ListItem\",\"position\":2,\"name\":\"Aktuelle Beitr\u00e4ge\",\"item\":\"https:\\\/\\\/tempelherrenorden.de\\\/cms\\\/aktuelle-beitraege\\\/\"},{\"@type\":\"ListItem\",\"position\":3,\"name\":\"Pressespiegel\"}]},{\"@type\":\"WebSite\",\"@id\":\"https:\\\/\\\/tempelherrenorden.de\\\/cms\\\/#website\",\"url\":\"https:\\\/\\\/tempelherrenorden.de\\\/cms\\\/\",\"name\":\"Deutscher Tempelherren-Orden\",\"description\":\"\",\"publisher\":{\"@id\":\"https:\\\/\\\/tempelherrenorden.de\\\/cms\\\/#organization\"},\"potentialAction\":[{\"@type\":\"SearchAction\",\"target\":{\"@type\":\"EntryPoint\",\"urlTemplate\":\"https:\\\/\\\/tempelherrenorden.de\\\/cms\\\/?s={search_term_string}\"},\"query-input\":{\"@type\":\"PropertyValueSpecification\",\"valueRequired\":true,\"valueName\":\"search_term_string\"}}],\"inLanguage\":\"de\"},{\"@type\":\"Organization\",\"@id\":\"https:\\\/\\\/tempelherrenorden.de\\\/cms\\\/#organization\",\"name\":\"Deutscher Tempelherren-Orden OMCT e.V.\",\"url\":\"https:\\\/\\\/tempelherrenorden.de\\\/cms\\\/\",\"logo\":{\"@type\":\"ImageObject\",\"inLanguage\":\"de\",\"@id\":\"https:\\\/\\\/tempelherrenorden.de\\\/cms\\\/#\\\/schema\\\/logo\\\/image\\\/\",\"url\":\"https:\\\/\\\/i0.wp.com\\\/tempelherrenorden.de\\\/cms\\\/wp-content\\\/uploads\\\/2018\\\/01\\\/OMCT-Wappen.jpg?fit=997%2C1198&ssl=1\",\"contentUrl\":\"https:\\\/\\\/i0.wp.com\\\/tempelherrenorden.de\\\/cms\\\/wp-content\\\/uploads\\\/2018\\\/01\\\/OMCT-Wappen.jpg?fit=997%2C1198&ssl=1\",\"width\":997,\"height\":1198,\"caption\":\"Deutscher Tempelherren-Orden OMCT e.V.\"},\"image\":{\"@id\":\"https:\\\/\\\/tempelherrenorden.de\\\/cms\\\/#\\\/schema\\\/logo\\\/image\\\/\"},\"sameAs\":[\"https:\\\/\\\/www.facebook.com\\\/Deutscher-Tempelherren-Orden-OMCT-2054469481490772\\\/\"]}]}<\/script>\n<!-- \/ Yoast SEO plugin. -->","yoast_head_json":{"title":"Pressespiegel &#8226; Deutscher Tempelherren-Orden","description":"Pressespiegel des Deutschen Tempelherren-Orden mit aktuellen Beitr\u00e4gen aus Regionalen und \u00dcberregionalen Medien. Nehmen Sie eine Leseprobe!","robots":{"index":"index","follow":"follow","max-snippet":"max-snippet:-1","max-image-preview":"max-image-preview:large","max-video-preview":"max-video-preview:-1"},"canonical":"https:\/\/tempelherrenorden.de\/cms\/aktuelle-beitraege\/pressespiegel\/","og_locale":"de_DE","og_type":"article","og_title":"Pressespiegel &#8226; Deutscher Tempelherren-Orden","og_description":"Pressespiegel des Deutschen Tempelherren-Orden mit aktuellen Beitr\u00e4gen aus Regionalen und \u00dcberregionalen Medien. Nehmen Sie eine Leseprobe!","og_url":"https:\/\/tempelherrenorden.de\/cms\/aktuelle-beitraege\/pressespiegel\/","og_site_name":"Deutscher Tempelherren-Orden","article_publisher":"https:\/\/www.facebook.com\/Deutscher-Tempelherren-Orden-OMCT-2054469481490772\/","article_modified_time":"2022-08-16T07:54:26+00:00","og_image":[{"url":"http:\/\/chronico.de\/images\/content\/articles\/0000265_1c.jpg","type":"","width":"","height":""}],"twitter_card":"summary_large_image","twitter_misc":{"Gesch\u00e4tzte Lesezeit":"2\u00a0Minuten"},"schema":{"@context":"https:\/\/schema.org","@graph":[{"@type":"WebPage","@id":"https:\/\/tempelherrenorden.de\/cms\/aktuelle-beitraege\/pressespiegel\/","url":"https:\/\/tempelherrenorden.de\/cms\/aktuelle-beitraege\/pressespiegel\/","name":"Pressespiegel &#8226; Deutscher Tempelherren-Orden","isPartOf":{"@id":"https:\/\/tempelherrenorden.de\/cms\/#website"},"primaryImageOfPage":{"@id":"https:\/\/tempelherrenorden.de\/cms\/aktuelle-beitraege\/pressespiegel\/#primaryimage"},"image":{"@id":"https:\/\/tempelherrenorden.de\/cms\/aktuelle-beitraege\/pressespiegel\/#primaryimage"},"thumbnailUrl":"http:\/\/chronico.de\/images\/content\/articles\/0000265_1c.jpg","datePublished":"2019-07-26T11:10:02+00:00","dateModified":"2022-08-16T07:54:26+00:00","description":"Pressespiegel des Deutschen Tempelherren-Orden mit aktuellen Beitr\u00e4gen aus Regionalen und \u00dcberregionalen Medien. Nehmen Sie eine Leseprobe!","breadcrumb":{"@id":"https:\/\/tempelherrenorden.de\/cms\/aktuelle-beitraege\/pressespiegel\/#breadcrumb"},"inLanguage":"de","potentialAction":[{"@type":"ReadAction","target":["https:\/\/tempelherrenorden.de\/cms\/aktuelle-beitraege\/pressespiegel\/"]}]},{"@type":"ImageObject","inLanguage":"de","@id":"https:\/\/tempelherrenorden.de\/cms\/aktuelle-beitraege\/pressespiegel\/#primaryimage","url":"http:\/\/chronico.de\/images\/content\/articles\/0000265_1c.jpg","contentUrl":"http:\/\/chronico.de\/images\/content\/articles\/0000265_1c.jpg"},{"@type":"BreadcrumbList","@id":"https:\/\/tempelherrenorden.de\/cms\/aktuelle-beitraege\/pressespiegel\/#breadcrumb","itemListElement":[{"@type":"ListItem","position":1,"name":"Startseite","item":"https:\/\/tempelherrenorden.de\/cms\/"},{"@type":"ListItem","position":2,"name":"Aktuelle Beitr\u00e4ge","item":"https:\/\/tempelherrenorden.de\/cms\/aktuelle-beitraege\/"},{"@type":"ListItem","position":3,"name":"Pressespiegel"}]},{"@type":"WebSite","@id":"https:\/\/tempelherrenorden.de\/cms\/#website","url":"https:\/\/tempelherrenorden.de\/cms\/","name":"Deutscher Tempelherren-Orden","description":"","publisher":{"@id":"https:\/\/tempelherrenorden.de\/cms\/#organization"},"potentialAction":[{"@type":"SearchAction","target":{"@type":"EntryPoint","urlTemplate":"https:\/\/tempelherrenorden.de\/cms\/?s={search_term_string}"},"query-input":{"@type":"PropertyValueSpecification","valueRequired":true,"valueName":"search_term_string"}}],"inLanguage":"de"},{"@type":"Organization","@id":"https:\/\/tempelherrenorden.de\/cms\/#organization","name":"Deutscher Tempelherren-Orden OMCT e.V.","url":"https:\/\/tempelherrenorden.de\/cms\/","logo":{"@type":"ImageObject","inLanguage":"de","@id":"https:\/\/tempelherrenorden.de\/cms\/#\/schema\/logo\/image\/","url":"https:\/\/i0.wp.com\/tempelherrenorden.de\/cms\/wp-content\/uploads\/2018\/01\/OMCT-Wappen.jpg?fit=997%2C1198&ssl=1","contentUrl":"https:\/\/i0.wp.com\/tempelherrenorden.de\/cms\/wp-content\/uploads\/2018\/01\/OMCT-Wappen.jpg?fit=997%2C1198&ssl=1","width":997,"height":1198,"caption":"Deutscher Tempelherren-Orden OMCT e.V."},"image":{"@id":"https:\/\/tempelherrenorden.de\/cms\/#\/schema\/logo\/image\/"},"sameAs":["https:\/\/www.facebook.com\/Deutscher-Tempelherren-Orden-OMCT-2054469481490772\/"]}]}},"jetpack_shortlink":"https:\/\/wp.me\/P5yQvL-Ql","jetpack_sharing_enabled":true,"_links":{"self":[{"href":"https:\/\/tempelherrenorden.de\/cms\/wp-json\/wp\/v2\/pages\/3245","targetHints":{"allow":["GET"]}}],"collection":[{"href":"https:\/\/tempelherrenorden.de\/cms\/wp-json\/wp\/v2\/pages"}],"about":[{"href":"https:\/\/tempelherrenorden.de\/cms\/wp-json\/wp\/v2\/types\/page"}],"author":[{"embeddable":true,"href":"https:\/\/tempelherrenorden.de\/cms\/wp-json\/wp\/v2\/users\/10"}],"replies":[{"embeddable":true,"href":"https:\/\/tempelherrenorden.de\/cms\/wp-json\/wp\/v2\/comments?post=3245"}],"version-history":[{"count":22,"href":"https:\/\/tempelherrenorden.de\/cms\/wp-json\/wp\/v2\/pages\/3245\/revisions"}],"predecessor-version":[{"id":4644,"href":"https:\/\/tempelherrenorden.de\/cms\/wp-json\/wp\/v2\/pages\/3245\/revisions\/4644"}],"up":[{"embeddable":true,"href":"https:\/\/tempelherrenorden.de\/cms\/wp-json\/wp\/v2\/pages\/2"}],"wp:attachment":[{"href":"https:\/\/tempelherrenorden.de\/cms\/wp-json\/wp\/v2\/media?parent=3245"}],"curies":[{"name":"wp","href":"https:\/\/api.w.org\/{rel}","templated":true}]}}