{"id":3570,"date":"2019-09-29T22:10:59","date_gmt":"2019-09-29T20:10:59","guid":{"rendered":"https:\/\/tempelherrenorden.de\/cms\/?page_id=3570"},"modified":"2021-09-23T14:17:34","modified_gmt":"2021-09-23T12:17:34","slug":"netzwerk","status":"publish","type":"page","link":"https:\/\/tempelherrenorden.de\/cms\/netzwerk\/","title":{"rendered":"Netzwerk"},"content":{"rendered":"\n<h2 class=\"wp-block-heading\">Einordnung<\/h2>\n\n\n\n<p class=\"wp-block-paragraph\">Der Deutsche Tempelherren-Orden als \u00f6kumenischer Orden hat Mitglieder verschiedener Konfessionen. Unsere Ordensschwestern und Ordensbr\u00fcder sind christlich getauft und geh\u00f6ren zum Gro\u00dfteil einer der beiden gro\u00dfen christlichen Kirchen an. <\/p>\n\n\n<div class=\"vlp-link-container vlp-layout-basic wp-block-visual-link-preview-link\"><a href=\"http:\/\/w2.vatican.va\/content\/vatican\/de.html\" class=\"vlp-link\" title=\"Vatikan - Der Heilige Stuhl\" rel=\"nofollow\" target=\"_blank\"><\/a><div class=\"vlp-layout-zone-side\"><div class=\"vlp-block-2 vlp-link-image\"><img data-recalc-dims=\"1\" decoding=\"async\" src=\"https:\/\/i0.wp.com\/w2.vatican.va\/etc\/designs\/vatican\/library\/clientlibs\/themes\/homepage_popes\/images\/icona.png?w=1040\" style=\"max-width: 150px; max-height: 150px\" \/><\/div><\/div><div class=\"vlp-layout-zone-main\"><div class=\"vlp-block-0 vlp-link-title\">Vatikan &#8211; Der Heilige Stuhl<\/div><div class=\"vlp-block-1 vlp-link-summary\">Auf der offiziellen Webseite des Heiligen Stuhls k\u00f6nnen Sie nicht nur das Lehramt der P\u00e4pste konsultieren (von Papst Leo XIII. bis zu Papst Franziskus), sondern &#8211; in verschiedenen Sprachen &#8211; auch die grundlegenden Texte des Katholizismus (Bibel, Katechismus der katholischen Kirche, Dokumente des Zwe\u2026<\/div><\/div><\/div>\n\n<div class=\"vlp-link-container vlp-layout-basic wp-block-visual-link-preview-link\"><a href=\"https:\/\/www.katholisch.de\/startseite\" class=\"vlp-link\" title=\"Katholische Kirche in Deutschland\" rel=\"nofollow\" target=\"_blank\"><\/a><div class=\"vlp-layout-zone-side\"><div class=\"vlp-block-2 vlp-link-image\"><img data-recalc-dims=\"1\" decoding=\"async\" src=\"https:\/\/i0.wp.com\/cf.katholisch.de\/fotolia_142201470_schreibmaschine_news.jpg?w=1040&#038;ssl=1\" style=\"max-width: 150px; max-height: 150px\" \/><\/div><\/div><div class=\"vlp-layout-zone-main\"><div class=\"vlp-block-0 vlp-link-title\">Katholische Kirche in Deutschland<\/div><div class=\"vlp-block-1 vlp-link-summary\">Das Internetportal katholisch.de berichtet aktuell und multimedial \u00fcber Kirche und Gesellschaft.<\/div><\/div><\/div>\n\n<div class=\"vlp-link-container vlp-layout-basic wp-block-visual-link-preview-link\"><a href=\"https:\/\/www.ekd.de\/\" class=\"vlp-link\" title=\"EKD - Evangelische Kirche in Deutschalnd\" rel=\"nofollow\" target=\"_blank\"><\/a><div class=\"vlp-layout-zone-side\"><div class=\"vlp-block-2 vlp-link-image\"><img data-recalc-dims=\"1\" decoding=\"async\" src=\"https:\/\/i0.wp.com\/www.ekd.de\/ekd_de\/ds_img\/assets_1875_x\/ekd-violett_rdax_625x352_60.jpg?w=1040&#038;ssl=1\" style=\"max-width: 150px; max-height: 150px\" \/><\/div><\/div><div class=\"vlp-layout-zone-main\"><div class=\"vlp-block-0 vlp-link-title\">EKD &#8211; Evangelische Kirche in Deutschalnd<\/div><div class=\"vlp-block-1 vlp-link-summary\">Das Webangebot der Evangelischen Kirche in Deutschland &#8211; die Gemeinschaft aus 20 Landeskirchen und \u00fcber 14000 lutherischen, reformierten und unierten evangelischen Kirchengemeinden mit ihren kirchlichen und diakonischen Einrichtungen. Infoservice: Telefon 0800-5040602, E-Mail info@ekd.de<\/div><\/div><\/div>\n\n<div class=\"vlp-link-container vlp-layout-basic wp-block-visual-link-preview-link\"><a href=\"https:\/\/www.oekumene-ack.de\/aktuell\/\" class=\"vlp-link\" title=\"ACK - Arbeitsgemeinschaft Christlicher Kirchen in Deutschland\" rel=\"nofollow\" target=\"_blank\"><\/a><div class=\"vlp-layout-zone-side\"><div class=\"vlp-block-2 vlp-link-image\"><img data-recalc-dims=\"1\" decoding=\"async\" src=\"https:\/\/i0.wp.com\/www.oekumene-ack.de\/fileadmin\/_processed_\/0\/b\/csm_Tagung_Gnadenthal_8aa33b1b19.jpg?w=1040&#038;ssl=1\" style=\"max-width: 150px; max-height: 150px\" \/><\/div><\/div><div class=\"vlp-layout-zone-main\"><div class=\"vlp-block-0 vlp-link-title\">ACK &#8211; Arbeitsgemeinschaft Christlicher Kirchen in Deutschland<\/div><div class=\"vlp-block-1 vlp-link-summary\">Zur ACK geh\u00f6ren 23 Kirchen, die die Zusammenarbeit der Christen untereinander f\u00f6rdern und gemeinsam Aufgaben der Kirche in der Gesellschaft wahrnehmen wollen.<\/div><\/div><\/div>\n\n\n<h2 class=\"wp-block-heading\">Gemeinden vor Ort <\/h2>\n\n\n\n<p class=\"wp-block-paragraph\">F\u00fcr unsere Ordensarbeit in den Komtureien des Deutschen Tempelherren-Orden kooperieren wir mit verschiedenen Kirchengemeinden vor Ort bei denen wir an Gemeindegottesdiensten teilnehmen oder die Kirchenr\u00e4ume f\u00fcr eigene Gottesdienste nutzen.<\/p>\n\n\n<div class=\"vlp-link-container vlp-layout-basic wp-block-visual-link-preview-link\"><a href=\"https:\/\/www.gartenkirche.de\/\" class=\"vlp-link\" title=\"Ev.-luth. Gartenkirche St. Marien Hannover\" rel=\"nofollow\" target=\"_blank\"><\/a><div class=\"vlp-layout-zone-side\"><div class=\"vlp-block-2 vlp-link-image\"><img data-recalc-dims=\"1\" decoding=\"async\" src=\"https:\/\/i0.wp.com\/cdn.max-e5.info\/damfiles\/article\/kg_gartenkirche_hannover\/bilder\/gemeindeleben\/Gefl-chtete-und-Migranten\/Chrismon\/Ablauf_Preisverleihung-1.jpg-24adf8e28e35440c2cdea021cad22d65.jpg?w=1040&#038;ssl=1\" style=\"max-width: 150px; max-height: 150px\" \/><\/div><\/div><div class=\"vlp-layout-zone-main\"><div class=\"vlp-block-0 vlp-link-title\">Ev.-luth. Gartenkirche St. Marien Hannover<\/div><div class=\"vlp-block-1 vlp-link-summary\">Evangelisch-lutherische Kirchengemeinde mit besonderem liturgischen Profil und \u00f6kumenischem Anliegen: Feier der evangelischen Messe, Pflege der Gregorianik.<\/div><\/div><\/div>\n\n<div class=\"vlp-link-container vlp-layout-basic wp-block-visual-link-preview-link\"><a href=\"http:\/\/www.st-clemens-hannover.de\/\" class=\"vlp-link\" title=\"Propsteikirche Basilika St. Clemens\" rel=\"nofollow\" target=\"_blank\"><\/a><div class=\"vlp-layout-zone-side\"><div class=\"vlp-block-2 vlp-link-image\"><img data-recalc-dims=\"1\" decoding=\"async\" src=\"https:\/\/i0.wp.com\/www.st-clemens-hannover.de\/sites\/default\/files\/content\/bilder\/Basilika%203D.jpg?w=1040\" style=\"max-width: 150px; max-height: 150px\" \/><\/div><\/div><div class=\"vlp-layout-zone-main\"><div class=\"vlp-block-0 vlp-link-title\">Propsteikirche Basilika St. Clemens<\/div><div class=\"vlp-block-1 vlp-link-summary\">herzlich begr\u00fc\u00dfe ich Sie im Namen aller Engagierten der Basilika St. Clemens in Hannover auf unserer Homepage.<\/div><\/div><\/div>\n\n<div class=\"vlp-link-container vlp-layout-basic wp-block-visual-link-preview-link\"><a href=\"https:\/\/www.atm-evangelisch.de\/\" class=\"vlp-link\" title=\"Dorfkirche Tempelhof\" rel=\"nofollow\" target=\"_blank\"><\/a><div class=\"vlp-layout-zone-side\"><div class=\"vlp-block-2 vlp-link-image\"><img data-recalc-dims=\"1\" decoding=\"async\" src=\"https:\/\/i0.wp.com\/www.atm-evangelisch.de\/sites\/alt-tempelhof.kw01.net\/files\/michael1bearbinternet.jpg?w=1040&#038;ssl=1\" style=\"max-width: 150px; max-height: 150px\" \/><\/div><\/div><div class=\"vlp-layout-zone-main\"><div class=\"vlp-block-0 vlp-link-title\">Dorfkirche Tempelhof<\/div><div class=\"vlp-block-1 vlp-link-summary\">Sch\u00f6n, dass Sie zu uns gefunden haben. Egal, ob Sie zuf\u00e4llig bei uns gelandet sind oder ob Sie uns gezielt besuchen:<br \/>\nSie finden auf unserer Website das vielf\u00e4ltige Angebot unserer Kirchengemeinde, aktuelle Informationen und einiges Wissenswerte dar\u00fcber hinaus.<br \/>\nVerschaffen Sie sich hier in Ruhe einen\u2026<\/div><\/div><\/div>\n\n\n<h2 class=\"wp-block-heading\">Projektpartner<\/h2>\n\n\n\n<p class=\"wp-block-paragraph\">F\u00fcr unsere unterst\u00fctzen Projekte arbeiten wir oft mit Partnern zusammen, um zu gew\u00e4hrleisten, dass unsere Unterst\u00fctzung auch dort ankommt wo sie gebraucht wird.<\/p>\n\n\n<div class=\"vlp-link-container vlp-layout-basic wp-block-visual-link-preview-link\"><a href=\"https:\/\/www.brot-fuer-die-welt.de\/\" class=\"vlp-link\" title=\"Brot f\u00fcr die Welt\" rel=\"nofollow\" target=\"_blank\"><\/a><div class=\"vlp-layout-zone-side\"><div class=\"vlp-block-2 vlp-link-image\"><img data-recalc-dims=\"1\" decoding=\"async\" src=\"https:\/\/i0.wp.com\/www.brot-fuer-die-welt.de\/fileadmin\/mediapool\/_processed_\/3\/3\/csm_CEDEPAS_PER18_DSC01037_8ae2acd1a1.jpg?w=1040&#038;ssl=1\" style=\"max-width: 150px; max-height: 150px\" \/><\/div><\/div><div class=\"vlp-layout-zone-main\"><div class=\"vlp-block-0 vlp-link-title\">Brot f\u00fcr die Welt<\/div><div class=\"vlp-block-1 vlp-link-summary\">Brot f\u00fcr die Welt: Seit mehr als 50 Jahren gegen Hunger und Armut \u2013 mit Projekten in mehr als 90 L\u00e4ndern. Ihre Spende hilft!<\/div><\/div><\/div>\n\n<div class=\"vlp-link-container vlp-layout-basic wp-block-visual-link-preview-link\"><a href=\"https:\/\/www.diakonie-katastrophenhilfe.de\/\" class=\"vlp-link\" title=\"Diakonie Katastrophenhilfe\" rel=\"nofollow\" target=\"_blank\"><\/a><div class=\"vlp-layout-zone-side\"><div class=\"vlp-block-2 vlp-link-image\"><img decoding=\"async\" src=\"https:\/\/www.diakonie-katastrophenhilfe.de\/typo3conf\/ext\/as_template\/Resources\/Public\/Images\/logo.svg\" style=\"max-width: 150px; max-height: 150px\" \/><\/div><\/div><div class=\"vlp-layout-zone-main\"><div class=\"vlp-block-0 vlp-link-title\">Diakonie Katastrophenhilfe<\/div><div class=\"vlp-block-1 vlp-link-summary\">Wir unterst\u00fctzen Menschen dabei ihre Notlage zu bew\u00e4ltigen, in die sie durch Naturkatastrophen, Krieg oder Vertreibung geraten sind.<\/div><\/div><\/div>\n\n\n<h2 class=\"wp-block-heading\">Unterst\u00fctzer<\/h2>\n\n\n\n<p class=\"wp-block-paragraph\">F\u00fcr unsere caritativen Projekte freuen wir uns auch immer \u00fcber die Unterst\u00fctzung von externen Partnern. Wenn Sie an einer Kooperation interessiert sind nehmen Sie gerne Kontakt zu unserem Schatzmeister Obr. Cornelius Ordensschatzmeister@tempelherrenorden.de.<\/p>\n\n\n<div class=\"vlp-link-container vlp-layout-basic wp-block-visual-link-preview-link\"><a href=\"http:\/\/www.edvonstick.de\/\" class=\"vlp-link\" title=\"Ed von Stick\" rel=\"nofollow\" target=\"_blank\"><\/a><div class=\"vlp-layout-zone-side\"><div class=\"vlp-block-2 vlp-link-image\"><img data-recalc-dims=\"1\" decoding=\"async\" src=\"https:\/\/i0.wp.com\/www.edvonstick.de\/s\/img\/emotionheader12298150.jpg?w=1040\" style=\"max-width: 150px; max-height: 150px\" \/><\/div><\/div><div class=\"vlp-layout-zone-main\"><div class=\"vlp-block-0 vlp-link-title\">Ed von Stick<\/div><div class=\"vlp-block-1 vlp-link-summary\">Ed von Stick, Berlin<\/div><\/div><\/div>\n\n\n<div class=\"wp-block-image\"><figure class=\"alignleft size-medium is-resized\"><img data-recalc-dims=\"1\" loading=\"lazy\" decoding=\"async\" data-attachment-id=\"4135\" data-permalink=\"https:\/\/tempelherrenorden.de\/cms\/netzwerk\/herrenwolf\/\" data-orig-file=\"https:\/\/i0.wp.com\/tempelherrenorden.de\/cms\/wp-content\/uploads\/2020\/12\/Herrenwolf.png?fit=988%2C1429&amp;ssl=1\" data-orig-size=\"988,1429\" data-comments-opened=\"0\" data-image-meta=\"{&quot;aperture&quot;:&quot;0&quot;,&quot;credit&quot;:&quot;&quot;,&quot;camera&quot;:&quot;&quot;,&quot;caption&quot;:&quot;&quot;,&quot;created_timestamp&quot;:&quot;0&quot;,&quot;copyright&quot;:&quot;&quot;,&quot;focal_length&quot;:&quot;0&quot;,&quot;iso&quot;:&quot;0&quot;,&quot;shutter_speed&quot;:&quot;0&quot;,&quot;title&quot;:&quot;&quot;,&quot;orientation&quot;:&quot;0&quot;}\" data-image-title=\"Herrenwolf\" data-image-description=\"\" data-image-caption=\"\" data-large-file=\"https:\/\/i0.wp.com\/tempelherrenorden.de\/cms\/wp-content\/uploads\/2020\/12\/Herrenwolf.png?fit=708%2C1024&amp;ssl=1\" src=\"https:\/\/i0.wp.com\/tempelherrenorden.de\/cms\/wp-content\/uploads\/2020\/12\/Herrenwolf.png?resize=142%2C205&#038;ssl=1\" alt=\"\" class=\"wp-image-4135\" width=\"142\" height=\"205\" srcset=\"https:\/\/i0.wp.com\/tempelherrenorden.de\/cms\/wp-content\/uploads\/2020\/12\/Herrenwolf.png?resize=207%2C300&amp;ssl=1 207w, https:\/\/i0.wp.com\/tempelherrenorden.de\/cms\/wp-content\/uploads\/2020\/12\/Herrenwolf.png?resize=708%2C1024&amp;ssl=1 708w, https:\/\/i0.wp.com\/tempelherrenorden.de\/cms\/wp-content\/uploads\/2020\/12\/Herrenwolf.png?resize=768%2C1111&amp;ssl=1 768w, https:\/\/i0.wp.com\/tempelherrenorden.de\/cms\/wp-content\/uploads\/2020\/12\/Herrenwolf.png?resize=104%2C150&amp;ssl=1 104w, https:\/\/i0.wp.com\/tempelherrenorden.de\/cms\/wp-content\/uploads\/2020\/12\/Herrenwolf.png?w=988&amp;ssl=1 988w\" sizes=\"auto, (max-width: 142px) 100vw, 142px\" \/><\/figure><\/div>\n\n\n\n<p class=\"wp-block-paragraph\"><strong>Firma Herrenwolf<\/strong><\/p>\n\n\n\n<p class=\"wp-block-paragraph\"><strong><span class=\"has-inline-color has-vivid-red-color\">+<\/span><\/strong> Geleit <strong><span class=\"has-inline-color has-vivid-red-color\">+<\/span><\/strong> Schutz <span class=\"has-inline-color has-vivid-red-color\"><strong>+<\/strong><\/span> Dienst<\/p>\n\n\n\n<figure class=\"wp-block-image size-large is-resized\"><a href=\"https:\/\/www.facebook.com\/wolf.herrenwolf.9\" target=\"_blank\" rel=\"noopener\"><img data-recalc-dims=\"1\" loading=\"lazy\" decoding=\"async\" data-attachment-id=\"4136\" data-permalink=\"https:\/\/tempelherrenorden.de\/cms\/netzwerk\/facebook\/\" data-orig-file=\"https:\/\/i0.wp.com\/tempelherrenorden.de\/cms\/wp-content\/uploads\/2020\/12\/Facebook.png?fit=512%2C512&amp;ssl=1\" data-orig-size=\"512,512\" data-comments-opened=\"0\" data-image-meta=\"{&quot;aperture&quot;:&quot;0&quot;,&quot;credit&quot;:&quot;&quot;,&quot;camera&quot;:&quot;&quot;,&quot;caption&quot;:&quot;&quot;,&quot;created_timestamp&quot;:&quot;0&quot;,&quot;copyright&quot;:&quot;&quot;,&quot;focal_length&quot;:&quot;0&quot;,&quot;iso&quot;:&quot;0&quot;,&quot;shutter_speed&quot;:&quot;0&quot;,&quot;title&quot;:&quot;&quot;,&quot;orientation&quot;:&quot;0&quot;}\" data-image-title=\"Facebook\" data-image-description=\"\" data-image-caption=\"\" data-large-file=\"https:\/\/i0.wp.com\/tempelherrenorden.de\/cms\/wp-content\/uploads\/2020\/12\/Facebook.png?fit=512%2C512&amp;ssl=1\" src=\"https:\/\/i0.wp.com\/tempelherrenorden.de\/cms\/wp-content\/uploads\/2020\/12\/Facebook.png?resize=61%2C61&#038;ssl=1\" alt=\"\" class=\"wp-image-4136\" width=\"61\" height=\"61\" srcset=\"https:\/\/i0.wp.com\/tempelherrenorden.de\/cms\/wp-content\/uploads\/2020\/12\/Facebook.png?w=512&amp;ssl=1 512w, https:\/\/i0.wp.com\/tempelherrenorden.de\/cms\/wp-content\/uploads\/2020\/12\/Facebook.png?resize=300%2C300&amp;ssl=1 300w, https:\/\/i0.wp.com\/tempelherrenorden.de\/cms\/wp-content\/uploads\/2020\/12\/Facebook.png?resize=40%2C40&amp;ssl=1 40w, https:\/\/i0.wp.com\/tempelherrenorden.de\/cms\/wp-content\/uploads\/2020\/12\/Facebook.png?resize=150%2C150&amp;ssl=1 150w, https:\/\/i0.wp.com\/tempelherrenorden.de\/cms\/wp-content\/uploads\/2020\/12\/Facebook.png?resize=250%2C250&amp;ssl=1 250w, https:\/\/i0.wp.com\/tempelherrenorden.de\/cms\/wp-content\/uploads\/2020\/12\/Facebook.png?resize=45%2C45&amp;ssl=1 45w\" sizes=\"auto, (max-width: 61px) 100vw, 61px\" \/><\/a><\/figure>\n","protected":false},"excerpt":{"rendered":"<p>Einordnung Der Deutsche Tempelherren-Orden als \u00f6kumenischer Orden hat Mitglieder verschiedener Konfessionen. Unsere Ordensschwestern und Ordensbr\u00fcder sind christlich getauft und geh\u00f6ren zum Gro\u00dfteil einer der beiden gro\u00dfen christlichen Kirchen an. Gemeinden vor Ort F\u00fcr unsere Ordensarbeit in den Komtureien des Deutschen Tempelherren-Orden kooperieren wir mit verschiedenen Kirchengemeinden vor Ort bei denen\u2026<\/p>\n<p> <a class=\"continue-reading-link\" href=\"https:\/\/tempelherrenorden.de\/cms\/netzwerk\/\"><span>Artikel lesen<\/span><i class=\"crycon-right-dir\"><\/i><\/a> <\/p>\n","protected":false},"author":10,"featured_media":0,"parent":0,"menu_order":7,"comment_status":"closed","ping_status":"closed","template":"","meta":{"_crdt_document":"","jetpack_post_was_ever_published":false,"footnotes":""},"class_list":["post-3570","page","type-page","status-publish","hentry"],"yoast_head":"<!-- This site is optimized with the Yoast SEO plugin v27.4 - https:\/\/yoast.com\/product\/yoast-seo-wordpress\/ -->\n<title>Netzwerk &#8226; Deutscher Tempelherren-Orden<\/title>\n<meta name=\"robots\" content=\"index, follow, max-snippet:-1, max-image-preview:large, max-video-preview:-1\" \/>\n<link rel=\"canonical\" href=\"https:\/\/tempelherrenorden.de\/cms\/netzwerk\/\" \/>\n<meta property=\"og:locale\" content=\"de_DE\" \/>\n<meta property=\"og:type\" content=\"article\" \/>\n<meta property=\"og:title\" content=\"Netzwerk &#8226; Deutscher Tempelherren-Orden\" \/>\n<meta property=\"og:description\" content=\"Einordnung Der Deutsche Tempelherren-Orden als \u00f6kumenischer Orden hat Mitglieder verschiedener Konfessionen. Unsere Ordensschwestern und Ordensbr\u00fcder sind christlich getauft und geh\u00f6ren zum Gro\u00dfteil einer der beiden gro\u00dfen christlichen Kirchen an. Gemeinden vor Ort F\u00fcr unsere Ordensarbeit in den Komtureien des Deutschen Tempelherren-Orden kooperieren wir mit verschiedenen Kirchengemeinden vor Ort bei denen\u2026 Artikel lesen\" \/>\n<meta property=\"og:url\" content=\"https:\/\/tempelherrenorden.de\/cms\/netzwerk\/\" \/>\n<meta property=\"og:site_name\" content=\"Deutscher Tempelherren-Orden\" \/>\n<meta property=\"article:publisher\" content=\"https:\/\/www.facebook.com\/Deutscher-Tempelherren-Orden-OMCT-2054469481490772\/\" \/>\n<meta property=\"article:modified_time\" content=\"2021-09-23T12:17:34+00:00\" \/>\n<meta property=\"og:image\" content=\"http:\/\/w2.vatican.va\/etc\/designs\/vatican\/library\/clientlibs\/themes\/homepage_popes\/images\/icona.png\" \/>\n<meta name=\"twitter:card\" content=\"summary_large_image\" \/>\n<meta name=\"twitter:label1\" content=\"Gesch\u00e4tzte Lesezeit\" \/>\n\t<meta name=\"twitter:data1\" content=\"5\u00a0Minuten\" \/>\n<script type=\"application\/ld+json\" class=\"yoast-schema-graph\">{\"@context\":\"https:\\\/\\\/schema.org\",\"@graph\":[{\"@type\":\"WebPage\",\"@id\":\"https:\\\/\\\/tempelherrenorden.de\\\/cms\\\/netzwerk\\\/\",\"url\":\"https:\\\/\\\/tempelherrenorden.de\\\/cms\\\/netzwerk\\\/\",\"name\":\"Netzwerk &#8226; Deutscher Tempelherren-Orden\",\"isPartOf\":{\"@id\":\"https:\\\/\\\/tempelherrenorden.de\\\/cms\\\/#website\"},\"primaryImageOfPage\":{\"@id\":\"https:\\\/\\\/tempelherrenorden.de\\\/cms\\\/netzwerk\\\/#primaryimage\"},\"image\":{\"@id\":\"https:\\\/\\\/tempelherrenorden.de\\\/cms\\\/netzwerk\\\/#primaryimage\"},\"thumbnailUrl\":\"http:\\\/\\\/w2.vatican.va\\\/etc\\\/designs\\\/vatican\\\/library\\\/clientlibs\\\/themes\\\/homepage_popes\\\/images\\\/icona.png\",\"datePublished\":\"2019-09-29T20:10:59+00:00\",\"dateModified\":\"2021-09-23T12:17:34+00:00\",\"breadcrumb\":{\"@id\":\"https:\\\/\\\/tempelherrenorden.de\\\/cms\\\/netzwerk\\\/#breadcrumb\"},\"inLanguage\":\"de\",\"potentialAction\":[{\"@type\":\"ReadAction\",\"target\":[\"https:\\\/\\\/tempelherrenorden.de\\\/cms\\\/netzwerk\\\/\"]}]},{\"@type\":\"ImageObject\",\"inLanguage\":\"de\",\"@id\":\"https:\\\/\\\/tempelherrenorden.de\\\/cms\\\/netzwerk\\\/#primaryimage\",\"url\":\"http:\\\/\\\/w2.vatican.va\\\/etc\\\/designs\\\/vatican\\\/library\\\/clientlibs\\\/themes\\\/homepage_popes\\\/images\\\/icona.png\",\"contentUrl\":\"http:\\\/\\\/w2.vatican.va\\\/etc\\\/designs\\\/vatican\\\/library\\\/clientlibs\\\/themes\\\/homepage_popes\\\/images\\\/icona.png\"},{\"@type\":\"BreadcrumbList\",\"@id\":\"https:\\\/\\\/tempelherrenorden.de\\\/cms\\\/netzwerk\\\/#breadcrumb\",\"itemListElement\":[{\"@type\":\"ListItem\",\"position\":1,\"name\":\"Startseite\",\"item\":\"https:\\\/\\\/tempelherrenorden.de\\\/cms\\\/\"},{\"@type\":\"ListItem\",\"position\":2,\"name\":\"Netzwerk\"}]},{\"@type\":\"WebSite\",\"@id\":\"https:\\\/\\\/tempelherrenorden.de\\\/cms\\\/#website\",\"url\":\"https:\\\/\\\/tempelherrenorden.de\\\/cms\\\/\",\"name\":\"Deutscher Tempelherren-Orden\",\"description\":\"\",\"publisher\":{\"@id\":\"https:\\\/\\\/tempelherrenorden.de\\\/cms\\\/#organization\"},\"potentialAction\":[{\"@type\":\"SearchAction\",\"target\":{\"@type\":\"EntryPoint\",\"urlTemplate\":\"https:\\\/\\\/tempelherrenorden.de\\\/cms\\\/?s={search_term_string}\"},\"query-input\":{\"@type\":\"PropertyValueSpecification\",\"valueRequired\":true,\"valueName\":\"search_term_string\"}}],\"inLanguage\":\"de\"},{\"@type\":\"Organization\",\"@id\":\"https:\\\/\\\/tempelherrenorden.de\\\/cms\\\/#organization\",\"name\":\"Deutscher Tempelherren-Orden OMCT e.V.\",\"url\":\"https:\\\/\\\/tempelherrenorden.de\\\/cms\\\/\",\"logo\":{\"@type\":\"ImageObject\",\"inLanguage\":\"de\",\"@id\":\"https:\\\/\\\/tempelherrenorden.de\\\/cms\\\/#\\\/schema\\\/logo\\\/image\\\/\",\"url\":\"https:\\\/\\\/i0.wp.com\\\/tempelherrenorden.de\\\/cms\\\/wp-content\\\/uploads\\\/2018\\\/01\\\/OMCT-Wappen.jpg?fit=997%2C1198&ssl=1\",\"contentUrl\":\"https:\\\/\\\/i0.wp.com\\\/tempelherrenorden.de\\\/cms\\\/wp-content\\\/uploads\\\/2018\\\/01\\\/OMCT-Wappen.jpg?fit=997%2C1198&ssl=1\",\"width\":997,\"height\":1198,\"caption\":\"Deutscher Tempelherren-Orden OMCT e.V.\"},\"image\":{\"@id\":\"https:\\\/\\\/tempelherrenorden.de\\\/cms\\\/#\\\/schema\\\/logo\\\/image\\\/\"},\"sameAs\":[\"https:\\\/\\\/www.facebook.com\\\/Deutscher-Tempelherren-Orden-OMCT-2054469481490772\\\/\"]}]}<\/script>\n<!-- \/ Yoast SEO plugin. -->","yoast_head_json":{"title":"Netzwerk &#8226; Deutscher Tempelherren-Orden","robots":{"index":"index","follow":"follow","max-snippet":"max-snippet:-1","max-image-preview":"max-image-preview:large","max-video-preview":"max-video-preview:-1"},"canonical":"https:\/\/tempelherrenorden.de\/cms\/netzwerk\/","og_locale":"de_DE","og_type":"article","og_title":"Netzwerk &#8226; Deutscher Tempelherren-Orden","og_description":"Einordnung Der Deutsche Tempelherren-Orden als \u00f6kumenischer Orden hat Mitglieder verschiedener Konfessionen. Unsere Ordensschwestern und Ordensbr\u00fcder sind christlich getauft und geh\u00f6ren zum Gro\u00dfteil einer der beiden gro\u00dfen christlichen Kirchen an. Gemeinden vor Ort F\u00fcr unsere Ordensarbeit in den Komtureien des Deutschen Tempelherren-Orden kooperieren wir mit verschiedenen Kirchengemeinden vor Ort bei denen\u2026 Artikel lesen","og_url":"https:\/\/tempelherrenorden.de\/cms\/netzwerk\/","og_site_name":"Deutscher Tempelherren-Orden","article_publisher":"https:\/\/www.facebook.com\/Deutscher-Tempelherren-Orden-OMCT-2054469481490772\/","article_modified_time":"2021-09-23T12:17:34+00:00","og_image":[{"url":"http:\/\/w2.vatican.va\/etc\/designs\/vatican\/library\/clientlibs\/themes\/homepage_popes\/images\/icona.png","type":"","width":"","height":""}],"twitter_card":"summary_large_image","twitter_misc":{"Gesch\u00e4tzte Lesezeit":"5\u00a0Minuten"},"schema":{"@context":"https:\/\/schema.org","@graph":[{"@type":"WebPage","@id":"https:\/\/tempelherrenorden.de\/cms\/netzwerk\/","url":"https:\/\/tempelherrenorden.de\/cms\/netzwerk\/","name":"Netzwerk &#8226; Deutscher Tempelherren-Orden","isPartOf":{"@id":"https:\/\/tempelherrenorden.de\/cms\/#website"},"primaryImageOfPage":{"@id":"https:\/\/tempelherrenorden.de\/cms\/netzwerk\/#primaryimage"},"image":{"@id":"https:\/\/tempelherrenorden.de\/cms\/netzwerk\/#primaryimage"},"thumbnailUrl":"http:\/\/w2.vatican.va\/etc\/designs\/vatican\/library\/clientlibs\/themes\/homepage_popes\/images\/icona.png","datePublished":"2019-09-29T20:10:59+00:00","dateModified":"2021-09-23T12:17:34+00:00","breadcrumb":{"@id":"https:\/\/tempelherrenorden.de\/cms\/netzwerk\/#breadcrumb"},"inLanguage":"de","potentialAction":[{"@type":"ReadAction","target":["https:\/\/tempelherrenorden.de\/cms\/netzwerk\/"]}]},{"@type":"ImageObject","inLanguage":"de","@id":"https:\/\/tempelherrenorden.de\/cms\/netzwerk\/#primaryimage","url":"http:\/\/w2.vatican.va\/etc\/designs\/vatican\/library\/clientlibs\/themes\/homepage_popes\/images\/icona.png","contentUrl":"http:\/\/w2.vatican.va\/etc\/designs\/vatican\/library\/clientlibs\/themes\/homepage_popes\/images\/icona.png"},{"@type":"BreadcrumbList","@id":"https:\/\/tempelherrenorden.de\/cms\/netzwerk\/#breadcrumb","itemListElement":[{"@type":"ListItem","position":1,"name":"Startseite","item":"https:\/\/tempelherrenorden.de\/cms\/"},{"@type":"ListItem","position":2,"name":"Netzwerk"}]},{"@type":"WebSite","@id":"https:\/\/tempelherrenorden.de\/cms\/#website","url":"https:\/\/tempelherrenorden.de\/cms\/","name":"Deutscher Tempelherren-Orden","description":"","publisher":{"@id":"https:\/\/tempelherrenorden.de\/cms\/#organization"},"potentialAction":[{"@type":"SearchAction","target":{"@type":"EntryPoint","urlTemplate":"https:\/\/tempelherrenorden.de\/cms\/?s={search_term_string}"},"query-input":{"@type":"PropertyValueSpecification","valueRequired":true,"valueName":"search_term_string"}}],"inLanguage":"de"},{"@type":"Organization","@id":"https:\/\/tempelherrenorden.de\/cms\/#organization","name":"Deutscher Tempelherren-Orden OMCT e.V.","url":"https:\/\/tempelherrenorden.de\/cms\/","logo":{"@type":"ImageObject","inLanguage":"de","@id":"https:\/\/tempelherrenorden.de\/cms\/#\/schema\/logo\/image\/","url":"https:\/\/i0.wp.com\/tempelherrenorden.de\/cms\/wp-content\/uploads\/2018\/01\/OMCT-Wappen.jpg?fit=997%2C1198&ssl=1","contentUrl":"https:\/\/i0.wp.com\/tempelherrenorden.de\/cms\/wp-content\/uploads\/2018\/01\/OMCT-Wappen.jpg?fit=997%2C1198&ssl=1","width":997,"height":1198,"caption":"Deutscher Tempelherren-Orden OMCT e.V."},"image":{"@id":"https:\/\/tempelherrenorden.de\/cms\/#\/schema\/logo\/image\/"},"sameAs":["https:\/\/www.facebook.com\/Deutscher-Tempelherren-Orden-OMCT-2054469481490772\/"]}]}},"jetpack_shortlink":"https:\/\/wp.me\/P5yQvL-VA","jetpack_sharing_enabled":true,"_links":{"self":[{"href":"https:\/\/tempelherrenorden.de\/cms\/wp-json\/wp\/v2\/pages\/3570","targetHints":{"allow":["GET"]}}],"collection":[{"href":"https:\/\/tempelherrenorden.de\/cms\/wp-json\/wp\/v2\/pages"}],"about":[{"href":"https:\/\/tempelherrenorden.de\/cms\/wp-json\/wp\/v2\/types\/page"}],"author":[{"embeddable":true,"href":"https:\/\/tempelherrenorden.de\/cms\/wp-json\/wp\/v2\/users\/10"}],"replies":[{"embeddable":true,"href":"https:\/\/tempelherrenorden.de\/cms\/wp-json\/wp\/v2\/comments?post=3570"}],"version-history":[{"count":7,"href":"https:\/\/tempelherrenorden.de\/cms\/wp-json\/wp\/v2\/pages\/3570\/revisions"}],"predecessor-version":[{"id":4689,"href":"https:\/\/tempelherrenorden.de\/cms\/wp-json\/wp\/v2\/pages\/3570\/revisions\/4689"}],"wp:attachment":[{"href":"https:\/\/tempelherrenorden.de\/cms\/wp-json\/wp\/v2\/media?parent=3570"}],"curies":[{"name":"wp","href":"https:\/\/api.w.org\/{rel}","templated":true}]}}